{"id":3013,"date":"2023-04-12T10:04:34","date_gmt":"2023-04-12T08:04:34","guid":{"rendered":"https:\/\/tcf.gdu.edu.az\/?page_id=3013"},"modified":"2023-04-12T10:06:04","modified_gmt":"2023-04-12T08:06:04","slug":"%c9%99liyev-ramin-ramiz-oglu","status":"publish","type":"page","link":"http:\/\/tcf.gdu.edu.az\/?page_id=3013","title":{"rendered":"\u018fL\u0130YEV RAM\u0130N RAM\u0130Z O\u011eLU"},"content":{"rendered":"\n<figure class=\"wp-block-image size-full\"><a href=\"https:\/\/tcf.gdu.edu.az\/wp-content\/uploads\/2023\/04\/Ramin-Aliyev.jpg\"><img loading=\"lazy\" decoding=\"async\" width=\"260\" height=\"352\" src=\"https:\/\/tcf.gdu.edu.az\/wp-content\/uploads\/2023\/04\/Ramin-Aliyev.jpg\" alt=\"\" class=\"wp-image-3014\" srcset=\"http:\/\/tcf.gdu.edu.az\/wp-content\/uploads\/2023\/04\/Ramin-Aliyev.jpg 260w, http:\/\/tcf.gdu.edu.az\/wp-content\/uploads\/2023\/04\/Ramin-Aliyev-222x300.jpg 222w\" sizes=\"auto, (max-width: 260px) 100vw, 260px\" \/><\/a><\/figure>\n\n\n\n<div class=\"wp-block-group has-black-color has-text-color\" style=\"font-size:14px\"><div class=\"wp-block-group__inner-container is-layout-constrained wp-block-group-is-layout-constrained\">\n<p>G\u0259nc\u0259 D\u00f6vl\u0259t Universitetinin Sosial f\u0259nl\u0259r kafedras\u0131n\u0131n m\u00fc\u0259llimi<\/p>\n\n\n\n<p>Tel.: + 994(050) 351-62-23<\/p>\n\n\n\n<p>Email: <a href=\"mailto:raminlev@gmail.com\">raminlev@gmail.com<\/a><\/p>\n\n\n\n<p><strong>QISA B\u0130OQRAF\u0130K M\u018fLUMAT<\/strong><\/p>\n\n\n\n<ul class=\"wp-block-list\">\n<li>27.04.1978-ci ild\u0259 K\u0259lb\u0259c\u0259r rayonunda anadan olmu\u015fdur.<\/li>\n<\/ul>\n\n\n\n<p><strong>T\u018fHS\u0130L V\u018f ELM\u0130 D\u018fR\u018fC\u018f ELM\u0130 ADLARI<\/strong><\/p>\n\n\n\n<ul class=\"wp-block-list\">\n<li>1995-1999-cu ill\u0259rd\u0259 Bak\u0131 D\u00f6vl\u0259t Universitetinin \u201cBeyn\u0259lxalq m\u00fcnasib\u0259tl\u0259r v\u0259 beyn\u0259lxalq h\u00fcquq\u201d fak\u00fclt\u0259sini bitirmi\u015f v\u0259 h\u00fcquq\u015f\u00fcnasl\u0131q ixtisas\u0131 \u00fczr\u0259 bakalavr d\u0259r\u0259c\u0259si alm\u0131\u015fd\u0131r.<\/li>\n\n\n\n<li>1999-2001-ci ill\u0259rd\u0259 Bak\u0131 D\u00f6vl\u0259t Universitetinin \u201cBeyn\u0259lxalq m\u00fcnasib\u0259tl\u0259r v\u0259 beyn\u0259lxalq h\u00fcquq\u201d fak\u00fclt\u0259sinin magistraturas\u0131n\u0131 bitirmi\u015f, \u201cBeyn\u0259lxalq h\u00fcquqda t\u0259cav\u00fcz problemi\u201d m\u00f6vzusunda magistr dissertasiyas\u0131n\u0131 m\u00fcdafi\u0259 etmi\u015f&nbsp; v\u0259 h\u00fcquq\u015f\u00fcnasl\u0131q ixtisas\u0131 \u00fczr\u0259 magistr d\u0259r\u0259c\u0259si alm\u0131\u015fd\u0131r.<\/li>\n\n\n\n<li>2014-2016-c\u0131 ill\u0259rd\u0259 Bel\u00e7ika Krall\u0131\u011f\u0131nda L\u00f6vn Katolik Universitetinin (KU Leuven) \u201cC\u0259miyy\u0259t, h\u00fcquq v\u0259 din\u201d proqram\u0131 \u00fczr\u0259 magistraturas\u0131n\u0131 bitirmi\u015f, \u201cKanon h\u00fcququnda mediasiya\u201d m\u00f6vzusunda magistr dissertasiyas\u0131n\u0131 m\u00fcdafi\u0259 etmi\u015f&nbsp; v\u0259 magistr d\u0259r\u0259c\u0259si alm\u0131\u015fd\u0131r.<\/li>\n<\/ul>\n\n\n\n<p><strong>\u018fM\u018fK F\u018fAL\u0130YY\u018fT\u0130<\/strong><\/p>\n\n\n\n<ul class=\"wp-block-list\">\n<li>2001-ci ild\u0259 Az\u0259rbaycan Respublikas\u0131n\u0131n M\u0259d\u0259niyy\u0259t Nazirliyinin \u201cTarix v\u0259 m\u0259d\u0259niyy\u0259t abid\u0259l\u0259rinin m\u00fchafiz\u0259si, b\u0259rpas\u0131 v\u0259 qorunmas\u0131\u201d Ba\u015f \u0130dar\u0259sind\u0259 m\u00fct\u0259x\u0259ssis v\u0259zif\u0259sind\u0259 \u0259m\u0259k f\u0259aliyy\u0259tin\u0259 ba\u015flam\u0131\u015fd\u0131r.<\/li>\n\n\n\n<li>2002-ci ild\u0259 \u201cQ\u0259rb\u201d Universitetinin H\u00fcquq fak\u00fclt\u0259sind\u0259 m\u00fc\u0259llim olaraq pedaqoji f\u0259aliyy\u0259t\u0259 ba\u015flam\u0131\u015fd\u0131r.<\/li>\n\n\n\n<li>2003-2007-ci ill\u0259rd\u0259 Az\u0259rbaycan Respublikas\u0131n\u0131n Milli T\u0259hl\u00fck\u0259sizlik Nazirliyind\u0259 h\u0259rbi xidm\u0259t ke\u00e7mi\u015fdir.<\/li>\n\n\n\n<li>2004-2005-ci ill\u0259r \u0259rzind\u0259 Avropa \u015euras\u0131n\u0131n \u201cTerror\u00e7uluqla m\u00fcbariz\u0259 \u00fczr\u0259 Ekspertl\u0259r Komit\u0259si\u201dnin v\u0259 h\u0259min komit\u0259nin b\u00fcrosunun \u00fczv\u00fc olmu\u015fdur.<\/li>\n\n\n\n<li>2007-2010-cu ill\u0259rd\u0259 yazarl\u0131q v\u0259 t\u0259rc\u00fcm\u0259\u00e7ilikl\u0259, habel\u0259 Az\u0259rbaycanda, q\u0131sa m\u00fcdd\u0259t \u0259rzind\u0259 is\u0259, Rusiya v\u0259 Ukraynada tikinti sah\u0259sind\u0259 ki\u00e7ik biznesl\u0259 m\u0259\u015f\u011ful olmu\u015fudur.<\/li>\n\n\n\n<li>2011-ci ilin may ay\u0131ndan 2014-c\u00fc ilin fevral ay\u0131nad\u0259k L\u0259nk\u0259ran \u015f\u0259h\u0259rind\u0259 \u201cNippon KOE\u0130 Consultancy\u201d \u015firk\u0259tind\u0259 t\u0259rc\u00fcm\u0259\u00e7i v\u0259zif\u0259sind\u0259 \u00e7al\u0131\u015fm\u0131\u015fd\u0131r.<\/li>\n\n\n\n<li>2015-2017-ci ill\u0259rd\u0259 \u201cQ\u0259rb\u201d Universitetind\u0259 m\u00fc\u0259llim v\u0259zif\u0259sind\u0259 i\u015fl\u0259mi\u015fdir.<\/li>\n\n\n\n<li>2015-2017-ci ill\u0259rd\u0259 Bak\u0131 D\u00f6vl\u0259t Universitetind\u0259 saat hesab\u0131 \u0259saslarla m\u00fc\u0259llim v\u0259zif\u0259sind\u0259 i\u015fl\u0259mi\u015fdir.<\/li>\n\n\n\n<li>2018-ci ild\u0259n etibar\u0259n G\u0259nc\u0259 D\u00f6vl\u0259t Universitetinin, Tarix-Co\u011frafiya fak\u00fclt\u0259sinin Sosial f\u0259nl\u0259r kafedras\u0131n\u0131n m\u00fc\u0259llimidir.<\/li>\n\n\n\n<li>Bakalavr pill\u0259sind\u0259 Az\u0259rbaycan Respublikas\u0131n\u0131n Konstitusiyas\u0131 v\u0259 H\u00fcququn \u018fsaslar\u0131, Qloballa\u015fma v\u0259 Beyn\u0259lxalq Sosial \u0130\u015f, \u0130nsan \u0130nki\u015faf\u0131n\u0131n \u018fsaslar\u0131, Milli T\u0259hl\u00fck\u0259sizlik v\u0259 s. f\u0259nl\u0259rini t\u0259dris edir.<\/li>\n<\/ul>\n\n\n\n<p><strong>M\u018fQAL\u018fL\u018fR\u0130<\/strong><\/p>\n\n\n\n<ol class=\"wp-block-list\" type=\"1\">\n<li>\u201cBeyn\u0259lxalq terror\u00e7uluq: yeni tendensiyalar v\u0259 beyn\u0259lxalq \u0259m\u0259kda\u015fl\u0131q sah\u0259sind\u0259 probleml\u0259r\u201d&nbsp;\/\/ Beyn\u0259lxalq h\u00fcquq v\u0259 inteqrasiya probleml\u0259ri jurnal\u0131, \u2116 1 (5), 2006, s. 137-144.<\/li>\n\n\n\n<li>\u201cFreedom of Religion and Belief (FoRB) in Azerbaijan: current legal regime, contemporary challenges and safeguards\u201d\/\/ International Law and Integration Problems, 2019, \u21161 (56), pp.65-72.<\/li>\n\n\n\n<li>\u201cBeyn\u0259lxalq h\u00fcquqda t\u0259cav\u00fcz anlay\u0131\u015f\u0131\u201d\/\/ G\u0259nc\u0259 D\u00f6vl\u0259t Universitetinin Elmi X\u0259b\u0259rl\u0259r Jurnal\u0131. 2019. \u2116 2, s. 190-194.<\/li>\n\n\n\n<li>\u201cII Qaraba\u011f m\u00fcharib\u0259sinin beyn\u0259lxalq-h\u00fcquqi aspektl\u0259ri\u201d\/\/Az\u0259rbaycan H\u00fcquq Jurnal\u0131. 2022. \u2116 1, s. 85-93.<\/li>\n\n\n\n<li><em>\u201c<\/em>S\u0259naye inqilab\u0131 d\u00f6vr\u00fcnd\u0259 h\u00fcququn t\u0259drisinin artmaqda olan \u0259h\u0259miyy\u0259ti\u201d\/\/ \u201cYeni d\u00f6vrd\u0259 t\u0259hsil v\u0259 t\u0259dqiqat f\u0259aliyy\u0259ti&nbsp;: reall\u0131qlar v\u0259 \u00e7a\u011f\u0131r\u0131\u015flar\u201d m\u00f6vzusunda beyn\u0259lxalq elmi konfrans\u0131n materiallar\u0131. Ming\u0259\u00e7evir D\u00f6vl\u0259t Universiteti, 16-17 dekabr 2022-ci il, I cild, s. 553-555.<\/li>\n<\/ol>\n\n\n\n<p><strong>K\u0130TABLARI<\/strong><\/p>\n\n\n\n<ul class=\"wp-block-list\">\n<li>Ramin Lev Aliyev, <em>Mediation in Canon Law<\/em>, Amazon Kindle Direct Publishing | Self Publishing. 2021. 1st edition (January 6, 2021), ISBN-13: \u200e 979-8591937492. Print length: 134 pages.<\/li>\n\n\n\n<li>Ramin Lev Aliyev, The Right to Life VS. the Right to Death, Kindle Direct Publishing; 1st edition (February 20, 2018). ASIN: \u200e B079YSNSNB. Print length: 19 pages.<\/li>\n\n\n\n<li>Ramin Lev Aliyev, Ten Stories to Develop a Legal Mind (Collection of short essays and articles). Kindle Direct Publishing; 1st edition (February 21, 2018). ASIN: \u200e B079ZBVG6D. Print length: 115 pages.<\/li>\n<\/ul>\n\n\n\n<p><strong>M\u00dc\u018fLL\u0130F\u0130 OLDU\u011eU T\u018fDR\u0130S PROQRAMLARI<\/strong><\/p>\n\n\n\n<ul class=\"wp-block-list\">\n<li>\u201cQa\u00e7q\u0131n v\u0259 M\u0259cburi K\u00f6\u00e7k\u00fcnl\u0259rl\u0259 Sosial \u0130\u015f\u201d kursu \u00fczr\u0259 ali t\u0259hsilin bakalavr pill\u0259si \u00fc\u00e7\u00fcn f\u0259nn proqram\u0131. \u018fmr Tarixi: 17\/02\/2020. Qrif No: 5\/41. 22 s\u0259h. H\u0259mm\u00fc\u0259llif dos. A. M\u0259mm\u0259dov.<\/li>\n<\/ul>\n<\/div><\/div>\n","protected":false},"excerpt":{"rendered":"<p>G\u0259nc\u0259 D\u00f6vl\u0259t Universitetinin Sosial f\u0259nl\u0259r kafedras\u0131n\u0131n m\u00fc\u0259llimi Tel.: + 994(050) 351-62-23 Email: raminlev@gmail.com QISA B\u0130OQRAF\u0130K M\u018fLUMAT T\u018fHS\u0130L V\u018f ELM\u0130 D\u018fR\u018fC\u018f ELM\u0130 ADLARI \u018fM\u018fK F\u018fAL\u0130YY\u018fT\u0130 M\u018fQAL\u018fL\u018fR\u0130 K\u0130TABLARI M\u00dc\u018fLL\u0130F\u0130 OLDU\u011eU T\u018fDR\u0130S PROQRAMLARI<\/p>\n","protected":false},"author":1,"featured_media":3014,"parent":0,"menu_order":0,"comment_status":"closed","ping_status":"closed","template":"","meta":{"footnotes":""},"categories":[37],"tags":[],"class_list":["post-3013","page","type-page","status-publish","has-post-thumbnail","hentry","category-sosial-fnnlr-kadrlar"],"_links":{"self":[{"href":"http:\/\/tcf.gdu.edu.az\/index.php?rest_route=\/wp\/v2\/pages\/3013","targetHints":{"allow":["GET"]}}],"collection":[{"href":"http:\/\/tcf.gdu.edu.az\/index.php?rest_route=\/wp\/v2\/pages"}],"about":[{"href":"http:\/\/tcf.gdu.edu.az\/index.php?rest_route=\/wp\/v2\/types\/page"}],"author":[{"embeddable":true,"href":"http:\/\/tcf.gdu.edu.az\/index.php?rest_route=\/wp\/v2\/users\/1"}],"replies":[{"embeddable":true,"href":"http:\/\/tcf.gdu.edu.az\/index.php?rest_route=%2Fwp%2Fv2%2Fcomments&post=3013"}],"version-history":[{"count":1,"href":"http:\/\/tcf.gdu.edu.az\/index.php?rest_route=\/wp\/v2\/pages\/3013\/revisions"}],"predecessor-version":[{"id":3015,"href":"http:\/\/tcf.gdu.edu.az\/index.php?rest_route=\/wp\/v2\/pages\/3013\/revisions\/3015"}],"wp:featuredmedia":[{"embeddable":true,"href":"http:\/\/tcf.gdu.edu.az\/index.php?rest_route=\/wp\/v2\/media\/3014"}],"wp:attachment":[{"href":"http:\/\/tcf.gdu.edu.az\/index.php?rest_route=%2Fwp%2Fv2%2Fmedia&parent=3013"}],"wp:term":[{"taxonomy":"category","embeddable":true,"href":"http:\/\/tcf.gdu.edu.az\/index.php?rest_route=%2Fwp%2Fv2%2Fcategories&post=3013"},{"taxonomy":"post_tag","embeddable":true,"href":"http:\/\/tcf.gdu.edu.az\/index.php?rest_route=%2Fwp%2Fv2%2Ftags&post=3013"}],"curies":[{"name":"wp","href":"https:\/\/api.w.org\/{rel}","templated":true}]}}