{"id":3381,"date":"2024-03-27T11:51:30","date_gmt":"2024-03-27T09:51:30","guid":{"rendered":"https:\/\/tcf.gdu.edu.az\/?page_id=3381"},"modified":"2025-04-09T19:00:09","modified_gmt":"2025-04-09T17:00:09","slug":"3381-2","status":"publish","type":"page","link":"http:\/\/tcf.gdu.edu.az\/?page_id=3381","title":{"rendered":""},"content":{"rendered":"\n<p><strong>Cavadov Asif \u015e\u0259mil o\u011flu<\/strong><\/p>\n\n\n\n<p><em>Tarix elml\u0259ri namiz\u0259di, dosent&nbsp;<\/em><\/p>\n\n\n\n<figure class=\"wp-block-image size-full is-resized\"><a href=\"https:\/\/tcf.gdu.edu.az\/wp-content\/uploads\/2024\/03\/image.png\"><img loading=\"lazy\" decoding=\"async\" width=\"182\" height=\"187\" src=\"https:\/\/tcf.gdu.edu.az\/wp-content\/uploads\/2024\/03\/image.png\" alt=\"\" class=\"wp-image-3382\" style=\"width:182px;height:187px\"\/><\/a><\/figure>\n\n\n\n<p><strong>QISA B\u0130OQRAF\u0130K M\u018fLUMAT<\/strong><\/p>\n\n\n\n<ul class=\"wp-block-list\">\n<li>1953-c\u00fc ild\u0259&nbsp;&nbsp; avqustun 1-d\u0259 Beyl\u0259qanda anadan olmu\u015fdur<\/li>\n<\/ul>\n\n\n\n<p><strong>T\u018fHS\u0130L\u0130 V\u018f ELM\u0130 D\u018fR\u018fC\u018f ADLARI<\/strong><\/p>\n\n\n\n<ul class=\"wp-block-list\">\n<li>1969-cu ild\u0259 KDPU tarix fakult\u0259sin\u0259 daxil olmu\u015fdur<\/li>\n\n\n\n<li>1973-c\u00fc ild\u0259 f\u0259rql\u0259nm\u0259 diplomu il\u0259 bitirmi\u015fdir.<\/li>\n\n\n\n<li>1985-ci ild\u0259 \u201cF\u0259hl\u0259 g\u0259ncl\u0259rin ideya-siyasi t\u0259rbiy\u0259sind\u0259 kommunist partiyas\u0131n\u0131n rolu\u201d adl\u0131&nbsp; m\u00f6vzusunda dissertasiya m\u00fcdafi\u0259 etmi\u015f v\u0259 tarix elml\u0259ri namiz\u0259di elmi d\u0259r\u0259c\u0259si alm\u0131\u015fd\u0131r.<\/li>\n<\/ul>\n\n\n\n<p><strong>\u018fM\u018fK F\u018fAL\u0130YY\u018fT\u0130<\/strong><\/p>\n\n\n\n<ul class=\"wp-block-list\">\n<li>1973-1976-c\u0131 ill\u0259rd\u0259&nbsp; Beyl\u0259qan t\u0259z\u0259 k\u0259nd m\u0259kt\u0259bind\u0259 t\\ict m\u00fc\u0259llimi<\/li>\n\n\n\n<li>1976-c\u0131 ild\u0259 AP\u0130 Kirovabad filial\u0131nda laborant,ba\u015f laborant,kabin\u0259 m\u00fcd\u00fcri<\/li>\n\n\n\n<li>1979 \u2013cu ild\u0259 Cingiz \u0130ld\u0131r\u0131m ad\u0131na Az\u0259rbaycan Politexnik institutunun Kirovabad filial\u0131nda m\u00fc\u0259llim<\/li>\n\n\n\n<li>1981-ci ild\u0259 ba\u015f m\u00fc\u0259llim<\/li>\n\n\n\n<li>1985-1990-c\u0131 ill\u0259rd\u0259 Texnologiya \u0130nistitutunun partiya&nbsp; komit\u0259 katibi<\/li>\n\n\n\n<li>1990-2003-c\u00fc il\u0259rd\u0259 Az\u0259rbaycan Texnologiya Universitetind\u0259 Tarix kafedras\u0131n\u0131n m\u00fcdiri<\/li>\n\n\n\n<li>2005-ci ild\u0259&nbsp; Az\u0259rbaycan tarixi kafedras\u0131n\u0131n dosenti&nbsp; h\u0259m\u00e7inin GDU-nun T\u0259lim \u2013 t\u0259rbiy\u0259 i\u015fl\u0259ri \u00fczr\u0259 prorektor<\/li>\n\n\n\n<li>2006 -2011-ci ill\u0259rd\u0259 Az\u0259rbaycan tarixi kafedras\u0131nda m\u00fcdir<\/li>\n\n\n\n<li>2007 -2013-ci ill\u0259rd\u0259 G\u0259nc\u0259 D\u00f6vl\u0259t Universitetind\u0259 T\u0259rbiy\u0259 i\u015fl\u0259ri \u00fczr\u0259 prorktor<\/li>\n\n\n\n<li>2014-c\u00fc il aprelin 17-d\u0259n&nbsp; G\u0259nc\u0259 D\u00f6vl\u0259t Universitetind\u0259 Ba\u015f m\u00fc\u015favir i\u015fl\u0259yir.<\/li>\n<\/ul>\n\n\n\n<p><strong>T\u018fDQ\u0130QAT SAH\u018fS\u0130<\/strong><\/p>\n\n\n\n<ul class=\"wp-block-list\">\n<li>T\u0259dqiqat obyekti Az\u0259rbaycan tarixinin XX \u0259srin \u0259vv\u0259li d\u00f6vr\u00fcd\u00fcr.<\/li>\n<\/ul>\n\n\n\n<p><strong>BEYN\u018fLXALQ SEM\u0130NAR, S\u0130MPOZ\u0130UM V\u018f KONFRANSLARDA \u0130\u015eT\u0130RAKI<\/strong><\/p>\n\n\n\n<p>\u2022&nbsp;&nbsp;&nbsp; 11-15 mart 1999-cu il \u201cQ\u0259dim tarix abid\u0259l\u0259rin t\u0259dqiqi v\u0259 qorunmas\u0131n\u0131n aktual probleml\u0259ri konfrans\u0131\u201d T\u0259briz, \u0130ran<\/p>\n\n\n\n<p>\u2022&nbsp;&nbsp;&nbsp; 24-26 may 2008-ci il Az\u0259rbaycan Xalq C\u00fcmhuriyy\u0259tinin 90 illiyi il\u0259 ba\u011fl\u0131 Beyn\u0259lxalq konfrans, G\u0259nc\u0259 Az\u0259rbaycan<\/p>\n\n\n\n<p>\u2022&nbsp;&nbsp;&nbsp; 25-29 dekabr 2009-cu il Bakalavr t\u0259hsil sisteminin t\u0259t\u0259biqi yollar\u0131 v\u0259 metodlar\u0131\u201d na h\u0259sr edilmi\u015f Beyn\u0259lxalq simpozium, Vilnus, Litva<\/p>\n\n\n\n<p><strong>SE\u00c7\u0130LM\u0130\u015e \u018fS\u018fRL\u018fR\u0130<\/strong><\/p>\n\n\n\n<ul class=\"wp-block-list\">\n<li>Yurdumuzun Ulu yadigarlar\u0131 G\u0259nc\u0259 2001<\/li>\n\n\n\n<li>Az\u0259rbaycan XVI-XVIII \u0259srin birinci yar\u0131s\u0131nda. G\u0259nc\u0259 2008<\/li>\n\n\n\n<li>H. \u018fliyev v\u0259 milli etnik d\u0259y\u0259rl\u0259r G\u0259nc\u0259 2009<\/li>\n\n\n\n<li>Heyd\u0259r \u018fliyev m\u00fcst\u0259qil Az\u0259rbaycan d\u00f6vl\u0259t quruculu\u011funun dahi n\u0259z\u0259riyy\u0259\u00e7isi v\u0259 praktikidir, Heyd\u0259r \u018fliyev Az\u0259rbaycan, G\u0259nc\u0259, Bak\u0131 \u201c Nurlan\u201d Bak\u0131 2009<\/li>\n\n\n\n<li>Xocal\u0131 soyq\u0131r\u0131m\u0131n\u0131n d\u00fcnya ictimaiyy\u0259tin\u0259 \u00e7atd\u0131r\u0131lmas\u0131nda Heyd\u0259r \u018fliyev fondunun f\u0259aliyy\u0259ti, G\u0259nc\u0259, 2015-ci il<\/li>\n<\/ul>\n\n\n\n<p><br><strong>MONOQRAF\u0130YA D\u018fRSL\u0130K V\u018f D\u018fRS V\u018fSA\u0130TL\u018fR\u0130<\/strong><\/p>\n\n\n\n<p><br>\u2022 Az\u0259rbaycan \u015f\u0259rq-q\u0259rb ip\u0259k yolunuun m\u0259rk\u0259zidir. D\u0259rs v\u0259saiti G\u0259nc\u0259-200,90 s.<\/p>\n\n\n\n<p>\u2022 Az\u0259rbaycan XV-XVIII \u0259srin birinci yar\u0131s\u0131nda d\u0259rs v\u0259saiti G\u0259nc\u0259-2008 191s.<br>\u2022 Heyd\u0259r \u018fliyev t\u0259r\u0259find\u0259n m\u00fcst\u0259qil Az\u0259rbaycan Respublikas\u0131nda milli m\u0259n\u0259vi d\u0259y\u0259rl\u0259rin inki\u015faf\u0131 monoqrafiya, G\u0259nc\u0259-2009,106 s.<\/p>\n\n\n\n<p><strong>Usenov F\u0259xr\u0259ddin Eyib o\u011flu<\/strong><\/p>\n\n\n\n<figure class=\"wp-block-image size-full\"><a href=\"https:\/\/tcf.gdu.edu.az\/wp-content\/uploads\/2024\/03\/image-1.png\"><img loading=\"lazy\" decoding=\"async\" width=\"151\" height=\"189\" src=\"https:\/\/tcf.gdu.edu.az\/wp-content\/uploads\/2024\/03\/image-1.png\" alt=\"\" class=\"wp-image-3383\"\/><\/a><\/figure>\n\n\n\n<p><em>&nbsp;Tarix elml\u0259ri namiz\u0259di, dosent<\/em><\/p>\n\n\n\n<p><em>&nbsp;GDU-nun Az\u0259rbaycan tarixi kafedras\u0131n\u0131n m\u00fc\u0259llimi<\/em><\/p>\n\n\n\n<p><em>Telefon: <\/em><em>050-727-17-53<\/em><\/p>\n\n\n\n<p><em>E-mail:<\/em> <a href=\"mailto:fexreddinuse46@gmail.com\"><em>fexreddinuse46@gmail.com<\/em><\/a><\/p>\n\n\n\n<p><strong>QISA B\u0130OQRAFIK M\u018fLUMAT<\/strong><\/p>\n\n\n\n<ul class=\"wp-block-list\">\n<li>1946-c\u0131 il aprelin 3-d\u0259 Q\u0259rbi Az\u0259rbaycan (ke\u00e7mi\u015f Erm\u0259nistan SSR-in) Qaraba\u011flar (ki\u00e7ik Vedi) rayonunun Yellic\u0259 k\u0259ndind\u0259 kolxoz\u00e7u ail\u0259sind\u0259 anadan olmu\u015fdur.<\/li>\n\n\n\n<li>1948-ci ild\u0259 Az\u0259rbaycan Respublikas\u0131n\u0131n G\u0259nc\u0259 (ke\u00e7mi\u015f Kirovabad) \u015f\u0259h\u0259rin\u0259 k\u00f6\u00e7m\u00fc\u015fd\u00fcr.<\/li>\n\n\n\n<li>1954-1963-c\u00fc ill\u0259rd\u0259 Kirovabad \u015f\u0259h\u0259ri M.\u018fzizb\u0259yov ad\u0131na 15 n\u00f6mr\u0259li m\u0259kt\u0259i bitirmi\u015fdir.<\/li>\n<\/ul>\n\n\n\n<p><strong>T\u018fHS\u0130L\u0130 V\u018f ELM\u0130 D\u018fR\u018fC\u018f ADLARI<\/strong><\/p>\n\n\n\n<ul class=\"wp-block-list\">\n<li>1965-ci ild\u0259 Kirovabad Politexnik texnikumunu bitirmi\u015fdir<\/li>\n\n\n\n<li>1969-cu ild\u0259 H.Z\u0259rdabi ad\u0131na Kirovabad D\u00f6vl\u0259t Pedoqoji \u0130nstitutunun Tarix fak\u00fclt\u0259sini bitirmi\u015fdir.<\/li>\n\n\n\n<li>1986-c\u0131 ild\u0259 Az\u0259rbaycan SSR Elml\u0259r Akademiyas\u0131n\u0131n Tarix \u0130nstitutunda \u201cErm\u0259nistan v\u0259 G\u00fcrc\u00fcstan z\u0259hm\u0259tke\u015fl\u0259rinin Sovet hakimiyy\u0259tinin qurulmas\u0131 u\u011frunda m\u00fcbariz\u0259sin\u0259 Az\u0259rbaycan SSR-in qarda\u015fl\u0131q k\u00f6m\u0259kliyi 1920-1921-ci ill\u0259r\u201d m\u00f6vzusunda namiz\u0259dlik dissertasiyas\u0131 m\u00fcdafi\u0259 etmi\u015fdir. Tarix elml\u0259ri namiz\u0259di, dosentdir.<\/li>\n\n\n\n<li>\u00dc\u00e7 monoqrafiyan\u0131n, bir t\u00f6vsiyy\u0259nin, bir metodik v\u0259saitin, d\u00f6rd d\u0259rs proqram\u0131n\u0131n v\u0259 bir \u00e7ox m\u0259qal\u0259nin m\u00fc\u0259llifidir.<\/li>\n<\/ul>\n\n\n\n<p><strong>\u018fM\u018fK F\u018fAL\u0130YY\u018fT\u0130<\/strong><\/p>\n\n\n\n<ul class=\"wp-block-list\">\n<li>1969-1981-ci ill\u0259rd\u0259 Az\u0259rbaycan SSR Maarif Nazirliyinin t\u0259yinat\u0131 \u00fczr\u0259 Sabirabad rayonunda (\u00c7\u00f6lbe\u015fd\u0259li, Qara\u011fac, Qarasu k\u0259ndl\u0259rind\u0259) m\u00fc\u0259llim i\u015fl\u0259mi\u015fdir.<\/li>\n\n\n\n<li>1981-1982-ci ill\u0259rd\u0259 Kirovabad \u015f\u0259h\u0259ri 15 n\u00f6mr\u0259li Texniki pe\u015f\u0259 m\u0259kt\u0259bind\u0259 m\u00fc\u0259llim i\u015fl\u0259mi\u015fdir.<\/li>\n\n\n\n<li>1982-1983-c\u00fc ill\u0259rd\u0259 Kirovabad Y\u00fcng\u00fcl S\u0259naye texnikumunda m\u00fc\u0259llim i\u015fl\u0259mi\u015fdir.<\/li>\n\n\n\n<li>1983-1986-c\u0131 ill\u0259rd\u0259 Kirovabad \u015f\u0259h\u0259ri G\u0259nc\u0259 rayon \u201cBilik\u201d c\u0259miyy\u0259ti t\u0259\u015fkilat\u0131n\u0131n m\u0259sul katibi i\u015fl\u0259mi\u015fdir. \u0130kinci \u00e7a\u011f\u0131r\u0131\u015f G\u0259nc\u0259 RXD sovetinin deputat\u0131 se\u00e7ilmi\u015fdir.<\/li>\n\n\n\n<li>1986-1996-c\u0131 ill\u0259r \u201c\u015e\u0259r\u0259f Ni\u015fan\u201d\u0131 ordenli Az\u0259rbaycan K\u0259nd T\u0259s\u0259rr\u00fcfat\u0131 institutunda Sov. \u0130KN tarixi kafedras\u0131nda assent, m\u00fc\u0259llim, ba\u015f m\u00fc\u0259llim i\u015fl\u0259mi\u015fdir.<\/li>\n\n\n\n<li>1996-c\u0131 ild\u0259n 2004-c\u00fc il\u0259 kimi G\u0259nc\u0259 \u015f\u0259h\u0259ri K\u0259p\u0259z rayonundak\u0131 N\u0259simi ad\u0131na 44 n\u00f6mr\u0259li m\u0259kt\u0259bd\u0259 direktor i\u015fl\u0259mi\u015fdir.<\/li>\n\n\n\n<li>1997-ci ild\u0259 h\u0259min m\u0259kt\u0259bin bazas\u0131nda ingilis dili t\u0259may\u00fcll\u00fc \u201cBa\u011f\u00e7a-M\u0259kt\u0259b-Lisey\u201d kompleksi adl\u0131 yeni tipli t\u0259dris m\u00fc\u0259ssis\u0259si yaratm\u0131\u015f v\u0259 onun ilk direktoru olmu\u015fdur. 2004-c\u00fc ild\u0259 \u00f6z \u0259riz\u0259si il\u0259 h\u0259min v\u0259zif\u0259d\u0259n azad olunmu\u015fdur.<\/li>\n\n\n\n<li>2004-c\u00fc ild\u0259n GDU-nun Az\u0259rbaycan tarixi kafedras\u0131n\u0131n \u0259m\u0259kda\u015f\u0131d\u0131r.<\/li>\n\n\n\n<li>2007-2008-ci ill\u0259rd\u0259 Da\u015fk\u0259s\u0259n rayon T\u0259hsil \u015f\u00f6b\u0259sinin m\u00fcdiri v\u0259zif\u0259sind\u0259 \u00e7al\u0131\u015fm\u0131\u015fd\u0131r.<br><br><\/li>\n<\/ul>\n\n\n\n<p><strong>Ba\u011f\u0131rova Sevinc Ramiz q\u0131z\u0131<\/strong><\/p>\n\n\n\n<figure class=\"wp-block-image size-full is-resized\"><a href=\"https:\/\/tcf.gdu.edu.az\/wp-content\/uploads\/2024\/03\/image-2.png\"><img loading=\"lazy\" decoding=\"async\" width=\"151\" height=\"189\" src=\"https:\/\/tcf.gdu.edu.az\/wp-content\/uploads\/2024\/03\/image-2.png\" alt=\"\" class=\"wp-image-3384\" style=\"width:154px;height:193px\"\/><\/a><\/figure>\n\n\n\n<p>Tarix \u00fczr\u0259 f\u0259ls\u0259f\u0259 doktoru<\/p>\n\n\n\n<p>Az\u0259rbaycan tarixi kafedras\u0131n\u0131n dosenti<\/p>\n\n\n\n<p><em>Telefon: +994556627173<\/em><\/p>\n\n\n\n<p><em>E-mail:<\/em><em> seva.bagirova.1978@mail.ru<\/em><\/p>\n\n\n\n<p><strong>QISA B\u0130OQRAF\u0130K M\u018fLUMAT&nbsp;<\/strong><\/p>\n\n\n\n<ul class=\"wp-block-list\">\n<li>27 sentyabr 1978-ci ild\u0259 Bak\u0131 \u015f\u0259h\u0259rind\u0259 ziyal\u0131 ail\u0259sind\u0259 anadan olub. Ail\u0259lidir,<\/li>\n\n\n\n<li>2 \u00f6vlad\u0131 var. 2003-c\u00fc ild\u0259n YAP-\u0131n \u00fczv\u00fcd\u00fcr<strong><\/strong><\/li>\n<\/ul>\n\n\n\n<p><strong>T\u018fHS\u0130L\u0130, ELM\u0130 D\u018fR\u018fC\u018fS\u0130 V\u018f ELM\u0130 ADLARI<\/strong><\/p>\n\n\n\n<ul class=\"wp-block-list\">\n<li>1995-ci ild\u0259 G\u0259nc\u0259 \u015f\u0259h\u0259ri, 4 sayl\u0131 orta m\u0259kt\u0259bi bitirib.<\/li>\n\n\n\n<li>2000-ci ild\u0259 Az\u0259rbaycan D\u00f6vl\u0259t Pedaqoji Universitetinin Tarix fak\u00fclt\u0259sinin Tarix ixtisas\u0131 \u00fczr\u0259 bakalavr pill\u0259sini bitirib.<\/li>\n\n\n\n<li>2002-c\u00fc ild\u0259 G\u0259nc\u0259 D\u00f6vl\u0259t Universitetinin Magistatura \u015f\u00f6b\u0259sini \u201cAz\u0259rbaycan\u0131n yeni v\u0259 \u0259n yeni tarixi\u201d ixtisas\u0131n\u0131 f\u0259rql\u0259nm\u0259 il\u0259 bitirib.<\/li>\n\n\n\n<li>2006-ci ild\u0259n G\u0259nc\u0259 D\u00f6vl\u0259t Universitetind\u0259 07.00.02 \u201cV\u0259t\u0259n\u201d tarixi ixtisas\u0131 \u00fczr\u0259 dissertant&nbsp;<\/li>\n\n\n\n<li>2014-ci ild\u0259 Tarix \u00fczr\u0259 f\u0259ls\u0259f\u0259 doktoru elmi d\u0259r\u0259c\u0259si al\u0131b.<\/li>\n<\/ul>\n\n\n\n<p><strong>\u018fM\u018fK F\u018fAL\u0130YY\u018fT\u0130<\/strong><\/p>\n\n\n\n<ul class=\"wp-block-list\">\n<li>2004-2011-c\u00fc ill\u0259rd\u0259 G\u0259nc\u0259 D\u00f6vl\u0259t Universiteti, Az\u0259rbaycan tarixi kafedras\u0131,&nbsp; m\u00fc\u0259llim.<\/li>\n\n\n\n<li>2011-2016-ci ill\u0259rd\u0259 G\u0259nc\u0259 D\u00f6vl\u0259t Universiteti, Az\u0259rbaycan tarixi kafedras\u0131, ba\u015f m\u00fc\u0259llim.<\/li>\n\n\n\n<li>2016-2018-c\u00fc ill\u0259rd\u0259 G\u0259nc\u0259 D\u00f6vl\u0259t Universiteti, Az\u0259rbaycan tarixi kafedras\u0131, dosent \u0259v\u0259zi.<\/li>\n\n\n\n<li>2018-ci ild\u0259n G\u0259nc\u0259 D\u00f6vl\u0259t Universiteti, Az\u0259rbaycan tarixi kafedras\u0131, dosent<\/li>\n<\/ul>\n\n\n\n<p><strong>BEYN\u018fLXALQ SEM\u0130NAR, S\u0130MPOZ\u0130UM V\u018f KONFRANSLARDA \u0130\u015eT\u0130RAKI<\/strong><\/p>\n\n\n\n<ul class=\"wp-block-list\">\n<li>Erm\u0259ni m\u0259s\u0259l\u0259si b\u00f6y\u00fck d\u00f6vl\u0259tl\u0259rin siyasi t\u0259zyiq vasit\u0259si kimi \u201cUydurma erm\u0259ni syq\u0131r\u0131m\u0131: yalanlar, iftiralar. T\u00fcrk m\u00fcs\u0259lman soyq\u0131r\u0131m\u0131: faktlar, h\u0259qiq\u0259tl\u0259r\u201d. \u00dcmummilli Lider Heyd\u0259r \u018fliyevin anadan olmas\u0131n\u0131n 92-ci v\u0259 hakimiyy\u0259t\u0259 qay\u0131d\u0131\u015f\u0131n\u0131n 22-ci il d\u00f6n\u00fcm\u00fcn&nbsp; h\u0259sr olunmu\u015f II Beynlxalq elmi kohfrans\u0131n materiallar\u0131. 2015-ci il Bak\u0131.<\/li>\n\n\n\n<li>Az\u0259rbaycan xalq\u0131na&nbsp; qar\u015f\u0131 apar\u0131lan soyq\u0131r\u0131mlar\u0131n ilk m\u0259rh\u0259l\u0259si 1905-1907-ci ill\u0259r VIII. ULUSLARARASI ATAT\u00dcRK KONGRES\u0130 THE VIIIth INTERNATIONAL CONGRESS ON ATAT\u00dcRK 13-15 EK\u0130M \/ OCTOBER 2015 \/ GENCE \/AZERBAYCAN-AZERBAIJAN<\/li>\n\n\n\n<li>1905 Y\u0131l\u0131nda Bak\u00fc\u2019de Kanl\u0131 Katliam: Sebep ve Sonu\u00e7lar\u0131 Yeni T\u00fcrkiye 77. Kafkaslar \u00f6zel say\u0131s\u0131-VII Karaba\u011f ve Azerbaycan\u2019da ermenilerin yaptiklari katliamlar. Temmuz-Aral\u0131k 2015. S. 121-132 <a href=\"http:\/\/www.yeniturkiye.com\/display.asp?c=0771\">http:\/\/www.yeniturkiye.com\/display.asp?c=0771<\/a><\/li>\n\n\n\n<li>M\u00fcasir d\u00f6vrd\u0259 Az\u0259rbaycan T\u00fcrkm\u0259nistan \u0259laq\u0259l\u0259rinin \u0259sas istiqam\u0259tl\u0259ri GDU. G\u0259nc aliml\u0259rin&nbsp; III Beynlxalq elmi konfrans\u0131 materiallar\u0131.&nbsp; I hiss\u0259 G\u0259nc\u0259, 2018<\/li>\n\n\n\n<li>Az\u0259rbaycanl\u0131lar\u0131n v\u0259 dig\u0259r T\u00fcrkdilli Xalqlar\u0131n \u018fm\u0259kda\u015fl\u0131q M\u0259rk\u0259zinin t\u00fcrk d\u00fcnyas\u0131n\u0131n inteqrasiya y\u00f6n\u00fcnd\u0259 f\u0259aliyy\u0259ti GDU. G\u0259nc aliml\u0259rin&nbsp; Beynlxalq elmi konfrans\u0131 materiallar\u0131.&nbsp; G\u0259nc\u0259, 2022<\/li>\n<\/ul>\n\n\n\n<p><strong>SE\u00c7\u0130LM\u0130\u015e \u018fS\u018fRL\u018fR\u0130<\/strong><\/p>\n\n\n\n<ul class=\"wp-block-list\">\n<li>XIX-XX \u0259srl\u0259rd\u0259 Az\u0259rbaycan\u0131n sosial-iqtisadi v\u0259 siyasi tarixinin ba\u015fl\u0131ca probleml\u0259ri D\u0259rs v\u0259saiti G\u0259nc\u0259 D\u00f6vl\u0259t Universitetinin 19.04.2017-ci il tarixli 5\/107 sayl\u0131 \u0259mri il\u0259 t\u0259sdiq edilmi\u015fdir.<\/li>\n\n\n\n<li>The main directions of the co-operation between the Republic of Azerbaijan and RussianFederation Republic of Dagestan \u0412\u043e\u043f\u0440\u043e\u0441\u044b \u0438\u0441\u0442\u043e\u0440\u0438\u0438&nbsp; \u041c\u043e\u0441\u043a\u0432\u0430 2019<\/li>\n\n\n\n<li>\u00c7arizmin k\u00f6\u00e7\u00fcrm\u0259 siyas\u0259tinin \u015eimali Az\u0259rbaycanda k\u0259nd t\u0259s\u0259rr\u00fcfat\u0131nda k\u0430pit\u0430list m\u00fcn\u0430sib\u0259tl\u0259rinin inki\u015f\u0430f\u0131na t\u0259siri GDU. Elmi X\u0259b\u0259rl\u0259r. Fundamental, humanitar v\u0259 t\u0259bi\u0259t elml\u0259ri seriyas\u0131.&nbsp; G\u0259nc\u0259, 2022<\/li>\n\n\n\n<li>M\u00fcasir m\u0259rh\u0259l\u0259d\u0259 X\u0259z\u0259r d\u0259nizinin statusu problemi GDU. Elmi X\u0259b\u0259rl\u0259r. Fundamental, humanitar v\u0259 t\u0259bi\u0259t elml\u0259ri seriyas\u0131.&nbsp; G\u0259nc\u0259, 2022<\/li>\n\n\n\n<li>Az\u0259rbaycan tari\u0445i&nbsp; f\u0259nnind\u0259n bakalavr haz\u0131rl\u0131\u011f\u0131 \u00fczr\u0259 seminar m\u0259\u015f\u011f\u0259l\u0259l\u0259rin\u0259 dair metodik g\u00f6st\u0259ri\u015f qeyri-ixtisas fak\u00fclt\u0259l\u0259r \u00fc\u00e7\u00fcn G\u0259nc\u0259 D\u00f6vl\u0259t Universitetinin 10.03.2017-ci il tarixli 5\/57 sayl\u0131 \u0259mri il\u0259 t\u0259sdiq edilmi\u015fdir.<\/li>\n\n\n\n<li>\u00dcmummilli Lider Heyd\u0259r \u018fliyevin iqtisadi inki\u015faf konsepsiyas\u0131 GDU. Elmi X\u0259b\u0259rl\u0259r. Fundamental, humanitar v\u0259 t\u0259bi\u0259t elml\u0259ri seriyas\u0131.&nbsp; G\u0259nc\u0259, 2019<\/li>\n\n\n\n<li>G\u0259nc\u0259 xanl\u0131\u011f\u0131n\u0131n h\u0259rbi m\u00fcdafi\u0259 sisteml\u0259ri GDU. Elmi X\u0259b\u0259rl\u0259r. Fundamental, humanitar v\u0259 t\u0259bi\u0259t elml\u0259ri seriyas\u0131.&nbsp; G\u0259nc\u0259, 2022<\/li>\n<\/ul>\n\n\n\n<p><strong>Behbudova T\u0259ran\u0259 G\u0259ray q\u0131z\u0131<\/strong><\/p>\n\n\n\n<figure class=\"wp-block-image size-full\"><a href=\"https:\/\/tcf.gdu.edu.az\/wp-content\/uploads\/2024\/03\/image-4.png\"><img loading=\"lazy\" decoding=\"async\" width=\"134\" height=\"170\" src=\"https:\/\/tcf.gdu.edu.az\/wp-content\/uploads\/2024\/03\/image-4.png\" alt=\"\" class=\"wp-image-3386\"\/><\/a><\/figure>\n\n\n\n<p><em>GDU-nun Az\u0259rbaycan tarixi kafedras\u0131n\u0131n tarix \u00fczr\u0259 f\u0259ls\u0259f\u0259 doktoru, dosent<\/em><\/p>\n\n\n\n<p><em>Telefon: +994-50-599-46-65<\/em><\/p>\n\n\n\n<p><strong>QISA B\u0130OQRAF\u0130K M\u018fLUMAT<\/strong><\/p>\n\n\n\n<ul class=\"wp-block-list\">\n<li>13.11.1983-c\u00fc ild\u0259 Naftalan \u015f\u0259h\u0259rind\u0259 anadan olmu\u015fdur.<\/li>\n\n\n\n<li>1989-cu ild\u0259 Naftalan \u015f\u0259h\u0259r orta m\u0259kt\u0259binin birinci sinifin\u0259 daxil olub<\/li>\n\n\n\n<li>2000-ci ild\u0259 orta m\u0259kt\u0259bi bitirmi\u015fdir<\/li>\n<\/ul>\n\n\n\n<p><strong>T\u018fHS\u0130L\u0130 V\u018f ELM\u0130 D\u018fR\u018fC\u018f V\u018f ELM\u0130 ADLARI<\/strong><\/p>\n\n\n\n<ul class=\"wp-block-list\">\n<li>2000-ci ild\u0259 G\u0259nc\u0259 D\u00f6vl\u0259t Universitetinin &nbsp;Tarix ixtisas\u0131na daxil olub.<\/li>\n\n\n\n<li>2004-c\u00fc ild\u0259 G\u0259nc\u0259 D\u00f6vl\u0259t Universitetinin &nbsp;Tarix ixtisas\u0131n\u0131 bitirmi\u015fdir.<\/li>\n\n\n\n<li>2004-c\u0131 ild\u0259 G\u0259nc\u0259 D\u00f6vl\u0259t Universitetinin &nbsp;magistratura \u015f\u00f6b\u0259sin\u0259 daxil olub<\/li>\n\n\n\n<li>2006-c\u0131 ild\u0259 G\u0259nc\u0259 D\u00f6vl\u0259t Universitetinin &nbsp;magistratura \u015f\u00f6b\u0259sini f\u0259rql\u0259nm\u0259 diplomu il\u0259 ba\u015fa vurmu\u015fdur.<\/li>\n<\/ul>\n\n\n\n<p><strong>\u018fM\u018fK F\u018fAL\u0130YY\u018fT\u0130<\/strong><\/p>\n\n\n\n<ul class=\"wp-block-list\">\n<li>2006-c\u0131 ild\u0259n G\u0259nc\u0259 D\u00f6vl\u0259t Universitetinin &nbsp;Az\u0259rbaycan tarixi kafedras\u0131nda m\u00fc\u0259llim<\/li>\n\n\n\n<li>2012-ci ild\u0259n Az\u0259rbaycan tarixi\u00a0kafedras\u0131nda ba\u015f m\u00fc\u0259llim v\u0259zif\u0259sind\u0259 \u00e7al\u0131\u015fmaqdad\u0131r.<\/li>\n\n\n\n<li>2023-c\u00fc ild\u0259n Az\u0259rbaycan tarixi kafedras\u0131nda dosent (attestats\u0131z) v\u0259zif\u0259sind\u0259 \u00e7al\u0131\u015f\u0131r.<\/li>\n<\/ul>\n\n\n\n<p><strong>T\u018fDQ\u0130QAT&nbsp; SAH\u018fS\u0130<\/strong><\/p>\n\n\n\n<ul class=\"wp-block-list\">\n<li>\u201c\u015eimali Az\u0259rbaycanda 1877-ci il \u00fcsyanlar\u0131\u201d<\/li>\n<\/ul>\n\n\n\n<p><strong>BEYN\u018fLXALQ SEM\u0130NAR, S\u0130MPOZ\u0130UM V\u018f KONFRANSLARDA \u0130\u015eT\u0130RAKI<\/strong><\/p>\n\n\n\n<ul class=\"wp-block-list\">\n<li>Az\u0259rbaycan Respublikas\u0131nda ke\u00e7irilmi\u015f beyn\u0259lxalq v\u0259 respublika \u0259h\u0259miyy\u0259tli konfranslarda i\u015ftirak etmi\u015fdir.<\/li>\n<\/ul>\n\n\n\n<p><strong>SE\u00c7\u0130LM\u0130\u015e \u018fS\u018fRL\u018fR\u0130<\/strong><\/p>\n\n\n\n<ul class=\"wp-block-list\">\n<li>H.\u018fliyevin Az\u0259rbaycan d\u00f6vl\u0259t\u00e7iliyinin&nbsp; inki\u015faf\u0131nda rolu. Elmi konfrans\u0131n materiallar\u0131, Sumqay\u0131t. 2018<strong><\/strong><\/li>\n\n\n\n<li>Az\u0259rbaycan\u0131n sossial- iqtisadi v\u0259 m\u0259d\u0259ni inki\u015faf\u0131nda H.\u018fliyevin rolu. Elmi konfrans\u0131n materiallar\u0131, Sumqay\u0131t 2018<strong><\/strong><\/li>\n\n\n\n<li>1877-ci il Nuxa \u00fcsyan\u0131. G\u0259nc\u0259 D\u00f6vl\u0259t Universitetinin \u201cElmi x\u0259b\u0259rl\u0259r\u201dm\u0259cm\u00fc\u0259si, G\u0259nc\u0259 2018<strong><\/strong><\/li>\n\n\n\n<li>Az\u0259rbaycan Xalq Cumhuriyy\u0259tinin yaranmas\u0131 \u0259r\u0259f\u0259sind\u0259 \u00f6lk\u0259d\u0259 ictimai-siyasi v\u0259ziyy\u0259t. G\u0259nc\u0259 D\u00f6vl\u0259t Universitetinin \u201cElmi x\u0259b\u0259rl\u0259r\u201dm\u0259cm\u00fc\u0259si,G\u0259nc\u0259 2018<strong><\/strong><\/li>\n\n\n\n<li>C\u0259nubi Qafqazda terror. Erm\u0259nil\u0259rin Az\u0259rbaycanl\u0131lara qar\u015f\u0131 t\u0259cav\u00fczkarl\u0131q siyas\u0259ti. Qafqaz konfransi, Az\u0259rbaycan MEA,Qafqaz\u015f\u00fcnasl\u0131q \u0130nstitutu,Bak\u0131, 2018<strong><\/strong><\/li>\n\n\n\n<li>\u041e\u0441\u043d\u043e\u0432\u043d\u044b\u0435 \u043d\u0430\u043f\u0440\u0430\u0432\u043b\u0435\u043d\u0438\u044f \u0441\u043e\u0442\u0440\u0443\u0434\u043d\u0438\u0447\u0435\u0441\u0442\u0432\u0430 \u043c\u0435\u0436\u0434\u0443 \u0410\u0437\u0435\u0440\u0431\u0430\u0439\u0434\u0436\u0430\u043d\u043e\u043c \u0420\u0435\u0441\u043f\u0443\u0431\u043b\u0438\u043a\u043e\u0439 \u0414\u0430\u0433\u0435\u0441\u0442\u0430\u043d \u0420\u043e\u0441\u0441\u0438\u0439\u0441\u043a\u043e\u0439 \u0424\u0435\u0434\u0435\u0440\u0430\u0446\u0438\u0438. \u0416\u0443\u0440\u043d\u0430\u043b \u00ab\u0412\u043e\u043f\u0440\u043e\u0441 \u0418\u0441\u0442\u043e\u0440\u0438\u0438\u00bb,\u041c\u043e\u0441\u043a\u0432\u0430 2019<strong><\/strong><\/li>\n\n\n\n<li>Erm\u0259nistan ordusunun m\u0259\u011flubedilm\u0259zliyi mifini darmada\u011f\u0131n ed\u0259n 44 g\u00fcnl\u00fck&nbsp; m\u00fcharib\u0259. G\u0259nc\u0259 D\u00f6vl\u0259t Universitetinin \u201cElmi x\u0259b\u0259rl\u0259r\u201dm\u0259cm\u00fc\u0259si,G\u0259nc\u0259 2021<strong><\/strong><\/li>\n\n\n\n<li>XIX \u0259srin I yar\u0131s\u0131nda \u015eimali Az\u0259rbaycanda inzibati \u0259razi b\u00f6lg\u00fcs\u00fc. Elmi konfrans\u0131n materiallar\u0131, Sumqay\u0131t 2022<strong><\/strong><\/li>\n\n\n\n<li>M\u00fcst\u0259qillik ill\u0259rind\u0259 G\u0259nc\u0259nin sosial-iqtisadi h\u0259yat\u0131. X\u0259b\u0259rl\u0259r m\u0259cmu\u0259si \u201c\u0130ctimai v\u0259humanitar elml\u0259r\u201d serias\u0131 AMEA,G\u0259nc\u0259 b\u00f6lm\u0259si. 2022<strong><\/strong><\/li>\n\n\n\n<li>Heyd\u0259r \u018fliyev siyas\u0259tind\u0259 multikulturalizm v\u0259 tolerantl\u0131q ideyalar\u0131. Elmi konfrans\u0131n materiallar\u0131, Ming\u0259\u00e7evir 2022<strong><\/strong><\/li>\n<\/ul>\n\n\n\n<p><strong>Babayeva Said\u0259 Kamran q\u0131z\u0131<\/strong><\/p>\n\n\n\n<figure class=\"wp-block-image size-full\"><a href=\"https:\/\/tcf.gdu.edu.az\/wp-content\/uploads\/2024\/03\/image-5.png\"><img loading=\"lazy\" decoding=\"async\" width=\"195\" height=\"191\" src=\"https:\/\/tcf.gdu.edu.az\/wp-content\/uploads\/2024\/03\/image-5.png\" alt=\"\" class=\"wp-image-3387\"\/><\/a><\/figure>\n\n\n\n<p>T<em>arix \u00fczr\u0259 f\u0259ls\u0259f\u0259 doktoru<\/em><\/p>\n\n\n\n<p><em>GDU-nun Az\u0259rbaycan tarixi kafedras\u0131n\u0131n &nbsp;t.\u00fc.f.d., ba\u015f m\u00fc\u0259llim<\/em><\/p>\n\n\n\n<p><em>Telefon:<\/em> (994) 50-344-26-24<\/p>\n\n\n\n<p><em>E-mail; <\/em><a href=\"mailto:saidababayeva962@gmail.com\"><em>saidababayeva962@gmail.com<\/em><\/a><em><\/em><\/p>\n\n\n\n<p><strong>QISA BIOQRAFIK M\u018fLUMAT<\/strong><\/p>\n\n\n\n<ul class=\"wp-block-list\">\n<li>1976-c\u0131 il iyun ay\u0131n\u0131n 3-d\u0259 Bak\u0131 \u015f\u0259h\u0259rind\u0259 qulluq\u00e7u ail\u0259sind\u0259 anadan olmu\u015fdur.<\/li>\n\n\n\n<li>1983-c\u00fc ild\u0259 Quba \u015f\u0259h\u0259r 2 sayl\u0131 orta m\u0259kt\u0259b\u0259 daxil olmu\u015fdur.<\/li>\n\n\n\n<li>1993-c\u00fc ild\u0259 M.\u018f.Sabir ad\u0131na 5 sayl\u0131 orta m\u0259kt\u0259bi bitirmi\u015fdir.<\/li>\n<\/ul>\n\n\n\n<p><strong>T\u018fHS\u0130L\u0130 V\u018f ELM\u0130 D\u018fR\u018fC\u018f V\u018f ELM\u0130 ADLARI<\/strong><\/p>\n\n\n\n<ul class=\"wp-block-list\">\n<li>1995-ci ild\u0259 H.Z\u0259rdabi ad\u0131na G\u0259nc\u0259 D\u00f6vl\u0259t Pedaqoji \u0130nstitutuna daxil olmu\u015fdur.<\/li>\n\n\n\n<li>1999-cu ild\u0259 Z\u0259rdabi ad\u0131na G\u0259nc\u0259 D\u00f6vl\u0259t Pedaqoji \u0130nstitutunu bitirmi\u015fdir.<\/li>\n\n\n\n<li>2000-ci ild\u0259 GDU-nun Tarix ixtisas\u0131 \u00fczr\u0259 magistratura \u015f\u00f6b\u0259sin\u0259 daxil olmu\u015fdur.<\/li>\n\n\n\n<li>2002-ci ild\u0259 magistratura pill\u0259sind\u0259 t\u0259hsilimi ba\u015fa vurmu\u015fdur.<\/li>\n\n\n\n<li>2006-c\u0131 ild\u0259 GDU-nun Az\u0259rbaycan tarixi kafedras\u0131na dissertant q\u0259bul olunmu\u015fdur.<\/li>\n\n\n\n<li>2010-cu ild\u0259 \u201c\u0130lk orta \u0259srl\u0259rd\u0259 G\u0259nc\u0259basarda s\u0259n\u0259tkarl\u0131q v\u0259 ticar\u0259t.\u201d m\u00f6vzusunda namiz\u0259dlik dissertasiyas\u0131n\u0131 m\u00fcdafi\u0259 ed\u0259r\u0259k tarix \u00fczr\u0259 f\u0259ls\u0259f\u0259 doktoru&nbsp; elmi d\u0259r\u0259c\u0259sini alm\u0131\u015fd\u0131r.<\/li>\n<\/ul>\n\n\n\n<p><strong>\u018fM\u018fK F\u018fAL\u0130YY\u018fT\u0130<\/strong><\/p>\n\n\n\n<ul class=\"wp-block-list\">\n<li>2002-ci ild\u0259 G\u0259nc\u0259 D\u00f6vl\u0259t Universitetinin Az\u0259rbaycan tarixi kafedras\u0131nda pedaqoji f\u0259aliyy\u0259t\u0259 ba\u015flam\u0131\u015fd\u0131r.<\/li>\n\n\n\n<li>Hal\u2013haz\u0131rda h\u0259min kafedrada &nbsp;i\u015fl\u0259yir.<\/li>\n<\/ul>\n\n\n\n<p><strong>T\u018fDQ\u0130QAT SAH\u018fS\u0130<\/strong><\/p>\n\n\n\n<ul class=\"wp-block-list\">\n<li>\u201c\u0130lk orta \u0259srl\u0259rd\u0259 G\u0259nc\u0259basarda s\u0259n\u0259tkarl\u0131q v\u0259 ticar\u0259t\u201d<\/li>\n<\/ul>\n\n\n\n<p><strong>&nbsp;BEYN\u018fLXALQ SEM\u0130NAR, S\u0130MPOZ\u0130UM V\u018f KONFRANSLARDA \u0130\u015eT\u0130RAKI<\/strong><\/p>\n\n\n\n<ul class=\"wp-block-list\">\n<li>Az\u0259rbaycan Respublikas\u0131nda ke\u00e7irilmi\u015f beyn\u0259lxalq v\u0259 respublika \u0259h\u0259miyy\u0259tli konfranslarda i\u015ftirak etmi\u015fdir<\/li>\n<\/ul>\n\n\n\n<p><strong>&nbsp;&nbsp; SE\u00c7\u0130LM\u0130\u015e \u018fS\u018fRL\u018fR\u0130<\/strong><\/p>\n\n\n\n<ul class=\"wp-block-list\">\n<li>N\u0259sib b\u0259y Yusifb\u0259ylinin milli ideologiyas\u0131. D\u00fcnya az\u0259rbaycanl\u0131lar\u0131n\u0131n tarixi v\u0259 m\u00fcasirlik m\u00f6vzusunda III Beyn\u0259lxalq elmi konfrans Bak\u0131 2018<\/li>\n\n\n\n<li>Az\u0259rbaycan xalq\u0131n\u0131n \u00e7ar Rusiyas\u0131n\u0131n milli ayr\u0131se\u00e7kilik siyas\u0259tin\u0259 qar\u015f\u0131 m\u00fcbariz\u0259si. Beyn\u0259lxalq elmi konfrans\u0131n materiallar\u0131\\AMEA Tarix \u0130nstitutu Elmi \u0259s\u0259rl\u0259ri Bak\u0131 66-70<\/li>\n\n\n\n<li>\u0130lk orta y\u00fczyillarda G\u0259nc\u0259d\u0259 ticaret ve k\u00fclt\u00fcrel ilikiler. ULUSLARARASI DERG\u0130 KARADEN\u0130Z SOS\u0130AL B\u0130L\u0130MER SEMPOZYUMU.G\u0130RESUN-T\u00dcRK\u0130YE. \u0130SBN-978-605-325-180-466-70 21-23 \u0130yun 2019<\/li>\n\n\n\n<li>&nbsp;\u0130smay\u0131l b\u0259y Qasp\u0131ral\u0131 m\u0259kt\u0259binin davam\u00e7\u0131lar\u0131n\u0131n AXC nin qurulmas\u0131nda rolu. Elm v\u0259 T\u0259hsil Bak\u0131 451-456.2018<\/li>\n\n\n\n<li>\u015eirvan\u015fahlar d\u00f6vl\u0259tinin xarici siyas\u0259ti. GDU. G\u0259nc\u0259 aliml\u0259rinin III Beyn\u0259lxalq elmi konfrans\u0131.G\u0259nc\u0259.2019<\/li>\n\n\n\n<li>XX \u0259srin \u0259vv\u0259ll\u0259rind\u0259 T\u00fcrk d\u00fcnyas\u0131nda Milli birlik h\u0259r\u0259kat\u0131 v\u0259 bunun tarixi \u0259h\u0259miyy\u0259ti. Ming\u0259\u00e7evir \u015f\u0259h.2021<\/li>\n\n\n\n<li>&nbsp;\u201c\u0130stiqlal sava\u015f\u0131nda N\u0259sib b\u0259y Yusifb\u0259yli yolu\u201d Az\u0259rbaycan Respublikas\u0131 Dini qurumlarla i\u015f \u00fczr\u0259&nbsp; D\u00f6vl\u0259t Komit\u0259si Az\u0259rbaycan \u0130lahiyyat \u0130nstitutu Elmi konfrans 3 iyul 2021 ci il<\/li>\n\n\n\n<li>Milli kimliyimizin formala\u015fmas\u0131nda N\u0259sif b\u0259y Yusifb\u0259ylinin fikirl\u0259ri. Az\u0259rbaycan \u0130lahiyyat \u0130nstitutu.2022<\/li>\n<\/ul>\n\n\n\n<figure class=\"wp-block-table\"><table><tbody><tr><td>&nbsp;<\/td><\/tr><\/tbody><\/table><\/figure>\n\n\n\n<p><strong>H\u00fcseynova Rimun\u0259 Zakir q\u0131z\u0131<\/strong><\/p>\n\n\n\n<figure class=\"wp-block-image size-full\"><a href=\"https:\/\/tcf.gdu.edu.az\/wp-content\/uploads\/2024\/03\/image-6.png\"><img loading=\"lazy\" decoding=\"async\" width=\"184\" height=\"208\" src=\"https:\/\/tcf.gdu.edu.az\/wp-content\/uploads\/2024\/03\/image-6.png\" alt=\"\" class=\"wp-image-3388\"\/><\/a><\/figure>\n\n\n\n<p><em>GDU-nun Az\u0259rbaycan tarixi kafedras\u0131n\u0131n ba\u015f m\u00fc\u0259llimi,t.\u00fc.f.d<\/em><\/p>\n\n\n\n<p><em>Telefon: +(994)22&nbsp;258-10-95, mobil 055&nbsp;202 50 06<\/em><\/p>\n\n\n\n<p><em>e-mail: rumina.huseyn@mail.ru<\/em><\/p>\n\n\n\n<p><strong>QISA B\u0130OQRAF\u0130K M\u018fLUMAT<\/strong><\/p>\n\n\n\n<ul class=\"wp-block-list\">\n<li>1980-ci il avqust ay\u0131n\u0131n 13 d\u0259&nbsp; Erm\u0259nistan Respublikas\u0131n\u0131n Vardenis rayonunun Yenik\u0259nd k\u0259ndind\u0259 ziyal\u0131 ail\u0259sind\u0259 anadan olub.<\/li>\n\n\n\n<li>Ail\u0259lidir, 2 \u00f6vlad\u0131 var.<\/li>\n\n\n\n<li>2001-ci ild\u0259n YAP \u00fczv\u00fcd\u00fcr.<\/li>\n<\/ul>\n\n\n\n<p><strong>T\u018fHS\u0130L\u0130 V\u018f ELM\u0130 D\u018fR\u018fC\u018f V\u018f ELM\u0130 ADLARI<\/strong><\/p>\n\n\n\n<ul class=\"wp-block-list\">\n<li>1997 ci ild\u0259 G\u0259nc\u0259 \u015f\u0259h\u0259r M.M\u00fc\u015ffiq ad\u0131na 14 sayl\u0131 orta m\u0259kt\u0259bin XI sinfini bitirib.<\/li>\n\n\n\n<li>2001-ci ild\u0259 G\u0259nc\u0259 D\u00f6vl\u0259t Universitetinin Tarix-ictimaiyy\u0259t ixtisas\u0131 \u00fczr\u0259 bakalav\u0131r pill\u0259sini bitirib.<\/li>\n\n\n\n<li>2003-c\u00fc ild\u0259 G\u0259nc\u0259 D\u00f6vl\u0259t Universitetinin Avropan\u0131n v\u0259 Amerikan\u0131n yeni v\u0259 \u0259n yeni tarixi ixtisas\u0131 \u00fczr\u0259 magistratura pill\u0259sini f\u0259rql\u0259nm\u0259 diplomu il\u0259 bitirib.<\/li>\n\n\n\n<li>2006-2010-cu ill\u0259rd\u0259 G\u0259nc\u0259 D\u00f6vl\u0259t Universitetind\u0259 07.00.02 &#8220;V\u0259t\u0259n tarixi&#8221; \u00fczr\u0259 doktranturan\u0131 bitirib.<\/li>\n\n\n\n<li>2017-ci ild\u0259 Tarix \u00fczr\u0259 f\u0259ls\u0259f\u0259 doktoru elmi d\u0259r\u0259c\u0259si al\u0131b.<\/li>\n<\/ul>\n\n\n\n<p><strong>\u018fM\u018fK F\u018fAL\u0130YY\u018fT\u0130<\/strong><\/p>\n\n\n\n<ul class=\"wp-block-list\">\n<li>2003- 2011- ci&nbsp; ill\u0259rd\u0259&nbsp; G\u0259nc\u0259 D\u00f6vl\u0259t Universitetinin Az\u0259rbaycan tarixi kafedras\u0131nda m\u00fc\u0259llim.<\/li>\n\n\n\n<li>2011-ci ild\u0259n hal-haz\u0131rad\u0259k G\u0259nc\u0259 D\u00f6vl\u0259t Universitetinin Az\u0259rbaycan tarixi kafedras\u0131nda ba\u015f m\u00fc\u0259llim i\u015fl\u0259yir.<\/li>\n\n\n\n<li>Bakalav\u0131r pill\u0259sind\u0259 universitetin m\u00fcxt\u0259lif fak\u00fclt\u0259l\u0259rind\u0259&nbsp; Az\u0259rbaycan tarixi f\u0259nnini t\u0259dris edir.<\/li>\n<\/ul>\n\n\n\n<p><strong>BEYN\u018fLXALQ SEM\u0130NAR, S\u0130MPOZ\u0130UM V\u018f KONFRANSLARDA \u0130\u015eT\u0130RAKI<\/strong><\/p>\n\n\n\n<ul class=\"wp-block-list\">\n<li>&nbsp;Rusiya Fedarasiyas\u0131n\u0131n Pyatiqorsk D\u00f6vl\u0259t Linqivistika Universitetind\u0259 t\u0259\u015fkil olunmu\u015f II &nbsp;\u041c\u0435\u0436\u0434\u0443\u043d\u0430\u0440\u043e\u0434\u043d\u043e\u0439 \u043d\u0430\u0443\u0447\u043d\u043e\u0439 \u043a\u043e\u043d\u0444\u0435\u0440\u0435\u043d\u0446\u0438\u0438 <strong><em>\u00ab<\/em><\/strong>\u041d\u0430\u0443\u0447\u043d\u044b\u0435 \u0438\u0441\u0441\u043b\u0435\u0434\u043e\u0432\u0430\u043d\u0438\u044f \u0432 \u0441\u0444\u0435\u0440\u0435 \u0433\u0443\u043c\u0430\u043d\u0438\u0442\u0430\u0440\u043d\u044b\u0445 \u043d\u0430\u0443\u043a: \u043e\u0442\u043a\u0440\u044b\u0442\u0438\u044f XXI \u0432\u0435\u043a\u0430<em>\u00bb<\/em>. 16iyun 2015.<\/li>\n\n\n\n<li>Az\u0259rbaycan Respublikas\u0131 T\u0259hsil Nazirliyi, Bak\u0131 Slavyan Universiteti &#8221; Ulu \u00d6nd\u0259r&nbsp;&nbsp; Heyd\u0259r \u018fliyevin irsind\u0259 multikultural v\u0259 tolerant d\u0259y\u0259rl\u0259r&#8221; Beyn\u0259lxalq elmi konfrans\u0131n materiallar\u0131 3-5 may 2016-c\u0131 il. Bak\u0131 2016<\/li>\n\n\n\n<li>Az\u0259rbaycan Respublikas\u0131 T\u0259hsil Nazirliyi, G\u0259nc\u0259 \u015f\u0259h\u0259r \u0130cra Hakimiyy\u0259ti, G\u0259nc\u0259 D\u00f6vl\u0259t Universiteti. G\u0259nc aliml\u0259rin I Beyn\u0259lxalq elmi konfrans\u0131, I hiss\u0259, 17-18 oktyabr 2016. G\u0259nc\u0259.2016<\/li>\n\n\n\n<li>Az\u0259rbaycan Respublikas\u0131 T\u0259hsil Nazirliyi, G\u0259nc\u0259 \u015f\u0259h\u0259r \u0130cra Hakimiyy\u0259ti, G\u0259nc\u0259 D\u00f6vl\u0259t Universiteti. G\u0259nc aliml\u0259rin I I Beyn\u0259lxalq elmi konfrans\u0131 , 26-27 oktyabr 2017. G\u0259nc\u0259.<\/li>\n\n\n\n<li>&nbsp;&nbsp;Az\u0259rbaycan Elm M\u0259rk\u0259zinin Elmi t\u0259dqiqt (beyn\u0259lxalq elmi jurnal \u0130mpakt Faktor: 0.543)&nbsp;&nbsp; I Beyn\u0259lxalq elm v\u0259 t\u0259hsilin \u0259saslar\u0131 konfrans\u0131n\u0131n materiallar\u0131 7 may 2022 Bak\u0131&nbsp;<\/li>\n\n\n\n<li>&nbsp;&nbsp;Cooperation in creation of the caucasus- central Asia transport corridor. WOC World Of Conferences, I International scientific conference. Innovative scientific research. 08-09 december 2022, Toronto.Canada&nbsp; DOI htps:\/\/doi.orq\/10.5281\/zenodo.7432117 https:\/\/conference-w.com\/&nbsp;<\/li>\n<\/ul>\n\n\n\n<p><strong>SE\u00c7\u0130LM\u0130\u015e \u018fS\u018fRL\u018fR\u0130<\/strong><\/p>\n\n\n\n<ul class=\"wp-block-list\">\n<li>\u0420\u043e\u043b\u044c \u0413\u0435\u0439\u0434\u0430\u0440\u0430 \u0410\u043b\u0438\u0435\u0432\u0430 \u0432 \u0440\u0430\u0437\u0432\u0438\u0442\u0438\u0438 \u043c\u043d\u043e\u0433\u043e\u0441\u0442\u043e\u0440\u043e\u043d\u043d\u0435\u0433\u043e \u0441\u043e\u0442\u0440\u0443\u0434\u043d\u0438\u0447\u0435\u0441\u0442\u0432\u0430 \u0441 \u0442\u044e\u0440\u043a\u0441\u043a\u0438\u043c\u0438 \u0433\u043e\u0441\u0443\u0434\u0430\u0440\u0441\u0442\u0432\u0430\u043c\u0438 \u041a\u0430\u0437\u0430\u0445\u0441\u043a\u0438\u0439 \u041d\u0430\u0446\u0438\u043e\u043d\u0430\u043b\u044c\u043d\u044b\u0439 \u041f\u0435\u0434\u0430\u0433\u043e\u0433\u0438\u0447\u0435\u0441\u043a\u0438\u0439 \u0423\u043d\u0438\u0432\u0435\u0440\u0441\u0438\u0442\u0435\u0442 \u0438\u043c\u0435\u043d\u0438 \u0410\u0431\u0430\u044f \u0425\u0430\u0431\u0430\u0440\u0448\u044b \u0412\u0435\u0441\u0442\u043d\u0438\u043a \u0410\u043b\u043c\u0430\u0442\u044b \u21163 (34) 2012&nbsp; \u0441\u0442\u044075-78<\/li>\n\n\n\n<li>Az\u0259rbaycan\u0131n \u00d6zb\u0259kistanla m\u00fcnasib\u0259tl\u0259rinin yenid\u0259n qurulmas\u0131nda v\u0259 inki\u015faf\u0131nda Heyd\u0259r \u018fliyevin rolu GDU, Elmi X\u0259b\u0259rl\u0259r, Fundamental, humanitar v\u0259&nbsp; t\u0259bi\u0259t elml\u0259ri seriyas\u0131 \u21163 G\u0259nc\u0259 2012 s\u0259h114- 120<\/li>\n\n\n\n<li>&nbsp;&#8220;Az\u0259rbaycan\u0131n t\u00fcrk d\u00f6vl\u0259tl\u0259ri il\u0259 m\u00fcnasib\u0259tl\u0259rinin inki\u015faf\u0131nda Heyd\u0259r \u018fliyevin rolu (1993-2003-c\u00fc ill\u0259r)&#8221; probleminin tarix\u015f\u00fcnasl\u0131\u011f\u0131. Tarix v\u0259 onun probleml\u0259ri&nbsp; N\u0259z\u0259ri, elmi, metodik jurnal \u00dcmummilli lider Heyd\u0259r \u018fliyevin 90 illik yubileyin\u0259 h\u0259sr olunun. X\u00fcsusi burax\u0131l\u0131\u015f Bak\u0131 2013s\u0259h 173-180<\/li>\n\n\n\n<li>Az\u0259rbaycan- Qazax\u0131stan m\u00fcnasib\u0259tl\u0259ri (1993-2003-c\u00fc ill\u0259r). Geo Strategiya Ayl\u0131q ictimai-siyasi, elmi- populyar jurnal \u21164 (22) iyul-avqust&nbsp; Bak\u0131 2014<\/li>\n\n\n\n<li>&nbsp;Heyd\u0259r \u018fliyev v\u0259 Az\u0259rbaycan- \u00d6zb\u0259kistan m\u00fcnasib\u0259tl\u0259ri (1993-2003-c\u00fc ill\u0259r). Tarix v\u0259 onun probleml\u0259ri 3 N\u0259z\u0259ri, elmi, metodik jurnal Bak\u0131 2014<\/li>\n\n\n\n<li>Az\u0259rbaycan- T\u00fcrkiy\u0259 elm-t\u0259hsil sah\u0259sind\u0259 \u0259laq\u0259l\u0259rin inki\u015faf\u0131nda Heyd\u0259r \u018fliyevin rolu 1993-2003-c\u00fc ill\u0259r. Az\u0259rbaycan Respublikas\u0131 T\u0259hsil Nazirliyi,<\/li>\n<\/ul>\n\n\n\n<p>G\u0259nc\u0259 D\u00f6vl\u0259t Universiteti, Elmi X\u0259b\u0259rl\u0259r, Fundamental, humanitar v\u0259&nbsp; t\u0259bi\u0259t elml\u0259ri seriyas\u0131 \u21163 G\u0259nc\u0259 2017&nbsp; s\u0259h 259-265<\/p>\n\n\n\n<ul class=\"wp-block-list\">\n<li>Az\u0259rbaycan v\u0259 T\u00fcrkiy\u0259 aras\u0131nda \u0259d\u0259bi-m\u0259d\u0259ni \u0259laq\u0259l\u0259rin inki\u015fa-f\u0131nda Heyd\u0259r \u018fliyevin rolu z\u0259rbaycan Milli Elml\u0259r Akademiyas\u0131 Nax\u00e7\u0131van b\u00f6lm\u0259si \u0130nc\u0259s\u0259n\u0259t Dil v\u0259 \u018fd\u0259-biyyat \u0130nstitutu Nax\u00e7\u0131van 2019 Cild 9\u21161(31) s\u0259h 21-27<\/li>\n\n\n\n<li>T\u00dcRKSOY \u00e7\u0259r\u00e7iv\u0259sind\u0259 Az\u0259rbaycan m\u0259d\u0259niyy\u0259tinin inki\u015faf tarixi. Az\u0259rbaycan Respublikas\u0131 T\u0259hsil Nazirliyi, G\u0259nc\u0259 D\u00f6vl\u0259t Universiteti, Elmi X\u0259b\u0259rl\u0259r, Fundamental, humanitar v\u0259&nbsp; t\u0259bi\u0259t elml\u0259ri seriyas\u0131 \u21162 G\u0259nc\u0259 2020&nbsp; s\u0259h 387-392.<\/li>\n\n\n\n<li>Az\u0259rbaycan Respublikas\u0131n\u0131n xarici siyas\u0259tind\u0259 T\u00fcrk \u015euras\u0131n\u0131n yeri. Nax\u00e7\u0131van Universiteti Elmi \u018fs\u0259rl\u0259r (iqtisadiyyat,filologiya, tarix,pedaqogika v\u0259 psixologiy, co\u011frafiya, riyaziyyat) \u21164 (19) Nax\u00e7\u0131van 2020 s\u0259h 190-197.<\/li>\n\n\n\n<li>Az\u0259rbaycan-T\u00fcrkiy\u0259 m\u00fcnasib\u0259tl\u0259rind\u0259 yeni m\u0259rh\u0259l\u0259 (2003-2008 ci ill\u0259r) Az\u0259rbaycan Respublikas\u0131 T\u0259hsil Nazirliyi, G\u0259nc\u0259 D\u00f6vl\u0259t Universiteti, Elmi X\u0259b\u0259rl\u0259r, Fundamental, humanitar v\u0259&nbsp; t\u0259bi\u0259t elml\u0259ri seriyas\u0131 \u21162 G\u0259nc\u0259 2021&nbsp; s\u0259h 65-70.<\/li>\n<\/ul>\n\n\n\n<p><strong>H\u0259mz\u0259yeva&nbsp; Nurlana&nbsp; Q\u0259rib q\u0131z\u0131<\/strong><\/p>\n\n\n\n<figure class=\"wp-block-image size-full\"><a href=\"https:\/\/tcf.gdu.edu.az\/wp-content\/uploads\/2024\/03\/image-7.png\"><img loading=\"lazy\" decoding=\"async\" width=\"151\" height=\"189\" src=\"https:\/\/tcf.gdu.edu.az\/wp-content\/uploads\/2024\/03\/image-7.png\" alt=\"\" class=\"wp-image-3389\"\/><\/a><\/figure>\n\n\n\n<p><em>GDU-nun Az\u0259rbaycan tarixi kafedras\u0131n\u0131n ba\u015f m\u00fc\u0259llimi, t.\u00fc.f.d.<\/em><\/p>\n\n\n\n<p><em>Telefon: +994504167674<\/em><\/p>\n\n\n\n<p><em>E-mail: <\/em>hemzeyeva_nurlana@mail.ru<\/p>\n\n\n\n<p><strong>QISA B\u0130OQRAFIK M\u018fLUMAT<\/strong><\/p>\n\n\n\n<ul class=\"wp-block-list\">\n<li>1983-c\u00fc il noyabr\u0131n 11-d\u0259 Az\u0259rbaycan Respublikas\u0131n\u0131n,G\u0259nc\u0259 \u015f\u0259h\u0259rind\u0259 anadan olmu\u015fdur.<\/li>\n\n\n\n<li>2000-ci ild\u0259 G\u0259nc\u0259 \u015f\u0259h\u0259r 24 sayl\u0131 orta m\u0259kt\u0259bi bitirmi\u015fdir.<\/li>\n<\/ul>\n\n\n\n<p><strong>T\u018fHS\u0130L\u0130 V\u018f ELM\u0130 D\u018fR\u018fC\u018f V\u018f ELM\u0130 ADLARI<\/strong><\/p>\n\n\n\n<ul class=\"wp-block-list\">\n<li>2004-c\u00fc&nbsp; ild\u0259 G\u0259nc\u0259 D\u00f6vl\u0259t Universitetinin Tarix fakult\u0259sini f\u0259rql\u0259nm\u0259 diplomu il\u0259 bitirmi\u015fdir.<\/li>\n\n\n\n<li>2006-c\u0131 ild\u0259 G\u0259nc\u0259 D\u00f6vl\u0259t Universitetinin Az\u0259rbaycan\u0131n yeni v\u0259 \u0259n yeni tarixi istiqam\u0259ti \u00fczr\u0259 magistratura \u015f\u00f6b\u0259sini bitirmi\u015fdir.<\/li>\n\n\n\n<li>2011-ci ild\u0259n AMEA-n\u0131n Arxeologiya v\u0259 Etnoqrafiya Institutunun dissertant\u0131d\u0131r.<\/li>\n\n\n\n<li>2000-ci ild\u0259n YAP-\u0131n \u00fczv\u00fcd\u00fcr<\/li>\n<\/ul>\n\n\n\n<p><strong>\u018fM\u018fK F\u018fAL\u0130YY\u018fT\u0130<\/strong><\/p>\n\n\n\n<ul class=\"wp-block-list\">\n<li>2009-cu ilin sentyabr ay\u0131ndan&nbsp; GDU-nun Az\u0259rbaycan tarixi kafedras\u0131nda ba\u015f laborant i\u015fl\u0259yir.<\/li>\n\n\n\n<li>2010-cu ilin sentyabr ay\u0131ndan GDU-nun Az\u0259rbaycan tarixi kafedras\u0131nda m\u00fc\u0259llim v\u0259sif\u0259sind\u0259 i\u015fl\u0259yir.<\/li>\n\n\n\n<li>2016-c\u0131 ilin fevral ay\u0131ndan GDU-nun Az\u0259rbaycan tarixi kafedras\u0131nda ba\u015f m\u00fc\u0259llim v\u0259zif\u0259sind\u0259 i\u015fl\u0259yir.<\/li>\n\n\n\n<li>Bakalavr pill\u0259sind\u0259 \u201cAz\u0259rbaycan tarixi\u201d, \u201cAtab\u0259yl\u0259r d\u00f6vl\u0259ti\u201d, \u201cS\u0259f\u0259vil\u0259r d\u00f6vl\u0259ti\u201d v\u0259 s. f\u0259nl\u0259rini t\u0259dris edir.<\/li>\n\n\n\n<li>5m\u0259qal\u0259nin m\u00fc\u0259llifidir.<\/li>\n<\/ul>\n\n\n\n<p><strong>T\u018fDQ\u0130QAT SAH\u018fS\u0130<\/strong><\/p>\n\n\n\n<ul class=\"wp-block-list\">\n<li>Arxeologiya v\u0259 Etnoqrafiya: \u201cG\u0259nc\u0259nin&nbsp; maddi m\u0259d\u0259niyy\u0259ti (XIX-XX \u0259srl\u0259r)\u201d<\/li>\n<\/ul>\n\n\n\n<p><strong>BEYN\u018fLXALQ SEM\u0130NAR, S\u0130MPOZ\u0130UM V\u018f KONFRANSLARDA \u0130\u015eT\u0130RAKI<\/strong><\/p>\n\n\n\n<ul class=\"wp-block-list\">\n<li>Az\u0259rbaycan\u015f\u00fcnasl\u0131\u011f\u0131n aktual probleml\u0259ri \u00dcmummilli Lider Heyd\u0259r \u018fliyevin anadan olmas\u0131n\u0131n 90 -ci ild\u00f6n\u00fcm\u00fcn\u0259 h\u0259sr olunmu\u015f IV Beyn\u0259lxalq Elmi Konfrans<\/li>\n\n\n\n<li>International Conference. Actual problems of the history of the Caucasus<\/li>\n<\/ul>\n\n\n\n<p><strong>SE\u00c7\u0130LM\u0130\u015e \u018fS\u018fRL\u018fR\u0130<\/strong><\/p>\n\n\n\n<ul class=\"wp-block-list\">\n<li>G\u0259nc\u0259 \u015f\u0259h\u0259rinin t\u0259s\u0259r\u00fcfat tikilil\u0259ri(XIX-XX\u0259srl\u0259r), GDU-nun elmi \u0259s\u0259rl\u0259r m\u0259cmu\u0259si\u2116 3, G\u0259nc\u0259 2012<\/li>\n\n\n\n<li>G\u0259nc\u0259 \u015f\u0259h\u0259r \u0259halisinin etnik t\u0259rkibi, GDU-nun elmi \u0259s\u0259rl\u0259r m\u0259cmu\u0259si\u2116 3, G\u0259nc\u0259 2012<\/li>\n\n\n\n<li>Xocal\u0131 soyq\u0131r\u0131m\u0131: insanl\u0131\u011f\u0131n q\u0259tl\u0259 yetirildiyi v\u0259 b\u0259\u015f\u0259riyy\u0259tin susdu\u011fu faci\u0259, Az\u0259rbaycan Respublikas\u0131 T\u0259hsil Nazirliyi, G\u0259nc\u0259 D\u00f6vl\u0259t Universiteti. Xocal\u0131 Soyq\u0131r\u0131m\u0131 (m\u0259qal\u0259l\u0259r toplusu). G\u0259nc\u0259,2015<\/li>\n\n\n\n<li>Az\u0259rbaycan Xalq C\u00fcmhuriyy\u0259tinin ordu quruculu\u011fu sah\u0259sind\u0259 ilkin t\u0259dbirl\u0259rin\u0259 dair. G\u0259nc t\u0259dqiqat\u00e7\u0131lar\u0131n II respublika elmi-praktik konfrans\u0131n\u0131n materiallar\u0131. Bak\u0131, AU. 15 mart 2019 s\u0259h. 111-114<\/li>\n\n\n\n<li>AXC ordusu v\u0259 onun&nbsp; strukturuna dair. Az\u0259rbaycan Respublikas\u0131 Prezidenti Yan\u0131nda d\u00f6vl\u0259t idar\u0259\u00e7ilik Akademiyas\u0131 \u201cAXC-nin 100 illik tarixi irs v\u0259 m\u00fcasirlik\u201d m\u00f6vzusunda Respublika elmi konfrans\u0131n\u0131n materiallar\u0131 24 May 2018. Elm v\u0259 T\u0259hsil Bak\u0131 2020 ci il<\/li>\n\n\n\n<li>Az\u0259rbaycan Xalq Cumhuriyy\u0259tinin L\u0259nk\u0259ran \u0259m\u0259liyyat\u0131 haqq\u0131nda. GDU Elmi x\u0259b\u0259rl\u0259r I cild 2020<\/li>\n\n\n\n<li>Az\u0259rbaycan Xalq Cumhuriyy\u0259tinin h\u0259rb tarixind\u0259n. . GDU Elmi x\u0259b\u0259rl\u0259r I cild 2020<\/li>\n\n\n\n<li>G\u0259nc\u0259 \u015f\u0259h\u0259rind\u0259 ip\u0259k\u00e7iliyin v\u0259 t\u00fct\u00fcn\u00e7\u00fcl\u00fcy\u00fcn inki\u015faf\u0131na dair tarixi m\u0259nb\u0259l\u0259r\u0259&nbsp; q\u0131sa&nbsp; bax\u0131\u015f<strong>. <\/strong>Sumqay\u0131t D\u00f6vl\u0259t Universiseti 2021-ci il<\/li>\n\n\n\n<li>&nbsp;XIX-XX \u0259srl\u0259rd\u0259 G\u0259nc\u0259 \u015f\u0259h\u0259rinin maddi m\u0259d\u0259niyy\u0259t n\u00fcmun\u0259l\u0259rin\u0259 dair. Abuot&nbsp;&nbsp;&nbsp; material culture samples of Ganja city in XIX-XX centures.<\/li>\n\n\n\n<li>&nbsp;\u041e \u043f\u0440\u0438\u043c\u0435\u0442\u0430\u0445 \u043c\u0430\u0442\u0435\u0440\u0438\u0430\u043b\u044c\u043d\u043e\u0439 \u043a\u0443\u043b\u044c\u0442\u0443\u0440\u044b&nbsp; \u0433\u043e\u0440\u043e\u0434\u0430 \u0413\u044f\u0430\u043d\u0434\u0436\u0430 \u0432 XIX-XX \u0432\u0432<\/li>\n<\/ul>\n\n\n\n<p>&nbsp;&nbsp;&nbsp;&nbsp;&nbsp;&nbsp;&nbsp;&nbsp; \u0412\u043e\u043b\u0440\u043e\u0441\u044b \u0418\u0441\u0442\u043e\u0438\u0439, \u041c\u043e\u0441\u043a\u0432\u0430 03.2021 \u0421\u0442 174-179<\/p>\n\n\n\n<p><strong>\u018fliyev M\u00fcbariz M\u00fcseyib o\u011flu&nbsp;<\/strong><\/p>\n\n\n\n<figure class=\"wp-block-image size-full\"><a href=\"https:\/\/tcf.gdu.edu.az\/wp-content\/uploads\/2024\/03\/image-8.png\"><img loading=\"lazy\" decoding=\"async\" width=\"178\" height=\"238\" src=\"https:\/\/tcf.gdu.edu.az\/wp-content\/uploads\/2024\/03\/image-8.png\" alt=\"\" class=\"wp-image-3390\"\/><\/a><\/figure>\n\n\n\n<p><strong>&nbsp;&nbsp;&nbsp;&nbsp;&nbsp;&nbsp;&nbsp;&nbsp;&nbsp;&nbsp;&nbsp;&nbsp;&nbsp;&nbsp;&nbsp;&nbsp;&nbsp;&nbsp;&nbsp;&nbsp;&nbsp;&nbsp;&nbsp;&nbsp;&nbsp;&nbsp;&nbsp;&nbsp;&nbsp;&nbsp;&nbsp;&nbsp;&nbsp;&nbsp;&nbsp;&nbsp;&nbsp;&nbsp;&nbsp;&nbsp;&nbsp;&nbsp;&nbsp;&nbsp;&nbsp;&nbsp;&nbsp;&nbsp;&nbsp;&nbsp;&nbsp;&nbsp;&nbsp;&nbsp;&nbsp;&nbsp;&nbsp;&nbsp;&nbsp;&nbsp;&nbsp;&nbsp;&nbsp;&nbsp;&nbsp;<\/strong><\/p>\n\n\n\n<p><em>&nbsp;GDU-nun Az\u0259rbaycan tarixi kafedras\u0131n\u0131n ba\u015f m\u00fc\u0259llimi<\/em><\/p>\n\n\n\n<p><em>&nbsp;\u018fm\u0259kdar m\u00fc\u0259llim<\/em><\/p>\n\n\n\n<p><em>Telefon: 050-356 14 42<\/em><\/p>\n\n\n\n<p><strong>QISA B\u0130OQRAFIK M\u018fLUMAT<\/strong><\/p>\n\n\n\n<ul class=\"wp-block-list\">\n<li>1955-ci il avqustun 1-d\u0259 Az\u0259rbaycan Respublikas\u0131n\u0131n,G\u0259nc\u0259 \u015f\u0259h\u0259rind\u0259 anadan olmu\u015fdur.<\/li>\n\n\n\n<li>1972-c\u00fc ild\u0259 G\u0259nc\u0259 \u015f\u0259h\u0259r 43 sayl\u0131 orta m\u0259kt\u0259bi bitirmi\u015fdir.<\/li>\n\n\n\n<li>Az\u0259rbaycan Respublikas\u0131n\u0131n Prezidentinin 2009-cu il tarixli 24 sentyabr 495 n\u00f6mr\u0259li s\u0259r\u0259ncam\u0131 il\u0259 \u201cAz\u0259rbaycan Respublikas\u0131n\u0131n \u018fm\u0259kdar m\u00fc\u0259llimi\u201d f\u0259xri ad\u0131na layiq g\u00f6r\u00fcl\u00fcb.<\/li>\n<\/ul>\n\n\n\n<p><strong>T\u018fHS\u0130L\u0130 V\u018f ELM\u0130 D\u018fR\u018fC\u018f V\u018f ELM\u0130 ADLARI<\/strong><\/p>\n\n\n\n<ul class=\"wp-block-list\">\n<li>1882-ci&nbsp; ild\u0259 H.Z\u0259rdabiad\u0131na KDP\u0130-nin Tarix fak\u00fclt\u0259sini f\u0259rql\u0259nm\u0259 diplomu il\u0259 bitirmi\u015fdir.<\/li>\n\n\n\n<li>1996-c\u0131 ild\u0259n YAP-\u0131n \u00fczv\u00fcd\u00fcr<\/li>\n<\/ul>\n\n\n\n<p><strong>\u018fM\u018fK F\u018fAL\u0130YY\u018fT\u0130<\/strong><\/p>\n\n\n\n<ul class=\"wp-block-list\">\n<li>1982-85-ci ill\u0259rd\u0259 t\u0259yinatla Da\u015fk\u0259s\u0259n \u015f\u0259h\u0259rind\u0259 tarix m\u00fc\u0259llimi i\u015fl\u0259yib.<\/li>\n\n\n\n<li>1985-ci ild\u0259&nbsp; G\u0259nc\u0259 D\u00f6vl\u0259t Universitetin\u0259 i\u015f\u0259 q\u0259bul olunub.<\/li>\n\n\n\n<li>1991-ci&nbsp; ild\u0259n&nbsp;&nbsp; GDU-nun Az\u0259rbaycan tarixi kafedras\u0131nda m\u00fc\u0259llim ,1995-ci ild\u0259n ba\u015f m\u00fc\u0259llim i\u015fl\u0259yir.<\/li>\n\n\n\n<li>2006-c\u0131 ild\u0259n T\u0259dris \u015f\u00f6b\u0259sinin m\u00fcdiri&nbsp; v\u0259zif\u0259sind\u0259 \u00e7al\u0131\u015fm\u0131\u015fd\u0131r<\/li>\n\n\n\n<li>Bakalavr pill\u0259sind\u0259 \u201cAz\u0259rbaycan tarixi\u201d, \u201cAtab\u0259yl\u0259r d\u00f6vl\u0259ti\u201d, \u201cS\u0259f\u0259vil\u0259r d\u00f6vl\u0259ti\u201d v\u0259 s. f\u0259nl\u0259rini apar\u0131r.<\/li>\n<\/ul>\n\n\n\n<p><strong>T\u018fDQ\u0130QAT SAH\u018fS\u0130<\/strong><\/p>\n\n\n\n<ul class=\"wp-block-list\">\n<li>\u201cQaraba\u011f problemin\u0259 ger\u00e7\u0259k\u00e7i yana\u015fma\u201d<\/li>\n<\/ul>\n\n\n\n<p><strong>BEYN\u018fLXALQ SEM\u0130NAR, S\u0130MPOZ\u0130UM V\u018f KONFRANSLARDA \u0130\u015eT\u0130RAKI<\/strong><\/p>\n\n\n\n<ul class=\"wp-block-list\">\n<li>Az\u0259rbaycan Respublikas\u0131nda ke\u00e7irilmi\u015f beyn\u0259lxalq v\u0259 respublika \u0259h\u0259miyy\u0259tli konfranslarda i\u015ftirak etmi\u015fdir.<\/li>\n<\/ul>\n\n\n\n<p><strong>SE\u00c7\u0130LM\u0130\u015e \u018fS\u018fRL\u018fR\u0130<\/strong><\/p>\n\n\n\n<ul class=\"wp-block-list\">\n<li>Heyd\u0259r \u018fliyev tarixi yaradan \u015f\u0259xsiyy\u0259tdir, Heyd\u0259r \u018fliyev Az\u0259rbaycan, G\u0259nc\u0259, Bak\u0131 \u201c Nurlan 2009<\/li>\n\n\n\n<li>G\u0259nc\u0259 tarixinin aktual probleml\u0259ri, II elmi-praktik konfrans\u0131n materiallar\u0131 G\u0259nc\u0259 , 2010<\/li>\n\n\n\n<li>\u015eamax\u0131 xanl\u0131\u011f\u0131nda k\u0259nd t\u0259s\u0259rr\u00fcfat\u0131 bitkil\u0259rinin yeti\u015fdirilm\u0259si m\u0259s\u0259l\u0259sin\u0259 dair, Beyn\u0259lxalq Elmi-praktik konfrans\u0131n tezisl\u0259ri (ADAU), G\u0259nc\u0259 , 2010<\/li>\n\n\n\n<li>Nizamid\u0259 Az\u0259rbaycan\u00e7\u0131l\u0131q, Elm v\u0259 T\u0259hsil Elm v\u0259 T\u0259hsil , Bak\u0131 2012<\/li>\n\n\n\n<li>I v\u0259 II Sam Mirz\u0259l\u0259r, GDU, Elmi x\u0259b\u0259rl\u0259r, G\u0259nc\u0259 2014 h\u0259mm\u00fc\u0259llif Dos.Emma Aslanova A.Mahmudo<\/li>\n\n\n\n<li>I v\u0259 II Sam Mirz\u0259l\u0259r. G\u0259nc\u0259 D\u00f6vl\u0259t Universitetinin Elmi x\u0259b\u0259rl\u0259ri \u21161 G\u0259nc\u0259 2014.<\/li>\n\n\n\n<li>\u015eamax\u0131 xanl\u0131\u011f\u0131nda s\u0259n\u0259tkarl\u0131\u011f\u0131n v\u0259 ticzr\u0259tin b\u0259zi m\u0259s\u0259l\u0259l\u0259ri. G\u0259nc\u0259 D\u00f6vl\u0259t Universitetinin Elmi x\u0259b\u0259rl\u0259ri \u21163 G\u0259nc\u0259 2018.<\/li>\n\n\n\n<li>\u015eamax\u0131 xanl\u0131\u011f\u0131n\u0131n ictimai veziyy\u0259tin\u0259 dair. G\u0259nc\u0259 D\u00f6vl\u0259t Universitetinin Elmi x\u0259b\u0259rl\u0259ri \u21161 G\u0259nc\u0259 2019<\/li>\n\n\n\n<li>\u015eirvan I Pyoturun xarici siyas\u0259tind\u0259. Elmi m\u0259qal\u0259. G\u0259nc\u0259 D\u00f6vl\u0259t Universitetinin Elmi x\u0259b\u0259rl\u0259ri \u21162 G\u0259nc\u0259 2021.<\/li>\n\n\n\n<li>XVIII \u0259srin I yarisinda \u015eirvanda iran v\u0259 yerli feodallar z\u00fclm\u00fcn\u0259 qar\u015f\u0131 qalxan xalq \u00fcsyanlar\u0131. Elmi m\u0259qal\u0259. G\u0259nc\u0259 D\u00f6vl\u0259t Universitetinin Elmi x\u0259b\u0259rl\u0259ri \u21162 G\u0259nc\u0259 2021.<\/li>\n\n\n\n<li>XVIII \u0259srin I yarisinda \u015eirvanda iran v\u0259 yerli feodallar z\u00fclm\u00fcn\u0259 qar\u015f\u0131 qalxan xalq \u00fcsyanlar\u0131. Elmi m\u0259qal\u0259. G\u0259nc\u0259 D\u00f6vl\u0259t Universitetinin Elmi x\u0259b\u0259rl\u0259ri \u21162 G\u0259nc\u0259 2022.<\/li>\n<\/ul>\n\n\n\n<p><strong>Mehdiyev Eldar Musa o\u011flu&nbsp;&nbsp;&nbsp;<\/strong><\/p>\n\n\n\n<figure class=\"wp-block-image size-full\"><a href=\"https:\/\/tcf.gdu.edu.az\/wp-content\/uploads\/2024\/03\/image-9.png\"><img loading=\"lazy\" decoding=\"async\" width=\"149\" height=\"161\" src=\"https:\/\/tcf.gdu.edu.az\/wp-content\/uploads\/2024\/03\/image-9.png\" alt=\"\" class=\"wp-image-3391\"\/><\/a><\/figure>\n\n\n\n<p><strong>\u00a0\u00a0\u00a0<\/strong><em>Az\u0259rbaycan tarixi kafedras\u0131n\u0131n ba\u015f m\u00fc\u0259llimi\u00a0\u00a0\u00a0\u00a0\u00a0\u00a0\u00a0\u00a0\u00a0\u00a0<\/em><\/p>\n\n\n\n<p><em>Tel: (+994 50) 689 98 86&nbsp;&nbsp;&nbsp;&nbsp;&nbsp;&nbsp;&nbsp;&nbsp;&nbsp;&nbsp;&nbsp;&nbsp;&nbsp;&nbsp;&nbsp;&nbsp;&nbsp;&nbsp;&nbsp;&nbsp;&nbsp;&nbsp;&nbsp;&nbsp;&nbsp;&nbsp;&nbsp;&nbsp;&nbsp;&nbsp;&nbsp;&nbsp;&nbsp;&nbsp;&nbsp;&nbsp;&nbsp;&nbsp;&nbsp;&nbsp;&nbsp;&nbsp;&nbsp;&nbsp;&nbsp;&nbsp;&nbsp;&nbsp;&nbsp;&nbsp;&nbsp;&nbsp;&nbsp;&nbsp;&nbsp;&nbsp;&nbsp;&nbsp;&nbsp;&nbsp;&nbsp;&nbsp;&nbsp;&nbsp;&nbsp;&nbsp;&nbsp;<\/em><\/p>\n\n\n\n<p><em>E-mail:&nbsp;<\/em><a href=\"mailto:eldarmeh@mail.ru\"><em>eldarmeh1@gmail.com<\/em><\/a><em><\/em><\/p>\n\n\n\n<p><strong>QISA B\u0130OQRAF\u0130K M\u018fLUMAT<\/strong><\/p>\n\n\n\n<ul class=\"wp-block-list\">\n<li>Mehdiyev Eldar Musa o\u011flu fevral\u0131n 13-d\u0259 1977-ci ild\u0259 Az\u0259rbaycan Respublikas\u0131n\u0131n G\u0259d\u0259b\u0259y rayonunun S\u0259b\u0259tke\u00e7m\u0259z k\u0259ndind\u0259 anadan olmu\u015fdur.<\/li>\n\n\n\n<li>1994-c\u00fc ild\u0259 S\u0259b\u0259tke\u00e7m\u0259z k\u0259ndi orta m\u0259kt\u0259bini bitirmi\u015fdir.<\/li>\n<\/ul>\n\n\n\n<p><strong>T\u018fHS\u0130L\u0130 V\u018f ELM\u0130&nbsp; D\u018fR\u018fC\u018f V\u018f ELM\u0130 ADLARI<\/strong><\/p>\n\n\n\n<ul class=\"wp-block-list\">\n<li>1998-ci ild\u0259 H\u0259s\u0259n b\u0259y Z\u0259rdabi ad\u0131na G\u0259nc\u0259 D\u00f6vl\u0259t Pedaqoji \u0130nstitutunun Tarix v\u0259 Dil-\u018fd\u0259biyyat fakult\u0259sinin tarix ixtisas\u0131n\u0131 bitirmi\u015fdir.<\/li>\n\n\n\n<li>2000-ci ild\u0259 G\u0259nc\u0259 D\u00f6vl\u0259t Universitetinin Az\u0259rbaycan\u0131n yeni v\u0259 \u0259n yeni tarixi ixtisas\u0131 \u00fczr\u0259 magistr pill\u0259sini f\u0259rql\u0259nm\u0259 diplomu il\u0259 bitirmi\u015fdir.<\/li>\n\n\n\n<li>2012- 2017 ci ill\u0259rd\u0259 AMEA-n\u0131n Arxeologiya v\u0259 Etnoqrafiya \u0130nstitutunun dissertant\u0131 olmu\u015fdur.<\/li>\n<\/ul>\n\n\n\n<p><strong>\u018fM\u018fK &nbsp;F\u018fAL\u0130YY\u018fT\u0130<\/strong><\/p>\n\n\n\n<ul class=\"wp-block-list\">\n<li>2000-ci ilin iyul ay\u0131ndan G\u0259nc\u0259 D\u00f6vl\u0259t Universitetinin Az\u0259rbaycan tarixi kafedras\u0131nda m\u00fc\u0259llim, 2005-ci ild\u0259n ba\u015f m\u00fc\u0259llim v\u0259zif\u0259sind\u0259 \u00e7al\u0131\u015f\u0131r.<\/li>\n\n\n\n<li>Bakalavr pill\u0259sind\u0259 \u201cAz\u0259rbaycan tarixi\u201d, \u201cAz\u0259rbaycan S\u0259f\u0259vil\u0259r d\u00f6vl\u0259ti\u201d, \u201cAz\u0259rbaycan\u0131n tarixi co\u011frafiyas\u0131\u201d, \u201cAz\u0259rbaycan Xalq C\u00fcmhuriyy\u0259ti\u201d, v\u0259 s. f\u0259nnl\u0259ri t\u0259dris edir.<\/li>\n\n\n\n<li>29 elmi m\u0259qal\u0259nin, 8 f\u0259nn proqram\u0131n\u0131n m\u00fc\u0259llifidir.<\/li>\n<\/ul>\n\n\n\n<p><strong>T\u018fDQ\u0130QAT SAH\u018fS\u0130<\/strong><\/p>\n\n\n\n<ul class=\"wp-block-list\">\n<li>Az\u0259rbaycan tarixi: \u201c\u0130lk orta \u0259srl\u0259r G\u0259d\u0259b\u0259y rayonunun arxeoloji abid\u0259l\u0259ri\u201d.<\/li>\n<\/ul>\n\n\n\n<p><strong>&nbsp;BEYN\u018fLXALQ&nbsp;&nbsp; SEM\u0130NAR, S\u0130MPOZ\u0130UM V\u018f KONFRANS-LARDA \u0130\u015eT\u0130RAKI:<\/strong><\/p>\n\n\n\n<ul class=\"wp-block-list\">\n<li>About Koroghlu Castle in Gadabay. \u041e\u0441\u0432\u0456\u0442\u0430 \u0456 \u043d\u0430\u0443\u043a\u0430 \u0443 \u043c\u0456\u043d\u043b\u0438\u0432\u043e\u043c\u0443 \u0441\u0432\u0456\u0442\u0456: \u043f\u0440\u043e\u0431\u043b\u0435\u043c\u0438 \u0442\u0430 \u043f\u0435\u0440\u0441\u043f\u0435\u043a\u0442\u0438\u0432\u0438 \u0440\u043e\u0437\u0432\u0438\u0442\u043a\u0443. \u041c\u0430\u0442\u0435\u0440\u0456\u0430\u043b\u0438 \u0406\u0406 \u041c\u0456\u0436\u043d\u0430\u0440\u043e\u0434\u043d\u043e\u0457 \u043d\u0430\u0443\u043a\u043e\u0432\u043e\u0457 \u043a\u043e\u043d\u0444\u0435\u0440\u0435\u043d\u0446\u0456\u0457. 27-28 \u0431\u0435\u0440\u0435\u0437\u043d\u044f 2020 \u0440., \u043c.\u0414\u043d\u0456\u043f\u0440\u043e. \u0427\u0430\u0441\u0442\u0438\u043d\u0430 \u0406I. \/ \u041d\u0430\u0443\u043a. \u0440\u0435\u0434. \u041e.\u042e.\u0412\u0438\u0441\u043e\u0446\u044c\u043a\u0438\u0439. \u2013 \u0414\u043d\u0456\u043f\u0440\u043e: \u0421\u041f\u0414 \u00ab\u041e\u0445\u043e\u0442\u043d\u0456\u043a\u00bb. s\u0259h 174-176.<\/li>\n<\/ul>\n\n\n\n<p><strong>SE\u00c7\u0130LM\u0130\u015e \u018fS\u018fRL\u018fR\u0130<\/strong><\/p>\n\n\n\n<ul class=\"wp-block-list\">\n<li>\u201cHeyd\u0259r \u018fliyev v\u0259 G\u0259nc\u0259nin sosial-iqtisadi inki\u015faf\u0131\u201d \/\/ G\u0259nc\u0259 \u015f\u0259h\u0259rinin tarixi. Elmi-praktik konfrans\u0131n materiallar\u0131 (sentyabr-oktyabr \u2013 2003), Bak\u0131, \u201cNurlan\u201d, 2004, s\u0259h.241-253.<\/li>\n\n\n\n<li>\u201cM\u00fcst\u0259qilliyimiz\u0259 qar\u015f\u0131 1918-ci ilin iyununda G\u0259nc\u0259d\u0259 erm\u0259nil\u0259rin x\u0259yan\u0259ti v\u0259 bunun qar\u015f\u0131s\u0131n\u0131n al\u0131nmas\u0131\u201d \/\/ G\u0259nc\u0259 \u015f\u0259h\u0259rinin tarixi. Elmi-praktik konfrans\u0131n materiallar\u0131 (sentyabr-oktyabr \u2013 2003), Bak\u0131, \u201cNurlan\u201d, 2004, s\u0259h.197-200.<\/li>\n\n\n\n<li>\u201cAz\u0259rbaycan Respublikas\u0131n\u0131n Avropa \u015euras\u0131nda t\u0259msil olunmas\u0131\u201d \/\/ G\u0259nc\u0259 D\u00f6vl\u0259t Universiteti. Elmi \u0259s\u0259rl\u0259r m\u0259cmu\u0259si. 2005\/1. Bak\u0131, \u201cNurlan\u201d, s\u0259h.168-172.<\/li>\n\n\n\n<li>\u201c\u00dcmummilli liderimiz Heyd\u0259r \u018fliyevin Az\u0259rbaycan\u0131n xarici siyas\u0259tinin formala\u015fd\u0131r\u0131lmas\u0131nda xidm\u0259tl\u0259ri\u201d\/\/GDU. Elmi X\u0259b\u0259rl\u0259r. Huma\u00adni\u00adtar v\u0259 t\u0259bi\u0259t elml\u0259ri seriyas\u0131. 2005\/2.Bak\u0131,\u201cNurlan\u201d,s\u0259h.83-85.<\/li>\n\n\n\n<li>Early medieval religious-memorial monuments of Gadabay region of Azerbaijan. Scientific and theoretical almanac \u00abGrani\u00bb, doi: 10.15421\/172087. Dnipro 2020, Ukraine, 49000. \u2116 9, Cild -23. s\u0259h 92- 103. ISSN 2077-1800 (Print), ISSN 2413-8738 (Online)<strong> DOI:&nbsp;<\/strong><a href=\"https:\/\/doi.org\/10.15421\/1720209\">https:\/\/doi.org\/10.15421\/1720209<\/a>.<\/li>\n<\/ul>\n\n\n\n<p><strong>Cahangirova T\u00fcnzal\u0259 M\u0259h\u0259rr\u0259m q\u0131z\u0131<\/strong><\/p>\n\n\n\n<figure class=\"wp-block-image size-full\"><a href=\"https:\/\/tcf.gdu.edu.az\/wp-content\/uploads\/2024\/03\/image-10.png\"><img loading=\"lazy\" decoding=\"async\" width=\"182\" height=\"221\" src=\"https:\/\/tcf.gdu.edu.az\/wp-content\/uploads\/2024\/03\/image-10.png\" alt=\"\" class=\"wp-image-3392\"\/><\/a><\/figure>\n\n\n\n<p><strong><em>Az\u0259rbaycan tarixi kafedras\u0131n\u0131n&nbsp; &nbsp;ba\u015f m\u00fc\u0259llimi<\/em><\/strong><\/p>\n\n\n\n<p><em>&nbsp;&nbsp;&nbsp;&nbsp;&nbsp;&nbsp;&nbsp;&nbsp;&nbsp;&nbsp; Tel:(+994022) 2<\/em><em>6<\/em><em>5-<\/em><em>12<\/em><em>&#8211;<\/em><em>57:<\/em> &nbsp;&nbsp;&nbsp;+994557929503<\/p>\n\n\n\n<p>E-mail: minura-cahan@hotmail.com<\/p>\n\n\n\n<p><strong>&nbsp;QISA B\u0130OQRAF\u0130K M\u018fLUMAT<\/strong><\/p>\n\n\n\n<ul class=\"wp-block-list\">\n<li>04.10.1961-ci ild\u0259 G\u0259nc\u0259 \u015f\u0259h\u0259rind\u0259 anadan olub.<\/li>\n\n\n\n<li>1978-ci ild\u0259 G\u0259nc\u0259 \u015f\u0259h\u0259ri 16 sayl\u0131 orta m\u0259kt\u0259bi bitirib.<\/li>\n<\/ul>\n\n\n\n<p><strong>&nbsp;<\/strong><strong>T\u018fHS\u0130L\u0130 V\u018f ELM\u0130 D\u018fR\u018fC\u018f V\u018f ELM\u0130 ADLARI<\/strong><\/p>\n\n\n\n<ul class=\"wp-block-list\">\n<li>1978-82-ci ill\u0259rd\u0259 GDU-nun tarix fak\u00fclt\u0259sind\u0259 t\u0259hsil al\u0131b.<\/li>\n<\/ul>\n\n\n\n<p><strong>&nbsp;<\/strong><strong>\u018fM\u018fK F\u018fAL\u0130YY\u018fT\u0130<\/strong><\/p>\n\n\n\n<ul class=\"wp-block-list\">\n<li>1982-85-ci ill\u0259rd\u0259 Ucar rayonunda m\u00fc\u0259llim,d\u0259rs hiss\u0259 m\u00fcdiri.<\/li>\n\n\n\n<li>1985-2000-ci ill\u0259rd\u0259 G\u0259nc\u0259 \u015f\u0259h\u0259r 2 sayl\u0131 orta m\u0259kt\u0259bd\u0259 tarix m\u00fc\u0259llimi.<\/li>\n\n\n\n<li>2000-ci ild\u0259 GDU-nun Az\u0259rbaycan tarixi kafedras\u0131nda ba\u015f laborant.<\/li>\n\n\n\n<li>2001-2011-ci ill\u0259rd\u0259 Az\u0259rbaycan tarixi kafedras\u0131nda m\u00fc\u0259llim.<\/li>\n\n\n\n<li>2011-ci ild\u0259n Az\u0259rbaycan tarixi kafedras\u0131nda ba\u015f m\u00fc\u0259llim v\u0259zif\u0259sind\u0259 i\u015fl\u0259yir.<\/li>\n\n\n\n<li>Bakalavr pill\u0259sind\u0259 \u201c Az\u0259rbaycan tarixi\u201d, \u201cAz\u0259rbaycan arxeologiyas\u0131\u201d,\u201dM\u00fcasir m\u0259rh\u0259l\u0259d\u0259 Az\u0259rbaycan Respublikas\u0131n\u0131n xarici siyas\u0259ti\u201d v\u0259 s. f\u0259nnl\u0259ri t\u0259dris edir.<\/li>\n<\/ul>\n\n\n\n<p><strong>&nbsp; T\u018fDQ\u0130QAT SAH\u018fS\u0130<\/strong><\/p>\n\n\n\n<ul class=\"wp-block-list\">\n<li>G\u0259nc\u0259 \u015f\u0259h\u0259ri v\u0259 AXC-nin tarixi<\/li>\n<\/ul>\n\n\n\n<p><strong>&nbsp; SE\u00c7\u0130LM\u0130\u015e \u018fS\u018fRL\u018fR\u0130<\/strong><\/p>\n\n\n\n<ul class=\"wp-block-list\">\n<li>\u201cAXC d\u00f6vr\u00fcnd\u0259 xalq maarifi\u201d.GDU.Elmi x\u0259b\u0259rl\u0259r m\u0259cmu\u0259si \u21162,2011.<\/li>\n\n\n\n<li>\u201cG\u0259nc\u0259 S\u0259f\u0259vil\u0259r d\u00f6vr\u00fcnd\u0259\u201d.GDU.Elmi x\u0259b\u0259rl\u0259r m\u0259cmu\u0259si \u21162,2011.<\/li>\n\n\n\n<li>\u201cXIX \u0259srin \u0259vv\u0259ll\u0259rind\u0259 erm\u0259nil\u0259rin \u015fim.Az\u0259rbaycana k\u00f6\u00e7\u00fcr\u00fclm\u0259si\u201dGDU.Elmi x\u0259b\u0259rl\u0259r m\u0259cmu\u0259si \u21161,2016.<\/li>\n\n\n\n<li>\u201c G\u0259nc\u0259 Az\u0259rbaycan\u0131n ikinci \u015f\u0259h\u0259ridir \u201d.G\u00fcrc\u00fcstan Respublikas\u0131,Telavi D\u00f6vl\u0259t Universiteti.Elmi x\u0259b\u0259rl\u0259r \u21161,Tbilisi 2018.<\/li>\n\n\n\n<li>\u201c1918-1920-ci ill\u0259rd\u0259 Nax\u00e7\u0131van\u0131n erm\u0259ni t\u0259cav\u00fcz\u00fcnd\u0259n m\u00fcdafi\u0259 olunmas\u0131nda T\u00fcrkiy\u0259nin rolu \u201d.GDU.Elmi x\u0259b\u0259rl\u0259r m\u0259cmu\u0259si \u21161,2022.<\/li>\n<\/ul>\n\n\n\n<p><strong>Namazova Elminaz M\u0259h\u0259rr\u0259m q\u0131z\u0131&nbsp;&nbsp;<\/strong><\/p>\n\n\n\n<figure class=\"wp-block-image size-full\"><a href=\"https:\/\/tcf.gdu.edu.az\/wp-content\/uploads\/2024\/03\/image-11.png\"><img loading=\"lazy\" decoding=\"async\" width=\"189\" height=\"246\" src=\"https:\/\/tcf.gdu.edu.az\/wp-content\/uploads\/2024\/03\/image-11.png\" alt=\"\" class=\"wp-image-3393\"\/><\/a><\/figure>\n\n\n\n<p><strong>&nbsp;&nbsp;&nbsp;&nbsp;<\/strong><\/p>\n\n\n\n<p><em>Az\u0259rbaycan tarixi kafedras\u0131n\u0131n ba\u015f m\u00fc\u0259llimi&nbsp;&nbsp;&nbsp;&nbsp;&nbsp;&nbsp;&nbsp;&nbsp;&nbsp;&nbsp;<\/em><\/p>\n\n\n\n<p><em>Tel: (+994 55) 256 24 26&nbsp;&nbsp;&nbsp;&nbsp;&nbsp;&nbsp;&nbsp;&nbsp;&nbsp;&nbsp;&nbsp;&nbsp;&nbsp;&nbsp;&nbsp;&nbsp;&nbsp;&nbsp;&nbsp;&nbsp;&nbsp;&nbsp;&nbsp;&nbsp;&nbsp;&nbsp;&nbsp;&nbsp;&nbsp;&nbsp;&nbsp;&nbsp;&nbsp;&nbsp;&nbsp;&nbsp;&nbsp;&nbsp;&nbsp;&nbsp;&nbsp;&nbsp;&nbsp;&nbsp;&nbsp;&nbsp;&nbsp;&nbsp;&nbsp;&nbsp;&nbsp;&nbsp;&nbsp;&nbsp;&nbsp;&nbsp;&nbsp;&nbsp;&nbsp;&nbsp;&nbsp;&nbsp;&nbsp;&nbsp;&nbsp;&nbsp;&nbsp;<\/em><\/p>\n\n\n\n<p><em>E-mail:&nbsp;<\/em>elminaznamazova@mail.ru<\/p>\n\n\n\n<p><strong>QISA B\u0130OQRAF\u0130K M\u018fLUMAT<\/strong><\/p>\n\n\n\n<ul class=\"wp-block-list\">\n<li>Namazova Elminaz M\u0259h\u0259rr\u0259m q\u0131z\u0131 noyabr\u0131n 18-d\u0259 1974-c\u00fc ild\u0259 Az\u0259rbaycan Respublikas\u0131n\u0131n Xanlar (indiki G\u00f6yg\u00f6l) rayonunun Yeni \u018flibayraml\u0131 &nbsp;&nbsp;k\u0259ndind\u0259 anadan olmu\u015fdur.<\/li>\n\n\n\n<li>1992-ci ild\u0259 S. H\u00fcseynov ad\u0131na Yeni \u018flibayraml\u0131 k\u0259ndi orta m\u0259kt\u0259bini bitirmi\u015fdir.<\/li>\n<\/ul>\n\n\n\n<p><strong>T\u018fHS\u0130L\u0130 V\u018f ELM\u0130&nbsp; D\u018fR\u018fC\u018f V\u018f ELM\u0130 ADLARI<\/strong><\/p>\n\n\n\n<ul class=\"wp-block-list\">\n<li>1997-ci ild\u0259 H\u0259s\u0259n b\u0259y Z\u0259rdabi ad\u0131na G\u0259nc\u0259 D\u00f6vl\u0259t Pedaqoji \u0130nstitutunun Tarix v\u0259 Dil-\u018fd\u0259biyyat fakult\u0259sinin tarix ixtisas\u0131n\u0131 bitirmi\u015fdir.<\/li>\n\n\n\n<li>1999-cu ild\u0259 G\u0259nc\u0259 D\u00f6vl\u0259t Universitetinin Az\u0259rbaycan\u0131n yeni v\u0259 \u0259n yeni tarixi ixtisas\u0131 \u00fczr\u0259 magistr pill\u0259sini f\u0259rql\u0259nm\u0259 diplomu il\u0259 bitirmi\u015fdir.<\/li>\n\n\n\n<li>2014- c\u00fc ild\u0259 AMEA-n\u0131n Arxeologiya v\u0259 Etnoqrafiya \u0130nstitutuna dissertant q\u0259bul&nbsp; olunmu\u015fdur.<\/li>\n<\/ul>\n\n\n\n<p><strong>\u018fM\u018fK &nbsp;F\u018fAL\u0130YY\u018fT\u0130<\/strong><\/p>\n\n\n\n<ul class=\"wp-block-list\">\n<li>2002-ci ilin fevral ay\u0131ndan G\u0259nc\u0259 D\u00f6vl\u0259t Universitetinin Az\u0259rbaycan tarixi kafedras\u0131nda m\u00fc\u0259llim, 2008-ci ild\u0259n ba\u015f m\u00fc\u0259llim v\u0259zif\u0259sind\u0259 \u00e7al\u0131\u015f\u0131r.<\/li>\n\n\n\n<li>Bakalavr pill\u0259sind\u0259 \u201cAz\u0259rbaycan tarixi\u201d, \u201cM\u00fcasir m\u0259rh\u0259l\u0259d\u0259 Az\u0259rbaycan\u0131n xarici siyas\u0259ti\u201d, \u201cAz\u0259rbaycanda kapitalizmin inki\u015faf probleml\u0259ri\u201d, \u201cAz\u0259rbaycan\u0131n Asiya v\u0259 Avropa&nbsp; \u00f6lk\u0259l\u0259ri il\u0259 qar\u015f\u0131l\u0131ql\u0131 \u0259laq\u0259l\u0259ri\u201d, v\u0259 s. f\u0259nnl\u0259ri t\u0259dris edir.<\/li>\n<\/ul>\n\n\n\n<p><strong>T\u018fDQ\u0130QAT SAH\u018fS\u0130<\/strong><\/p>\n\n\n\n<ul class=\"wp-block-list\">\n<li>Az\u0259rbaycan tarixi: \u201cA\u011fstafa\u00e7ay v\u0259 Z\u0259y\u0259m\u00e7ay h\u00f6vz\u0259sinin IV-XIII \u0259srl\u0259r arxeoloji abid\u0259l\u0259ri\u201d.<\/li>\n<\/ul>\n\n\n\n<p><strong>BEYN\u018fLXALQ&nbsp;SEM\u0130NAR, S\u0130MPOZ\u0130UM V\u018f KONFRANSLARDA \u0130\u015eT\u0130RAKI:<\/strong><\/p>\n\n\n\n<ul class=\"wp-block-list\">\n<li>Tovuz b\u00f6lg\u0259sinin b\u0259zi ilk orta \u0259sr ya\u015fay\u0131\u015f yerl\u0259ri haqq\u0131nda. G\u0259nc aliml\u0259rin II beyn\u0259lxalq elmi konfrans\u0131. 26-27 oktyabr, s\u0259h.123-126.G\u0259nc\u0259-2017.<\/li>\n\n\n\n<li>\u201c\u00c7aparl\u0131 abid\u0259l\u0259ri\u201dQafqaz tarixinin aktual m\u0259s\u0259l\u0259l\u0259ri beyn\u0259lxalq konfrans, 15-16 oktyabr 2015-ci il. S\u0259h.123-126. II hiss\u0259. G\u0259nc\u0259-2015.<\/li>\n<\/ul>\n\n\n\n<p><strong>SE\u00c7\u0130LM\u0130\u015e \u018fS\u018fRL\u018fR<\/strong><strong>\u0130<\/strong><\/p>\n\n\n\n<ul class=\"wp-block-list\">\n<li>\u201cQafqaz \u0130slam ordusunun t\u0259\u015fkili v\u0259 T\u00fcrkiy\u0259ninn Az\u0259rbaycana h\u0259rbi k\u00f6m\u0259yi\u201d GDU. Elmi X\u0259b\u0259rl\u0259r. Huma\u00adni\u00adtar v\u0259 t\u0259bi\u0259t elml\u0259ri seriyas\u0131. \u21161. C\u0259nc\u0259-2011, s\u0259h. 78-80.<\/li>\n\n\n\n<li>\u201c\u0130r\u0259van xanl\u0131\u011f\u0131n\u0131n dini abid\u0259l\u0259ri\u201d GDU. Elmi X\u0259b\u0259rl\u0259r. Huma\u00adni\u00adtar v\u0259 t\u0259bi\u0259t elml\u0259ri seriyas\u0131. \u21161. C\u0259nc\u0259-2016, s\u0259h. 221-224..<\/li>\n\n\n\n<li>\u201cHeyd\u0259r \u018fliyevin Nax\u00e7\u0131van Muxtar Respublikas\u0131na r\u0259hb\u0259rliyi d\u00f6vr\u00fcnd\u0259 Az\u0259rbaycan-T\u00fcrkiy\u0259 m\u00fcnasib\u0259tl\u0259rinin inki\u015faf\u0131 (1991-1993)\u201d \/\/ G\u0259nc\u0259 D\u00f6vl\u0259t Universiteti. Elmi x\u0259b\u0259rl\u0259r, Fundamental, humanitar v\u0259 t\u0259bi\u0259t elml\u0259ri seriyas\u0131 \u21162. G\u0259nc\u0259 2021, s\u0259h. 97-101.<\/li>\n\n\n\n<li>\u201cAz\u0259rbaycanla T\u00fcrkiy\u0259nin b\u00fct\u00fcn sah\u0259l\u0259rd\u0259 m\u00fctt\u0259fiqliyini r\u0259smil\u0259\u015fdir\u0259n \u015eu\u015fa b\u0259yannam\u0259si\u201d GDU. Elmi X\u0259b\u0259rl\u0259r. Huma\u00adni\u00adtar v\u0259 t\u0259bi\u0259t elml\u0259ri seriyas\u0131. \u21163. C\u0259nc\u0259-2022, s\u0259h. 126-131.<\/li>\n\n\n\n<li>\u00ab\u041e \u043d\u0435\u043a\u043e\u0442\u043e\u0440\u044b\u0445 \u043f\u0435\u0440\u0432\u044b\u0445 \u0441\u0440\u0435\u0434\u043d\u0435\u0432\u0435\u043a\u043e\u0432\u044b\u0445 \u0440\u0435\u043b\u0438\u0433\u0438\u043e\u0437\u043d\u044b\u0445 \u043f\u0430\u043c\u044f\u0442\u043d\u0438\u043a\u0430\u0445 \u0422\u043e\u0432\u0443\u0437\u0441\u043a\u043e\u0433\u043e \u0440\u0430\u0439\u043e\u043d\u0430\u00bb. \u041d\u0430\u0443\u043a\u043e\u0432\u0438\u0439 \u0432i\u0441\u043d\u0438\u043a \u041e\u0434\u0435\u0441\u044c\u043a\u043e\u0433\u043e \u043d\u0430\u0446i\u043e\u043d\u0430\u043b\u044c\u043d\u043e\u0433\u043e \u0435\u043a\u043e\u043d\u043e\u043ci\u0447\u043d\u043e\u0433\u043e \u0443\u043di\u0432\u0435\u0440\u0441\u0438\u0442\u0435\u0442\u0443. O\u0434\u0435\u0441\u0430-2018. \u211611 (268). \u0130SSN 2409-9260 (Pint) \u0130SSN 2415-3869 (Online)<\/li>\n\n\n\n<li>\u00ab\u0415\u043a\u043e\u043d\u043e\u043c\u0438\u0447\u0435\u0441\u043a\u043e\u0435 \u0441\u043e\u0442\u0440\u0443\u0434\u043d\u0438\u0447\u0435\u0441\u0442\u0432\u043e \u043c\u0435\u0436\u0434\u0443 \u0410\u0437\u0435\u0440\u0431\u0430\u0439\u0434\u0436\u0430\u043d\u043e\u043c \u0438 \u0423\u043a\u0430\u0438\u043d\u043e\u0439\u00bb OPEN ACCES PEER-REVIEWED JOURNAL. Science Review. 3(10), March 2018. Warsaw, Poland Vol.18.<\/li>\n<\/ul>\n\n\n\n<p><strong><em>\u018fliyeva Lal\u0259 Yusif q\u0131z\u0131<\/em><\/strong><\/p>\n\n\n\n<figure class=\"wp-block-image size-full\"><a href=\"https:\/\/tcf.gdu.edu.az\/wp-content\/uploads\/2024\/03\/image-12.png\"><img loading=\"lazy\" decoding=\"async\" width=\"135\" height=\"157\" src=\"https:\/\/tcf.gdu.edu.az\/wp-content\/uploads\/2024\/03\/image-12.png\" alt=\"\" class=\"wp-image-3394\"\/><\/a><\/figure>\n\n\n\n<p><em>Az\u0259rbaycan tarixi kafedras\u0131n\u0131n ba\u015f m\u00fc\u0259llimi<\/em><\/p>\n\n\n\n<p><em>Telefon: <\/em>050-456-85-81<\/p>\n\n\n\n<p><em>E-mail:<\/em><em> <\/em><a href=\"mailto:lala_alieva_76@mail.ru\"><em>lala_alieva_76@mail.ru<\/em><\/a><em><\/em><\/p>\n\n\n\n<p><strong>QISA B\u0130OQRAF\u0130K M\u018fLUMAT<\/strong><\/p>\n\n\n\n<ul class=\"wp-block-list\">\n<li>1976-ci il oktyabr\u0131n&nbsp; 12-d\u0259 Az\u0259rbaycan Respublikas\u0131, G\u0259nc\u0259 \u015f\u0259h\u0259rind\u0259 anadan olmu\u015fdur<\/li>\n\n\n\n<li>1993-ci&nbsp; ild\u0259 G\u0259nc\u0259 \u015f\u0259h\u0259ri orta m\u0259kt\u0259bini bitirmi\u015fdir.(rus b\u00f6lm\u0259si)<\/li>\n<\/ul>\n\n\n\n<p><strong>T\u018fHS\u0130L\u0130 V\u018f ELM\u0130 D\u018fR\u018fC\u018f V\u018f ELM\u0130 ADLARI<\/strong><\/p>\n\n\n\n<ul class=\"wp-block-list\">\n<li>1997-ci ild\u0259 H.Z\u0259rdabi ad\u0131na Az\u0259rbaycan Pedaqoji \u0130nstitutunun Tarix fak\u00fclt\u0259sini bitirmi\u015fdir.<\/li>\n\n\n\n<li>2000-ci ild\u0259 G\u0259nc\u0259 D\u00f6vl\u0259t Universitetinin magistratura \u015f\u00f6b\u0259sini Az\u0259rbaycan\u0131n yeni v\u0259 \u0259n yeni tarixi ixtisas\u0131 \u00fczr\u0259 f\u0259rql\u0259nm\u0259 diplomu il\u0259 bitirmi\u015fdir.<\/li>\n\n\n\n<li>2008-ci ild\u0259n AMEA-n\u0131n Arxeologiya v\u0259 Etnoqrafiya \u0130nstitunun dissertant\u0131d\u0131r.<\/li>\n<\/ul>\n\n\n\n<p><strong>\u018fM\u018fK&nbsp; F\u018fAL\u0130YY\u018fT\u0130<\/strong><\/p>\n\n\n\n<ul class=\"wp-block-list\">\n<li>2001-ci ild\u0259n GDU-nun Az\u0259rbaycan tarixi kafedras\u0131nda m\u00fc\u0259llin, 2006-cu ild\u0259n ba\u015f m\u00fc\u0259llim i\u015fl\u0259yir.<\/li>\n\n\n\n<li>Bakalavr pill\u0259sind\u0259 Az\u0259rbaycan tarixi f\u0259nnini apar\u0131r.<\/li>\n<\/ul>\n\n\n\n<p><strong>T\u018fDQ\u0130QAT&nbsp; SAH\u018fS\u0130<\/strong><\/p>\n\n\n\n<ul class=\"wp-block-list\">\n<li>V\u0259t\u0259n tarixinin m\u00fcasir d\u00f6vr\u00fc<\/li>\n<\/ul>\n\n\n\n<p><strong>BEYN\u018fLXALQ SEM\u0130NAR, S\u0130MPOZ\u0130UM V\u018f KONFRANSLARDA \u0130\u015eT\u0130RAKI<\/strong><\/p>\n\n\n\n<ul class=\"wp-block-list\">\n<li>Az\u0259rbaycan\u015f\u00fcnasl\u0131\u011f\u0131n aktual probleml\u0259ri \u00dcmummilli Lider Heyd\u0259r \u018fliyevin anadan olmas\u0131n\u0131n 90 -ci ild\u00f6n\u00fcm\u00fcn\u0259 h\u0259sr olunmu\u015f IV Beyn\u0259lxalq Elmi Konfransda.<\/li>\n\n\n\n<li>\u00dcmummilli Lider Heyd\u0259r \u018fliyevin anadan olmas\u0131n\u0131n 92-ci v\u0259 hakimiyy\u0259t\u0259 qay\u0131d\u0131\u015f\u0131n\u0131n 22-ci il d\u00f6n\u00fcm\u00fcn&nbsp; h\u0259sr olunmu\u015f II Beyn\u0259lxalq elmi konfrans<\/li>\n\n\n\n<li>International Conference , Actual problems of the history of the Caucasus.<\/li>\n<\/ul>\n\n\n\n<p><strong>SE\u00c7\u0130LM\u0130\u015e \u018fS\u018fRL\u018fR\u0130<\/strong><\/p>\n\n\n\n<ul class=\"wp-block-list\">\n<li>G\u0259nc\u0259 \u015f\u0259h\u0259rind\u0259 toy m\u0259rasimi il\u0259 ba\u011fl\u0131 b\u0259zi ad\u0259tl\u0259r\u0259 dair, GDU.Elmi x\u0259b\u0259rl\u0259r. Fundamental, humanitar v\u0259 t\u0259bi\u0259t elml\u0259ri seriyas\u0131.\u21163&nbsp; G\u0259nc\u0259, 2010<\/li>\n\n\n\n<li>Xocal\u0131 soyq\u0131r\u0131m\u0131 xarici m\u0259tbuatda, Az\u0259rbaycan Respublikas\u0131 T\u0259hsil Nazirliyi, G\u0259nc\u0259 D\u00f6vl\u0259t Universiteti. Xocal\u0131 Soyq\u0131r\u0131m\u0131 (m\u0259qal\u0259l\u0259r toplusu). G\u0259nc\u0259,2015.<\/li>\n\n\n\n<li>Erm\u0259nil\u0259rin Az\u0259rbaycana qar\u015f\u0131 t\u0259cav\u00fczkarl\u0131q siyas\u0259tl\u0259rinin m\u0259rh\u0259l\u0259l\u0259rin\u0259 q\u0131sa bax\u0131\u015f, \u201cUydurma erm\u0259ni soyq\u0131r\u0131m\u0131: yalanlar, iftiralar. T\u00fcrk m\u00fcs\u0259lman soyq\u0131r\u0131m\u0131: faktlar, h\u0259qiq\u0259tl\u0259r\u201d. \u00dcmummilli Lider Heyd\u0259r \u018fliyevin anadan olmas\u0131n\u0131n 92-ci v\u0259 hakimiyy\u0259t\u0259 qay\u0131d\u0131\u015f\u0131n\u0131n 22-ci il d\u00f6n\u00fcm\u00fcn&nbsp; h\u0259sr olunmu\u015f II Beynlxalq elmi konfrans\u0131n materiallar\u0131. 2015-ci il Bak\u0131.<\/li>\n\n\n\n<li>\u0410\u0437\u0435\u0440\u0431\u0430\u0439\u0434\u0436\u0430\u043d- \u043a\u0430\u043a \u043f\u0440\u0438\u043c\u0435\u0440 \u044d\u0442\u043d\u0438\u0447\u0435\u0441\u043a\u043e\u0439 \u0442\u043e\u043b\u0435\u0440\u0430\u043d\u0442\u043d\u043e\u0441\u0442\u0438 \u043d\u0430 \u041a\u0430\u0432\u043a\u0430\u0437\u0435, International Conference. Actual problems of the history of the Caucasus. Volume I. 15-16 October 2015. Ganja.<strong><\/strong><\/li>\n\n\n\n<li>\u041e\u0434\u0438\u043d \u0438\u0437 \u043f\u0443\u0442\u0435\u0439 \u0441\u043e\u0445\u0440\u0430\u043d\u0435\u043d\u0438\u044f \u0438\u0441\u0442\u043e\u0440\u0438\u0447\u0435\u0441\u043a\u043e-\u043a\u0443\u043b\u044c\u0442\u0443\u0440\u043d\u043e\u0433\u043e \u043d\u0430\u0441\u043b\u0435\u0434\u0438\u044f \u0430\u0437\u0435\u0440\u0431\u0430\u0439\u0434\u0436\u0430\u043d\u0441\u043a\u043e\u0433\u043e \u043d\u0430\u0440\u043e\u0434\u0430. Bak\u0131. Slavyan Universiteti. 2016<\/li>\n\n\n\n<li>I D\u00fcnya m\u00fcharib\u0259si d\u00f6vr\u00fcnd\u0259 T\u00fcrkiy\u0259nin Az\u0259rbaycan\u0131n istiqlal u\u011frunda m\u00fcbariz\u0259sin\u0259 k\u00f6m\u0259yi. GDU. Elmi X\u0259b\u0259rl\u0259r. Fundamental, humanitar v\u0259 t\u0259bi\u0259t elml\u0259ri seriyas\u0131. G\u0259nc\u0259, 2017, \u21162 s\u0259h. 212-216<\/li>\n\n\n\n<li>M\u00fcasir d\u00f6vrd\u0259 Az\u0259rbaycan T\u00fcrkm\u0259nistan \u0259laq\u0259l\u0259rinin \u0259sas istiqam\u0259tl\u0259ri. GDU. G\u0259nc aliml\u0259rin III Beyn\u0259lxalq elmi konfrans\u0131 materiallar\u0131. I hiss\u0259. G\u0259nc\u0259, 17-18 oktyabr 2018. S\u0259h. 52-55<\/li>\n\n\n\n<li>M\u00fcasir Az\u0259rbaycan ail\u0259 institutunun qorunmas\u0131nda \u0130slam d\u0259y\u0259rl\u0259rinin rolu. Az\u0259rbaycan Respublikas\u0131 Dini Qurumlarla i\u015f \u00fczr\u0259 D\u00f6vl\u0259t komit\u0259si, Az\u0259rbaycan \u0130lahiyyat \u0130nstitutu, AMEA akad.Z.B\u00fcnyadov ad\u0131na \u015e\u0259rq\u015f\u00fcnasl\u0131q \u0130nstitutu \u201c\u0130slam sivilizasiyas\u0131 Qafqazda\u201d II Beyn\u0259lxalq simpoziumun materiallar\u0131.Bak\u0131.2019 s\u0259h.458-461<\/li>\n\n\n\n<li>\u00dcmummilli Lider Heyd\u0259r \u018fliyevin iqtisadi inki\u015faf konsepsiyas\u0131. GDU. Elmi X\u0259b\u0259rl\u0259r. Fundamental, humanitar v\u0259 t\u0259bi\u0259t elml\u0259ri seriyas\u0131.&nbsp; G\u0259nc\u0259. 2019. s\u0259h.125-131<\/li>\n\n\n\n<li>Az\u0259rbaycan Xalq C\u00fcmhuriyy\u0259tinin ordu quruculu\u011fu sah\u0259sind\u0259 ilkin t\u0259dbirl\u0259rin\u0259 dair. G\u0259nc t\u0259dqiqat\u00e7\u0131lar\u0131n II respublika elmi-praktik konfrans\u0131n\u0131n materiallar\u0131. Bak\u0131, AU. s\u0259h. 111-114<strong><\/strong><\/li>\n\n\n\n<li>M\u00fcasir Az\u0259rbaycan ail\u0259 institutunun qorunmas\u0131nda \u0130slam d\u0259y\u0259rl\u0259rinin rolu. Az\u0259rbaycan Respublikas\u0131 Dini Qurumlarla i\u015f \u00fczr\u0259 D\u00f6vl\u0259t komit\u0259si, Az\u0259rbaycan \u0130lahiyyat \u0130nstitutu, AMEA akad.Z.B\u00fcnyadov ad\u0131na \u015e\u0259rq\u015f\u00fcnasl\u0131q \u0130nstitutu \u201c\u0130slam sivilizasiyas\u0131 Qafqazda\u201d II Beyn\u0259lxalq simpoziumun materiallar\u0131.Bak\u0131. 2019. s\u0259h.458<strong><\/strong><\/li>\n\n\n\n<li>G\u0259nc\u0259 xanl\u0131\u011f\u0131n\u0131n h\u0259rbi m\u00fcdafi\u0259 sisteml\u0259ri. GDU. Elmi X\u0259b\u0259rl\u0259r. Fundamental, humanitar v\u0259 t\u0259bi\u0259t elml\u0259ri seriyas\u0131.&nbsp; G\u0259nc\u0259. 2020 s\u0259h. 35-39<strong><\/strong><\/li>\n\n\n\n<li>About material culture samples of Ganja city in XIX-XX centures. \u0412\u043e\u043f\u0440\u043e\u0441\u044b \u0438\u0441\u0442\u043e\u0440\u0438\u0438 \u041c\u043e\u0441\u043a\u0432\u0430 2021 s\u0259h.174-179<strong><\/strong><\/li>\n\n\n\n<li>\u041c\u0443\u043b\u044c\u0442\u0438\u043a\u0443\u043b\u044c\u0442\u0443\u0440\u0430\u043b\u0438\u0437\u043c- \u043e\u0434\u0438\u043d \u0438\u0437 \u0433\u043b\u0430\u0432\u043d\u044b\u0445 \u0446\u0435\u043d\u043d\u043e\u0441\u0442\u0435\u0439 \u0410\u0437\u0435\u0440\u0431\u0430\u0439\u0434\u0436\u0430\u043d\u0441\u043a\u043e\u0433\u043e \u043d\u0430\u0440\u043e\u0434 10-11 dekabr 2021. MDU. Beyn\u0259lxa\u0131q kofrans.2021 s\u0259h. 67-71<strong><\/strong><\/li>\n\n\n\n<li>Nizami G\u0259nc\u0259vinin \u0259s\u0259rl\u0259rind\u0259 \u00f6vlad t\u0259rbiy\u0259sin\u0259 dair 13-15 noyabr 2021 GDU Beyn\u0259lxalq elmi konfrans 2021 s\u0259h.178-181<strong><\/strong><\/li>\n\n\n\n<li>\u041a\u0440\u0430\u0442\u043a\u0438\u0439 \u043e\u0431\u0437\u043e\u0440 \u0441\u043e\u0432\u0440\u0435\u043c\u0435\u043d\u043d\u044b\u0445 \u043c\u0435\u0442\u043e\u0434\u043e\u0432 \u043e\u0431\u0443\u0447\u0435\u043d\u0438\u044f &nbsp;\u201cG\u0259nc aliml\u0259rin \u015eu\u015fa ilin\u0259 h\u0259sr olunmu\u015f beyn\u0259lxalq konfrans\u0131\u201d.GDU, 9-10 dekabr 2022, s\u0259h. 83-86<strong><\/strong><\/li>\n<\/ul>\n\n\n\n<p><strong>Abbasov V\u00fcqar Dilq\u0259m o\u011flu<\/strong><\/p>\n\n\n\n<figure class=\"wp-block-image size-full\"><a href=\"https:\/\/tcf.gdu.edu.az\/wp-content\/uploads\/2024\/03\/image-13.png\"><img loading=\"lazy\" decoding=\"async\" width=\"132\" height=\"166\" src=\"https:\/\/tcf.gdu.edu.az\/wp-content\/uploads\/2024\/03\/image-13.png\" alt=\"\" class=\"wp-image-3395\"\/><\/a><\/figure>\n\n\n\n<p><em>G\u0259nc\u0259 D\u00f6vl\u0259t Universitetinin Az\u0259rbaycan tarixi kafedras\u0131n\u0131n&nbsp; ba\u015f m\u00fc\u0259llimi,<strong><\/strong><\/em><\/p>\n\n\n\n<p><em>Tel: (+994 50) 327 71 38<\/em><\/p>\n\n\n\n<p><em>E-mail: <\/em><a href=\"mailto:vuqar.abbasov.76@mail.ru\"><em>vuqar.abbasov.76<\/em><em>@<\/em><em>mail.ru<\/em><\/a><em><\/em><\/p>\n\n\n\n<p><strong>QISA B\u0130OQRAF\u0130K M\u018fLUMAT<\/strong><\/p>\n\n\n\n<ul class=\"wp-block-list\">\n<li>Abbasov V\u00fcqar Dilq\u0259m o\u011flu 7 noyabr 1976-c\u0131 ild\u0259 Az\u0259rbaycan Respublikas\u0131, G\u0259d\u0259b\u0259y rayonunun Daryurd k\u0259ndind\u0259 anadan olmu\u015fdur.<\/li>\n\n\n\n<li>1993-c\u00fc ild\u0259 G\u0259d\u0259b\u0259y rayonu Daryurd k\u0259ndi orta m\u0259kt\u0259bini bitirmi\u015fdir.<\/li>\n<\/ul>\n\n\n\n<p><strong>T\u018fHS\u0130L V\u018f ELM\u0130&nbsp; D\u018fR\u018fC\u018f V\u018f ELM\u0130 ADLARI<\/strong><\/p>\n\n\n\n<ul class=\"wp-block-list\">\n<li>1997-ci ild\u0259 H\u0259s\u0259n b\u0259y Z\u0259rdabi ad\u0131na G\u0259nc\u0259 D\u00f6vl\u0259t \u0130nstitutunun Tarix v\u0259 Dil-\u018fd\u0259biyyat fakult\u0259sinin tarix ixtisas\u0131n\u0131 bitirmi\u015fdir.<\/li>\n\n\n\n<li>1999-cu ild\u0259 H\u0259s\u0259n b\u0259y Z\u0259rdabi ad\u0131na G\u0259nc\u0259 D\u00f6vl\u0259t \u0130nstitutunun Az\u0259rbaycan\u0131n yeni v\u0259 \u0259n yeni tarixi ixtisas\u0131 \u00fczr\u0259 magistr pill\u0259sini f\u0259rql\u0259nm\u0259 diplomu il\u0259 bitir\u0259r\u0259k magistr elmi d\u0259r\u0259c\u0259si alm\u0131\u015fd\u0131r.<\/li>\n<\/ul>\n\n\n\n<p><strong>\u018fM\u018fK&nbsp; F\u018fAL\u0130YY\u018fT\u0130<\/strong><\/p>\n\n\n\n<ul class=\"wp-block-list\">\n<li>2000 \u2013 2004-c\u00fc ill\u0259rd\u0259 G\u0259nc\u0259 D\u00f6vl\u0259t Universitetinin Az\u0259rbaycan tarixi kafedras\u0131nda ba\u015f laborant v\u0259zf\u0259sind\u0259 \u00e7al\u0131\u015fm\u0131\u015fd\u0131r.<\/li>\n\n\n\n<li>2004-c\u00fc ild\u0259n GDU Az\u0259rbaycan tarixi kafedras\u0131nda m\u00fc\u0259llim i\u015fl\u0259yir.<\/li>\n\n\n\n<li>2011-ci ild\u0259n Tarix fakult\u0259sini tyutoru v\u0259zif\u0259sind\u0259 \u00e7al\u0131\u015f\u0131r.<\/li>\n\n\n\n<li>Bakalavr pill\u0259sind\u0259 \u201cAz\u0259rbaycan tarixi\u201d f\u0259nnini apar\u0131r.<\/li>\n<\/ul>\n\n\n\n<p><strong>T\u018fDQ\u0130QAT SAH\u018fS\u0130<\/strong><\/p>\n\n\n\n<ul class=\"wp-block-list\">\n<li>\u201cAz\u0259rbaycan \u2013 T\u00fcrkiy\u0259 m\u00fcnasib\u0259tl\u0259rind\u0259 Da\u011fl\u0131q Qaraba\u011f m\u0259s\u0259l\u0259si\u201d<\/li>\n<\/ul>\n\n\n\n<p><strong>SE\u00c7\u0130LM\u0130\u015e \u018fS\u018fRL\u018fR\u0130<\/strong><\/p>\n\n\n\n<ul class=\"wp-block-list\">\n<li>\u201c1918 \u2013 1920-ci ill\u0259rd\u0259 Nax\u00e7\u0131van\u0131n erm\u0259ni t\u0259cav\u00fcz\u00fcnd\u0259n m\u00fcdafi\u0259 olunmas\u0131nda T\u00fcrkiy\u0259nin rolu\u201d \/\/ GDU Professor \u2013 M\u00fc\u0259lliml\u0259rin, aspirant v\u0259 g\u0259nc t\u0259dqiqat\u00e7\u0131lar\u0131n elmi konfrans\u0131n\u0131n \u201cMateriallar\u0131\u201dnda, Bak\u0131, 2001.<\/li>\n\n\n\n<li>\u201c\u0130lham \u018fliyev v\u0259 G\u0259nc\u0259\u201d \/\/ G\u0259nc\u0259 \u015f\u0259h\u0259rinin tarixi. Elmi-praktik konfrans\u0131n materiallar\u0131 (sentyabr-oktyabr \u2013 2003), Bak\u0131, \u201cNurlan\u201d, 2004.<\/li>\n\n\n\n<li>\u201cXII \u2013 XIII \u0259srl\u0259rd\u0259 G\u0259nc\u0259 \u015f\u0259h\u0259rind\u0259 \u0259xilik t\u0259\u015fkilat\u0131\u201d \/\/ G\u0259nc\u0259 \u015f\u0259h\u0259rinin tarixi. Elmi-praktik konfrans\u0131n materiallar\u0131 (sentyabr-oktyabr \u2013 2003), Bak\u0131, \u201cNurlan\u201d, 2004.<\/li>\n\n\n\n<li>\u201c\u0130r\u0259van xanl\u0131\u011f\u0131n\u0131n \u00e7ar Rusiyas\u0131 t\u0259r\u0259find\u0259n i\u015f\u011fal olunmas\u0131nda E\u00e7mi\u0259dzin katolikoslu\u011funun rolu\u201d \/\/ GDU, Elmi X\u0259b\u0259rl\u0259r. Humanitar v\u0259 t\u0259bi\u0259t elml\u0259ri seriyas\u0131. Bak\u0131, \u201cNurlan\u201d, 2005, \u2116 1.<\/li>\n\n\n\n<li>\u201cG\u0259nc t\u00fcrkl\u0259r inqilab\u0131 d\u00f6vr\u00fcnd\u0259 Az\u0259rbaycan \u2013 T\u00fcrkiy\u0259 m\u00fcnasib\u0259tl\u0259ri\u201d \/\/ GDU Professor \u2013 M\u00fc\u0259lliml\u0259rin, aspirant v\u0259 g\u0259nc t\u0259dqiqat\u00e7\u0131lar\u0131n elmi konfrans\u0131n\u0131n \u201cMateriallar\u0131\u201dnda, Bak\u0131, 2006.<\/li>\n\n\n\n<li>XX \u0259srin 90-c\u0131 ill\u0259rind\u0259 Az\u0259rbaycan \u2013 Rusiya ticar\u0259t-iqtisadi \u0259laq\u0259l\u0259ri. M\u0259qal\u0259. GDU.Elmi X\u0259b\u0259rl\u0259.Fundamental, humanitar v\u0259 t\u0259bi\u0259t elml\u0259ri seriyas\u0131, \u2116 2, G\u0259nc\u0259, 2019, s.218-226<\/li>\n\n\n\n<li>\u201cQafqaz Albaniyas\u0131nda ordu&nbsp; t\u0259\u015fkilat\u0131. G\u0259nc\u0259 D\u00f6vl\u0259t Universitetinin , G\u0259nc aliml\u0259rin IV&nbsp; Beyn\u0259lxalq Elmi konfrans\u0131 24-25 oktyabr, I hiss\u0259, G\u0259nc\u0259-2019. s.74-76.<\/li>\n\n\n\n<li>Dahi&nbsp; Az\u0259rbaycan \u015fairi Nizami G\u0259nc\u0259vinin- 880 illik&nbsp; yubileyin\u0259 h\u0259sr olunmu\u015f Beyn\u0259lxalq Elmi Konfrans.12-13 noyabr 2021-ci&nbsp; il<\/li>\n\n\n\n<li>G\u0259nc\u0259 xanl\u0131\u011f\u0131n\u0131n h\u0259rbi m\u00fcdafi\u0259 sistemi. M\u0259qal\u0259. G\u0259nc\u0259 D\u00f6vl\u0259t Universi teti, Elmi X\u0259b\u0259rl\u0259r, G\u0259nc\u0259 2021,<\/li>\n\n\n\n<li>\u00dcmumi lider Heyd\u0259r \u018fliyev v\u0259 G\u0259nc\u0259d\u0259 milli m\u0259d\u0259niyy\u0259tin inki\u015faf\u0131&nbsp; (1969-&nbsp; 1982-ci ill\u0259r) \u201cAz\u0259rbaycan xalq\u0131n\u0131n\u201d \u00dcmumilli lideri Heyd\u0259r \u018fliyevin anadan olmas\u0131n\u0131n 99-cu ild\u00f6n\u00fcm\u00fcn\u0259 h\u0259sr olunmu\u015f \u201cHeyd\u0259r \u018fliyev d\u00fchas\u0131 v\u0259 m\u00fcasir Az\u0259rbaycan\u201d m\u00f6vzusunda Elmi N\u0259z\u0259ri&nbsp; Konfrans\u0131n Materiallar\u0131, \/\/Ming\u0259\u00e7evir 4-5 may 2022-ci il\/\/<\/li>\n\n\n\n<li>\u041a\u0440\u0430\u0442\u043a\u0438\u0439 \u043e\u0431\u0437\u043e\u0440 \u0441\u043e\u0432\u0440\u0435\u043c\u0435\u043d\u043d\u044b\u0445 \u043c\u0435\u0442\u043e\u0434\u043e\u0432 \u043e\u0431\u0443\u0447\u0435\u043d\u0438\u044f &nbsp;\u201cG\u0259nc aliml\u0259rin \u015eu\u015fa ilin\u0259 h\u0259sr olunmu\u015f beyn\u0259lxalq konfrans\u0131\u201d.GDU 9-10-&nbsp; dek.2022 ci il&nbsp;&nbsp;<\/li>\n\n\n\n<li>N\u0130ZAM\u0130 G\u018fNC\u018fV\u0130 \u018fS\u018fRL\u018fR\u0130N\u0130N M\u018fNB\u018fL\u018fR\u0130N\u018f DA\u0130R. Dahi Az\u0259rbaycan \u015fairi Nizami G\u0259nc\u0259vinin -800 illik yubileyin\u0259 h\u0259sr olunmu\u015f Beyn\u0259lxlaq&nbsp; Elmi&nbsp; Konfrans\u0131n Materiallar\u0131, \/\/ G\u0259nc\u0259, 12-13 noyabr 2021, s\u0259h.181-184<\/li>\n\n\n\n<li>\u00dcmummilli lider H.\u018fliyev v\u0259 G\u0259nc\u0259d\u0259 xalq\u0131n tarixi yadda\u015f\u0131n\u0131n \u00f6z\u00fcn\u0259 qaytar\u0131lmas\u0131 prosesi Az\u0259rbaycan xalq\u0131n\u0131n \u00dcmumilli lideri Heyd\u0259r \u018fliyevin anadan olmas\u0131n\u0131n 100 ild\u00f6n\u00fcm\u00fcn\u0259 h\u0259sr olunmu\u015f \u201cHeyd\u0259r \u018fliyev v\u0259 milli d\u00f6vl\u0259t\u00e7ilik m\u0259s\u0259l\u0259l\u0259ri\u201d m\u00f6vzusunda Respublika Elmi Konfrans\u0131n Materiallar\u0131, Nax\u00e7\u0131van, 25-26 may 2023, s\u0259h.294-300<\/li>\n<\/ul>\n\n\n\n<p><strong>\u0130brahimova\u00c7inar\u0259 Yasin q\u0131z\u0131<\/strong><\/p>\n\n\n\n<figure class=\"wp-block-image size-full\"><a href=\"https:\/\/tcf.gdu.edu.az\/wp-content\/uploads\/2024\/03\/image-14.png\"><img loading=\"lazy\" decoding=\"async\" width=\"146\" height=\"219\" src=\"https:\/\/tcf.gdu.edu.az\/wp-content\/uploads\/2024\/03\/image-14.png\" alt=\"\" class=\"wp-image-3396\"\/><\/a><\/figure>\n\n\n\n<p><em>GDU-nun Az\u0259rbaycan tarixi kafedras\u0131n\u0131n m\u00fc\u0259llimi<\/em><\/p>\n\n\n\n<p><em>Telefon: <\/em>055-585-44-33<\/p>\n\n\n\n<p><em>E-mail:<\/em> ibrahimovacinara@gmail.com<\/p>\n\n\n\n<p><strong>QISA BIOQRAFIK M\u018fLUMAT<\/strong><\/p>\n\n\n\n<ul class=\"wp-block-list\">\n<li>1985-ci il avqust ay\u0131n\u0131n 24-d\u0259 G\u0259nc\u0259 \u015f\u0259h\u0259rind\u0259 anadan olmu\u015fdur.<\/li>\n\n\n\n<li>2003-c\u00fc ild\u0259 orta m\u0259kt\u0259bi bitirmi\u015fdir<\/li>\n<\/ul>\n\n\n\n<p><strong>T\u018fHS\u0130L\u0130 V\u018f ELM\u0130 D\u018fR\u018fC\u018f V\u018f ELM\u0130 ADLARI<\/strong><\/p>\n\n\n\n<ul class=\"wp-block-list\">\n<li>2007-ci ild\u0259 G\u0259nc\u0259 D\u00f6vl\u0259t Universitetinin Tarix ixtisas\u0131n\u0131 bitirmi\u015fdir<\/li>\n\n\n\n<li>2009-cu ild\u0259 G\u0259nc\u0259 D\u00f6vl\u0259t Universitetinin magistratura pill\u0259sini ba\u015fa vurmu\u015fdur<\/li>\n<\/ul>\n\n\n\n<p><strong>\u018fM\u018fK F\u018fAL\u0130YY\u018fT\u0130<\/strong><\/p>\n\n\n\n<ul class=\"wp-block-list\">\n<li>2009-cu ild\u0259 d\u0259 Az\u0259rbaycan tarixi kafedras\u0131nda kabin\u0259 m\u00fcd\u00fcr\u00fc v\u0259zif\u0259sind\u0259 \u00e7al\u0131\u015fm\u0131\u015fd\u0131r.<\/li>\n\n\n\n<li>2010-ci ild\u0259n is\u0259 GDU-nin Az\u0259rbaycan tarixi kafedras\u0131n\u0131n m\u00fc\u0259llimi v\u0259zif\u0259sind\u0259 i\u015fl\u0259yir<\/li>\n<\/ul>\n\n\n\n<p><strong>&nbsp;&nbsp;&nbsp;&nbsp;&nbsp;&nbsp;&nbsp;&nbsp;&nbsp;&nbsp;&nbsp; SE\u00c7\u0130LM\u0130\u015e \u018fS\u018fRL\u018fR\u0130<\/strong><\/p>\n\n\n\n<ul class=\"wp-block-list\">\n<li>20&nbsp; Yanvar-Az\u0259rbaycan xalq\u0131n\u0131n silinm\u0259z qan yadda\u015f\u0131, GDU, Elmi x\u0259b\u0259rl\u0259ri, \u21163, G\u0259nc\u0259, 2014<\/li>\n\n\n\n<li>XX \u0259sr Az\u0259rbaycan neft strategiyas\u0131, GDU, Elmi x\u0259b\u0259rl\u0259ri, \u21164, G\u0259nc\u0259, 2014<\/li>\n\n\n\n<li>20 Yanvar- Az\u0259rbaycan xalq\u0131n\u0131n&nbsp; silinm\u0259z qan yadda\u015f\u0131\\\\GDU 2018 Elmi x\u0259b\u0259rl\u0259r \u21163, 8 s\u0259h.<\/li>\n\n\n\n<li>XX \u0259sr Az\u0259rbaycanda neft strategiyas\u0131\\\\GDU 2018&nbsp; Elmix\u0259b\u0259rl\u0259rseryas\u0131 \u2116 4, 6 s\u0259h.&nbsp;<\/li>\n\n\n\n<li>&nbsp;\u201cQaraba\u011f&nbsp; xanl\u0131\u011f\u0131\u201d\/\/ G\u0259nc\u0259&nbsp; D\u00f6vl\u0259t Universiteti,&nbsp; Elmi X\u0259b\u0259rl\u0259r, Fundamental,&nbsp; humanitar v\u0259 t\u0259bii elml\u0259r seryas\u0131&nbsp; \u21162, G\u0259nc\u0259 &#8211; 2018, s\u0259h. 287-290;<\/li>\n\n\n\n<li>Heyd\u0259r \u018fliyev v\u0259 milli m\u0259n\u0259vi d\u0259y\u0259rl\u0259rin qorunmas\u0131.<\/li>\n\n\n\n<li>\u201cAz\u0259rbaycan Xalq Cumhuriyy\u0259tinin L\u0259nk\u0259ran \u0259m\u0259liyyat\u0131 haqq\u0131nda\u201d GDU elmi x\u0259b\u0259rl\u0259r m\u0259cmu\u0259si G\u0259nc\u0259 2020-ci il<\/li>\n<\/ul>\n\n\n\n<p><strong>Zeynalova Xo\u015fq\u0259d\u0259m Xaliq q\u0131z\u0131<\/strong><\/p>\n\n\n\n<figure class=\"wp-block-image size-full\"><a href=\"https:\/\/tcf.gdu.edu.az\/wp-content\/uploads\/2024\/03\/image-15.png\"><img loading=\"lazy\" decoding=\"async\" width=\"139\" height=\"140\" src=\"https:\/\/tcf.gdu.edu.az\/wp-content\/uploads\/2024\/03\/image-15.png\" alt=\"\" class=\"wp-image-3397\"\/><\/a><\/figure>\n\n\n\n<ul class=\"wp-block-list\">\n<li>Az\u0259rbaycan tarixi kafedras\u0131n\u0131n m\u00fc\u0259llimi<\/li>\n\n\n\n<li>Telefon +994502731881<\/li>\n\n\n\n<li>E-mail: <a href=\"mailto:xoshqadam.zeynalli@bk.ru\">xoshqadam.zeynalli@bk.ru<\/a><\/li>\n<\/ul>\n\n\n\n<p><strong>QISA B\u0130<\/strong><strong>OQRAF<\/strong><strong>\u0130K M\u018fLUMAT<\/strong><\/p>\n\n\n\n<ul class=\"wp-block-list\">\n<li>12 noyabr 1993 -c\u00fc ild\u0259 Goranboy rayonunun&nbsp; Qarada\u011fl\u0131 k\u0259ndind\u0259 anadan olmu\u015fdur. Ail\u0259lidir. 2 \u00f6vlad\u0131 var.<\/li>\n\n\n\n<li>2017-ci ild\u0259n YAP-\u0131n \u00fczv\u00fcd\u00fcr.<\/li>\n<\/ul>\n\n\n\n<p><strong>T\u018fHS\u0130L\u0130<\/strong><strong>, ELM<\/strong><strong>\u0130 D\u018fR\u018fC\u018fS\u0130<\/strong><strong>, ELM<\/strong><strong>\u0130 ADLARI<\/strong><\/p>\n\n\n\n<ul class=\"wp-block-list\">\n<li>2011-ci ild\u0259, G\u0259nc\u0259 \u015f\u0259h\u0259ri 36 sayl\u0131 m\u0259kt\u0259bi bitirib.<\/li>\n\n\n\n<li>2015-ci ild\u0259, Az\u0259rbaycan M\u00fc\u0259lliml\u0259r \u0130nsitutunun&nbsp; Tarix-Co\u011frafiya fakult\u0259sinin, Tarix-Co\u011frafiya m\u00fc\u0259llimliyi ixtisas\u0131 \u00fczr\u0259 bakalavr pill\u0259sini bitirib.<\/li>\n\n\n\n<li>2023-c\u00fc ild\u0259 G\u0259nc\u0259 D\u00f6vl\u0259t Universitetinin Magistratura \u015f\u00f6b\u0259sinin &#8221; Sosial Pedaqogika&#8221; ixtisasini bitirib.<\/li>\n<\/ul>\n\n\n\n<p><strong>\u018fM\u018fK F\u018fAL\u0130YY\u018fT\u0130<\/strong><\/p>\n\n\n\n<ul class=\"wp-block-list\">\n<li>2016-2017-ci ill\u0259rd\u0259 G\u0259nc\u0259 \u015f\u0259h\u0259r 36 sayl\u0131 m\u0259kt\u0259bd\u0259 m\u00fc\u0259llim v\u0259zif\u0259sind\u0259 \u00e7al\u0131\u015fm\u0131\u015fd\u0131r.<\/li>\n\n\n\n<li>2023-c\u00fc ild\u0259n G\u0259nc\u0259 D\u00f6vl\u0259t Universiteti, Az\u0259rbaycan tarixi kafedras\u0131n\u0131n m\u00fc\u0259llimidir.<\/li>\n<\/ul>\n\n\n\n<p>&nbsp; <\/p>\n\n\n\n<p><strong>&nbsp;V\u018fL\u0130YEV&nbsp; F\u018fR\u0130D&nbsp; S\u00dcBHAN o\u011flu&nbsp;<\/strong>&nbsp;&nbsp;&nbsp;&nbsp;&nbsp;&nbsp;&nbsp;&nbsp;&nbsp;&nbsp;<\/p>\n\n\n\n<figure class=\"wp-block-image size-full\"><a href=\"https:\/\/tcf.gdu.edu.az\/wp-content\/uploads\/2024\/03\/image-16.png\"><img loading=\"lazy\" decoding=\"async\" width=\"137\" height=\"150\" src=\"https:\/\/tcf.gdu.edu.az\/wp-content\/uploads\/2024\/03\/image-16.png\" alt=\"\" class=\"wp-image-3398\"\/><\/a><\/figure>\n\n\n\n<p>&nbsp;&nbsp;&nbsp;&nbsp;&nbsp;&nbsp;&nbsp;&nbsp;&nbsp;&nbsp;&nbsp;&nbsp;&nbsp;&nbsp;&nbsp;&nbsp;&nbsp;&nbsp;&nbsp;&nbsp;&nbsp;&nbsp;&nbsp;&nbsp;&nbsp;&nbsp;&nbsp;&nbsp;&nbsp;<\/p>\n\n\n\n<p><em>Az\u0259rbaycan tarixi kafedras\u0131n\u0131n m\u00fc\u0259llimi&nbsp;&nbsp;&nbsp;&nbsp;&nbsp;&nbsp;&nbsp;&nbsp;&nbsp;&nbsp;&nbsp;&nbsp;&nbsp;&nbsp;&nbsp;&nbsp;&nbsp;&nbsp;&nbsp;&nbsp;&nbsp;&nbsp;&nbsp;&nbsp;&nbsp;&nbsp;&nbsp;&nbsp;&nbsp;&nbsp;&nbsp;&nbsp;<\/em><\/p>\n\n\n\n<p><em>&nbsp;&nbsp;&nbsp;&nbsp; <\/em><em>Telefon:&nbsp; 070-276-92-19<\/em><\/p>\n\n\n\n<p><em>&nbsp;&nbsp;&nbsp;&nbsp; <\/em><em>E-mail: nasdaqt<\/em><em>@gmail.com<\/em><\/p>\n\n\n\n<p><strong>QISA B\u0130OQRAF\u0130K M\u018fLUMAT<\/strong><\/p>\n\n\n\n<ul class=\"wp-block-list\">\n<li>V\u0259liyev F\u0259rid S\u00fcbhan o\u011flu 12 sentyabr 1980-ci ild\u0259 G\u0259nc\u0259 \u015f\u0259h\u0259rind\u0259 anadan olmu\u015fdur.<\/li>\n\n\n\n<li>1997-ci ild\u0259 G\u0259nc\u0259 \u015f\u0259h\u0259r 6 sayl\u0131 orta m\u0259kt\u0259bi bitirmi\u015fdir.<\/li>\n<\/ul>\n\n\n\n<p><strong>T\u018fHS\u0130L\u0130 V\u018f ELM\u0130&nbsp;D\u018fR\u018fC\u018f V\u018f ELM\u0130 ADLARI<\/strong><\/p>\n\n\n\n<ul class=\"wp-block-list\">\n<li>2001-ci ild\u0259 G\u0259nc\u0259 D\u00f6vl\u0259t Universitetinin Tarix v\u0259 \u0130ctimaiyy\u0259t ixtisas\u0131n\u0131 bitirmi\u015fdir.<\/li>\n\n\n\n<li>2009-cu ild\u0259 G\u0259nc\u0259 D\u00f6vl\u0259t Universitenin Avropa v\u0259 Amerikan\u0131n yeni v\u0259 \u0259n yeni tarixi ixtisas\u0131 \u00fczr\u0259 magistr d\u0259r\u0259c\u0259si (f\u0259rql\u0259nm\u0259)<\/li>\n\n\n\n<li>2019-2023-c\u00fc ill\u0259rd\u0259 G\u0259nc\u0259 D\u00f6vl\u0259t Universitetinin doktorant\u0131 olmu\u015fdur.<\/li>\n<\/ul>\n\n\n\n<p><strong>\u018fM\u018fK F\u018fAL\u0130YY\u018fT\u0130<\/strong><\/p>\n\n\n\n<ul class=\"wp-block-list\">\n<li>&nbsp;2001-2004&nbsp; &#8211; Laborant (G\u0259nc\u0259 M\u0259i\u015f\u0259t Xidm\u0259ti kolleci)<\/li>\n\n\n\n<li>2004-2021 \u2013 \u00d6z\u0259l t\u0259\u015fkilatlarda f\u0259aliyy\u0259t.<\/li>\n\n\n\n<li>2021-2022 \u2013 M\u00fc\u0259llim &#8211; saat hesab\u0131 (G\u0259nc\u0259 D\u00f6vl\u0259t Universiteti)<\/li>\n\n\n\n<li>2022-Hal-haz\u0131rda \u2013 M\u00fc\u0259llim \u2013 tam \u015ftat (G\u0259nc\u0259 D\u00f6vl\u0259t Universiteti)<\/li>\n<\/ul>\n\n\n\n<ol style=\"list-style-type:1\" class=\"wp-block-list\">\n<li>T\u0259dqiqat sah\u0259si:&nbsp; T\u00fcrkiy\u0259 C\u00fcmhuriyy\u0259ti son 100 ild\u0259.&nbsp;<\/li>\n<\/ol>\n\n\n\n<ul class=\"wp-block-list\">\n<li>&nbsp;Elmi \u0259s\u0259rl\u0259ri:<\/li>\n\n\n\n<li>\u201c\u0130randa&nbsp; 1951-1953-c\u00fc ill\u0259rd\u0259 neft s\u0259nayesinin millil\u0259\u015fdirilm\u0259si v\u0259 onun n\u0259tic\u0259l\u0259ri\u201d. M\u0259qal\u0259. \u201cElmi x\u0259b\u0259rl\u0259r\u201d-3-c\u00fc cild, GDU 2018<\/li>\n<\/ul>\n\n\n\n<p>2. \u201cT\u00fcrkiy\u0259 silahl\u0131 q\u00fcvv\u0259l\u0259rinin \u018ffqan\u0131standa s\u00fclhm\u0259raml\u0131 f\u0259aliyy\u0259tinin q\u0131sa x\u00fclas\u0259si\u201d M\u0259qal\u0259.&nbsp; \u201cElmi x\u0259b\u0259rl\u0259r\u201d \u2013 1-ci cild&nbsp; GDU&nbsp; 2021.<\/p>\n\n\n\n<p>3. \u201cT\u00fcrk istiklal harbi m\u00fcharibeleri\u201d Kitab\/H\u0259mm\u00fc\u0259llif.&nbsp; Paradigma Akademi, \u00c7anakkale, 2022&nbsp;<\/p>\n\n\n\n<ul class=\"wp-block-list\">\n<li>Beyn\u0259lxalq v\u0259 respublika simpozium v\u0259 konfranslarda i\u015ftirak\u0131:<\/li>\n\n\n\n<li>\u201c\u0130kinci d\u00fcnya m\u00fcharib\u0259sind\u0259n sonra T\u00fcrkiy\u0259-AB\u015e \u0259laq\u0259l\u0259ri\u201d&nbsp; Konfrans. G\u0259nc Aliml\u0259rin 4-c\u00fc Elmi-Praktiki Konfrans\u0131. GDU&nbsp;&nbsp; 25-26 oktyabr 2019.<\/li>\n\n\n\n<li>\u201cT\u00fcrkiy\u0259d\u0259 m\u00fcdafi\u0259 s\u0259nayesinin yarad\u0131l\u0131\u015f\u0131na bax\u0131\u015f\u201d Konfrans.&nbsp; \u0130nternational Baku Scientific Researches Conference. \/ Odlar Yurdu University-IKSAD Institute (Turkey)&nbsp; 28-30 aprel, 2021<\/li>\n<\/ul>\n\n\n\n<p>4). Xarici dill\u0259r:&nbsp; Rus dili, \u0130ngilis dili, T\u00fcrk dili.<\/p>\n\n\n\n<p><strong><em>\u0130SMAYILOVA AL\u0130D\u018f C\u018fF\u018fR QIZI<\/em><\/strong><\/p>\n\n\n\n<figure class=\"wp-block-image size-full\"><a href=\"https:\/\/tcf.gdu.edu.az\/wp-content\/uploads\/2024\/03\/image-17.png\"><img loading=\"lazy\" decoding=\"async\" width=\"155\" height=\"207\" src=\"https:\/\/tcf.gdu.edu.az\/wp-content\/uploads\/2024\/03\/image-17.png\" alt=\"\" class=\"wp-image-3399\"\/><\/a><\/figure>\n\n\n\n<p><em>G\u0259nc\u0259 D\u00f6vl\u0259t Universitetinin \u201cAz\u0259rbaycan tarixi\u201d kafedras\u0131n\u0131n kabin\u0259 m\u00fcdiri<\/em><\/p>\n\n\n\n<p><em>\u0130\u015f telefonu : 2-66-43-72<\/em><\/p>\n\n\n\n<p><em>Telefon: +994515669147<\/em><\/p>\n\n\n\n<p><em>E-mail;<\/em> <a href=\"mailto:kabinamudiri@gmail.com\">kabinamudiri@gmail.com<\/a><\/p>\n\n\n\n<p><strong>QISA B\u0130OQRAFIK M\u018fLUMAT<\/strong><\/p>\n\n\n\n<ul class=\"wp-block-list\">\n<li>1985-ci ild\u0259 fevral\u0131n 6-da G\u0259nc\u0259 \u015f\u0259h\u0259rind\u0259 anadan olub.<\/li>\n\n\n\n<li>2001-ci ild\u0259 20-sayl\u0131 orta m\u0259kt\u0259bi bitirmi\u015fdir.<\/li>\n\n\n\n<li>Ail\u0259lidir 4 \u00f6vlad\u0131 var.<\/li>\n<\/ul>\n\n\n\n<p><strong>T\u018fHS\u0130L\u0130 V\u018f ELM\u0130 D\u018fR\u018fC\u018f V\u018f ELM\u0130 ADLARI<\/strong><\/p>\n\n\n\n<ul class=\"wp-block-list\">\n<li>2009-cu ild\u0259 G\u0259nc\u0259 D\u00f6vl\u0259t Universitetini bitirmi\u015fdir.<\/li>\n\n\n\n<li>2007-ci ild\u0259n YAP-\u0131n \u00fczv\u00fcd\u00fcr.<\/li>\n<\/ul>\n\n\n\n<p><strong>\u018fM\u018fK F\u018fAL\u0130YY\u018fT\u0130<\/strong><\/p>\n\n\n\n<ul class=\"wp-block-list\">\n<li>2009-cu ild\u0259n G\u0259nc\u0259 D\u00f6vl\u0259t Universitetinin \u201cAz\u0259rbaycan tarixi\u201d kafedras\u0131n\u0131n kabin\u0259 m\u00fcdiri v\u0259zif\u0259sind\u0259 \u00e7al\u0131\u015f\u0131r.<\/li>\n<\/ul>\n\n\n\n<p><strong><em>\u018fl\u0259sg\u0259rov R\u0259\u015fad Zakir o\u011flu<\/em><\/strong><br><\/p>\n\n\n\n<figure class=\"wp-block-image size-full\"><a href=\"https:\/\/tcf.gdu.edu.az\/wp-content\/uploads\/2024\/03\/image-18.png\"><img loading=\"lazy\" decoding=\"async\" width=\"151\" height=\"189\" src=\"https:\/\/tcf.gdu.edu.az\/wp-content\/uploads\/2024\/03\/image-18.png\" alt=\"\" class=\"wp-image-3400\"\/><\/a><\/figure>\n\n\n\n<p><strong><em>G\u0259nc\u0259 D\u00f6vl\u0259t Universitetinin Az\u0259rbaycan tarixi kafedras\u0131n\u0131n b\u00f6y\u00fck laborant\u0131<\/em><\/strong><\/p>\n\n\n\n<p><em>Telefon<\/em>: +994709911919<\/p>\n\n\n\n<p><em>e-mail: rashadalesgerov@rambler.ru<\/em><\/p>\n\n\n\n<p><strong>QISA B\u0130OQRAF\u0130K M\u018fLUMAT<\/strong><\/p>\n\n\n\n<ul class=\"wp-block-list\">\n<li>1978-c\u0131 il oktyabr\u0131n 25-d\u0259 G\u0259nc\u0259 \u015f\u0259h\u0259rind\u0259 ziyal\u0131 ail\u0259sind\u0259 anadan olmu\u015fdur.<\/li>\n\n\n\n<li>1985-c\u00fc ild\u0259 \u0130.Qay\u0131bov ad\u0131na1 sayl\u0131 orta m\u0259kt\u0259b\u0259 daxil olmu\u015fdur.<\/li>\n\n\n\n<li>1995- c\u00fc ild\u0259 \u018f.Cavad ad\u0131na 2 sayl\u0131 orta m\u0259kt\u0259bi bitirmi\u015fdir.<\/li>\n\n\n\n<li>Ail\u0259lidir 3 \u00f6vlad\u0131 var.<\/li>\n\n\n\n<li>2002-ci ild\u0259n YAP-\u0131n \u00fczv\u00fcd\u00fcr.<\/li>\n<\/ul>\n\n\n\n<p><strong>T\u018fHS\u0130L\u0130 V\u018f ELM\u0130 D\u018fR\u018fC\u018f V\u018f ELM\u0130 ADLARI<\/strong><\/p>\n\n\n\n<ul class=\"wp-block-list\">\n<li>1996-c\u00fc ild\u0259 Az\u0259rbaycan Texnologiya \u0130nsitutuna&nbsp; daxil olmu\u015fdur<\/li>\n\n\n\n<li>2000-ci ild\u0259 Az\u0259rbaycan Texnologiya \u0130nsitutunu bitirmi\u015fdir<\/li>\n\n\n\n<li>2003-2005-c\u00fc ill\u0259rd\u0259 G\u0259nc\u0259 D\u00f6vl\u0259t Universitetinin magistratura pill\u0259sini Informatika istiqam\u0259ti \u00fczr\u0259 f\u0259rql\u0259nm\u0259 diplomu il\u0259 bitirmi\u015fdir.<\/li>\n<\/ul>\n\n\n\n<p>.<\/p>\n\n\n\n<p><strong>\u018fM\u018fK F\u018fAL\u0130YY\u018fT\u0130<\/strong><\/p>\n\n\n\n<ul class=\"wp-block-list\">\n<li>2002-ci ild\u0259n GDU-nun Az\u0259rbaycan tarixi kafedras\u0131nda b\u00f6y\u00fck laborant v\u0259zif\u0259sind\u0259 \u00e7al\u0131\u015f\u0131r.<\/li>\n<\/ul>\n\n\n\n<p><strong><em>M\u0259h\u0259rr\u0259mov&nbsp; R\u00fcf\u0259t R\u0259\u015fid o\u011flu<\/em><\/strong><\/p>\n\n\n\n<figure class=\"wp-block-image size-full\"><a href=\"https:\/\/tcf.gdu.edu.az\/wp-content\/uploads\/2024\/03\/image-20.png\"><img loading=\"lazy\" decoding=\"async\" width=\"117\" height=\"148\" src=\"https:\/\/tcf.gdu.edu.az\/wp-content\/uploads\/2024\/03\/image-20.png\" alt=\"\" class=\"wp-image-3402\"\/><\/a><\/figure>\n\n\n\n<p>GDU-nun Az\u0259rbaycan tarixi kafedras\u0131n\u0131n ba\u015f laborant\u0131.<\/p>\n\n\n\n<p><em>Telefon: +994777699988<\/em><\/p>\n\n\n\n<p><em>E-mail; <\/em><a href=\"mailto:meherremovrufet0011@gmail.com\">meherremovrufet0011@gmail.com<\/a><\/p>\n\n\n\n<p><strong>Q\u0131sa bioqrafik m\u0259lumat.<\/strong><\/p>\n\n\n\n<ul class=\"wp-block-list\">\n<li>1975-ci il aprel ay\u0131n\u0131n 28-d\u0259 Az\u0259rbaycan SSR Kirovabad \u015f\u0259h\u0259rind\u0259 anadan olmu\u015fdur.<\/li>\n\n\n\n<li>1982-ci ild\u0259 N.G\u0259nc\u0259vi ad\u0131na 11 sayl\u0131 orta m\u0259kt\u0259b\u0259 gedib.<\/li>\n\n\n\n<li>1992-ci ild\u0259 bitirmi\u015fdir.<\/li>\n<\/ul>\n\n\n\n<p>&nbsp;&nbsp; <strong>T\u0259hsil v\u0259 elmi d\u0259r\u0259c\u0259si v\u0259 elm adlar\u0131.<\/strong><\/p>\n\n\n\n<ul class=\"wp-block-list\">\n<li>1993-c\u00fc ild\u0259 G\u0259nc\u0259 D\u00f6vl\u0259t Pedogoji \u0130nstitutunun Qazax filial\u0131na daxil olmu\u015fdur.<\/li>\n\n\n\n<li>1998-ci ild\u0259&nbsp; G\u0259nc\u0259&nbsp; D\u00f6vl\u0259t Universitetinin tarix fak\u00fclt\u0259sini bitirmi\u015fdir.<\/li>\n\n\n\n<li>2000-ci ild\u0259 G\u0259nc\u0259 D\u00f6vl\u0259t Universitetinin magistraturas\u0131n\u0131n&nbsp; \u201cAz\u0259rbaycan\u0131n yeni v\u0259 \u0259n yeni tarixi\u201d istiqam\u0259ti&nbsp; \u00fczr\u0259&nbsp; \u0259yani \u015f\u00f6b\u0259sini f\u0259rql\u0259nm\u0259 diplomu il\u0259 bitirmi\u015fdir.<\/li>\n<\/ul>\n\n\n\n<p>&nbsp;<strong>\u018fm\u0259k f\u0259aliyy\u0259ti.<\/strong><strong><\/strong><\/p>\n\n\n\n<ul class=\"wp-block-list\">\n<li>2007-ci ild\u0259n G\u0259nc\u0259 D\u00f6vl\u0259t Universitenin&nbsp; Az\u0259rbaycan tarixi kafedras\u0131n\u0131n ba\u015f laborant v\u0259zif\u0259sind\u0259 i\u015fl\u0259yir.<\/li>\n<\/ul>\n\n\n\n<p><strong><em>\u018fS\u018fDOVA S\u018fAD\u018fT AD\u0130L QIZI<\/em><\/strong><\/p>\n\n\n\n<figure class=\"wp-block-image size-full\"><a href=\"https:\/\/tcf.gdu.edu.az\/wp-content\/uploads\/2024\/03\/image-21.png\"><img loading=\"lazy\" decoding=\"async\" width=\"151\" height=\"189\" src=\"https:\/\/tcf.gdu.edu.az\/wp-content\/uploads\/2024\/03\/image-21.png\" alt=\"\" class=\"wp-image-3403\"\/><\/a><\/figure>\n\n\n\n<p><em>G\u0259nc\u0259 D\u00f6vl\u0259t Universitetinin \u201cAz\u0259rbaycan tarixi\u201d kafedras\u0131n\u0131n b\u00f6y\u00fck laborant\u0131<\/em><\/p>\n\n\n\n<p><em>\u0130\u015f telefonu : 2-66-43-72<\/em><\/p>\n\n\n\n<p><em>Telefon: +994514010005<\/em><\/p>\n\n\n\n<p><em>E-mail; <\/em><a href=\"mailto:seadetasadova68@gmail.com\">seadetasadova68@gmail.com<\/a><\/p>\n\n\n\n<p><strong>QISA B\u0130OQRAFIK M\u018fLUMAT<\/strong><\/p>\n\n\n\n<ul class=\"wp-block-list\">\n<li>1968-ci il fevral\u0131n 22-d\u0259 G\u0259nc\u0259 \u015f\u0259h\u0259rind\u0259 ziyal\u0131 ail\u0259sind\u0259 anadan olmu\u015fdur.<\/li>\n\n\n\n<li>1984-c\u00fc ild\u0259 39-sayl\u0131 orta m\u0259kt\u0259bi bitirmi\u015fdir.<\/li>\n\n\n\n<li>Ail\u0259lidir 3 \u00f6vlad\u0131 var<\/li>\n<\/ul>\n\n\n\n<p><strong>T\u018fHS\u0130L\u0130 V\u018f ELM\u0130 D\u018fR\u018fC\u018f V\u018f ELM\u0130 ADLARI<\/strong><\/p>\n\n\n\n<ul class=\"wp-block-list\">\n<li>1989-cu ild\u0259 Az\u0259rbaycan Texnologiya \u0130nsititunu \u201cf\u0259rql\u0259nm\u0259\u201d diplomu il\u0259 bitirmi\u015fdir.<\/li>\n\n\n\n<li>2001-ci ild\u0259 Az\u0259rbaycan M\u00fc\u0259lliml\u0259r&nbsp; \u0130nsititunun G\u0259nc\u0259 filial\u0131n\u0131 tarix \u00fczr\u0259 tam \u201cYenid\u0259n haz\u0131rlanma\u201d fak\u00fclt\u0259sini bitirmi\u015fdir.<\/li>\n\n\n\n<li>2012-ci ild\u0259 GDU-nun \u201cV\u0259t\u0259n tarixi\u201d ixtisas\u0131 \u00fczr\u0259 doktoranturaya q\u0259bul edilmi\u015fdir.<\/li>\n<\/ul>\n\n\n\n<p><strong>\u018fM\u018fK F\u018fAL\u0130YY\u018fT\u0130<\/strong><\/p>\n\n\n\n<ul class=\"wp-block-list\">\n<li>1989cu il-T\u0259dris \u0130stehsalat kombinat\u0131-m\u00fc\u0259llim\u0259 i\u015fl\u0259mi\u015fdir<\/li>\n\n\n\n<li>1991-ci il \u2013M\u0259i\u015f\u0259t Xidm\u0259ti Texnikumu-m\u00fc\u0259llim\u0259 i\u015fl\u0259mi\u015fdir<\/li>\n\n\n\n<li>1995-ci il- M\u0259i\u015f\u0259t Xidm\u0259ti Kolleci-m\u00fc\u0259llim\u0259&nbsp; i\u015fl\u0259mi\u015fdir<\/li>\n\n\n\n<li>2000-2007-ci il- Az\u0259rbaycan M\u00fc\u0259lliml\u0259r \u0130nstitutu G\u0259nc\u0259 Filial\u0131-Humanitar, Sosial v\u0259 \u0130qtisadi f\u0259nl\u0259r kafedras\u0131- tarix m\u00fc\u0259llimi i\u015fl\u0259mi\u015fdir<\/li>\n\n\n\n<li>2011-ci il- GDU \u201cAz\u0259rbaycan tarixi \u201dkafedras\u0131n laborant v\u0259zif\u0259sind\u0259 i\u015f\u0259 ba\u015flam\u0131\u015fd\u0131r<\/li>\n\n\n\n<li>2013-c\u00fc ild\u0259n b\u00f6y\u00fck laborant v\u0259zif\u0259sind\u0259 f\u0259aliyy\u0259t g\u00f6st\u0259rir.<\/li>\n<\/ul>\n\n\n\n<p><strong><em>\u018fliyeva X\u0259dic\u0259 \u0130lham q\u0131z\u0131<\/em><\/strong><\/p>\n\n\n\n<figure class=\"wp-block-image size-full\"><a href=\"https:\/\/tcf.gdu.edu.az\/wp-content\/uploads\/2024\/03\/image-22.png\"><img loading=\"lazy\" decoding=\"async\" width=\"167\" height=\"225\" src=\"https:\/\/tcf.gdu.edu.az\/wp-content\/uploads\/2024\/03\/image-22.png\" alt=\"\" class=\"wp-image-3404\"\/><\/a><\/figure>\n\n\n\n<p><strong><em>G\u0259nc\u0259 D\u00f6vl\u0259t Universitetinin Az\u0259rbaycan tarixi kafedras\u0131n\u0131n laborant\u0131<\/em><\/strong><\/p>\n\n\n\n<p><em>\u0130\u015f telefonu : 2-66-43-72<\/em><\/p>\n\n\n\n<p><em>Telefon: +994556603369<\/em><\/p>\n\n\n\n<p><em>e-mail: <\/em><a href=\"mailto:xadicaaleyeva@mail.ru\">xadicaaleyeva@mail.ru<\/a><\/p>\n\n\n\n<p><strong>QISA B\u0130OQRAF\u0130K M\u018fLUMAT<\/strong><\/p>\n\n\n\n<ul class=\"wp-block-list\">\n<li>1995 \u2013 ci il iyunun 16-da G\u0259nc\u0259 \u015f\u0259h\u0259rind\u0259 ziyal\u0131 ail\u0259sind\u0259 anadan olmu\u015fdur.<\/li>\n\n\n\n<li>2001-ci ild\u0259 G\u0259nc\u0259 \u015f\u0259h\u0259ri C.Cabbarl\u0131 ad\u0131na 6 sayl\u0131 orta m\u0259kt\u0259b\u0259 daxil olmu\u015fdur.<\/li>\n\n\n\n<li>2012-ci ild\u0259&nbsp; G\u0259nc\u0259 \u015f\u0259h\u0259ri C.Cabbarl\u0131 ad\u0131na 6 sayl\u0131 orta m\u0259kt\u0259bi bitirmi\u015fdir.<\/li>\n\n\n\n<li>2013-c\u00fc ild\u0259n YAP-\u0131n \u00fczv\u00fcd\u00fcr.<\/li>\n<\/ul>\n\n\n\n<p><strong>T\u018fHS\u0130L\u0130 V\u018f ELM\u0130 D\u018fR\u018fC\u018f V\u018f ELM\u0130 ADLARI<\/strong><\/p>\n\n\n\n<ul class=\"wp-block-list\">\n<li>2013-c\u00fc ild\u0259 G\u0259nc\u0259 D\u00f6vl\u0259t Univesitetinin Tarix m\u00fc\u0259llimliyi ixtisas\u0131na q\u0259bul olmu\u015fdur.<\/li>\n\n\n\n<li>2017 \u2013 ci&nbsp; ild\u0259 G\u0259nc\u0259 D\u00f6vl\u0259t Universitetinin Tarix m\u00fc\u0259llimliyi ixtisan\u0131n bakalavr pill\u0259sini bitirib.<\/li>\n<\/ul>\n\n\n\n<p><strong>\u018fM\u018fK<\/strong><strong> <\/strong><strong>F\u018fAL\u0130YY\u018fT\u0130<\/strong><\/p>\n\n\n\n<ul class=\"wp-block-list\">\n<li>2017-2019 cu ill\u0259rd\u0259 Az\u0259ri Haz\u0131rl\u0131q Kurslar\u0131nda \u00e7al\u0131\u015fm\u0131\u015fd\u0131r.<\/li>\n\n\n\n<li>2020-ci ild\u0259n is\u0259 G\u0259nc\u0259 D\u00f6vl\u0259t Universitetinin Az\u0259rbaycan tarixi kafedras\u0131nda laborant v\u0259zif\u0259sind\u0259 i\u015f\u0259 ba\u015flam\u0131\u015fd\u0131r.<\/li>\n\n\n\n<li>2023-c\u00fc ild\u0259n kafedran\u0131n b\u00f6y\u00fck laborant\u0131d\u0131r<\/li>\n\n\n\n<li>02.03.2023 c\u00fc il 2\/31 sayl\u0131 \u0259mrl\u0259 Universitet r\u0259hb\u0259rliyi t\u0259r\u0259find\u0259n <strong><em>\u201cT\u0259\u015f\u0259kk\u00fcrnam\u0259\u201d<\/em><\/strong> il\u0259 t\u0259ltif olunmu\u015fdur<\/li>\n<\/ul>\n\n\n\n<p><strong>F\u0259rzal\u0131yeva Hamay\u0131l Abdulla q\u0131z\u0131&nbsp;&nbsp;&nbsp;&nbsp;&nbsp;<\/strong><\/p>\n\n\n\n<figure class=\"wp-block-image size-full\"><a href=\"https:\/\/tcf.gdu.edu.az\/wp-content\/uploads\/2024\/03\/image-23.png\"><img loading=\"lazy\" decoding=\"async\" width=\"140\" height=\"182\" src=\"https:\/\/tcf.gdu.edu.az\/wp-content\/uploads\/2024\/03\/image-23.png\" alt=\"\" class=\"wp-image-3405\"\/><\/a><\/figure>\n\n\n\n<p><strong>&nbsp;&nbsp;&nbsp;<\/strong><\/p>\n\n\n\n<p><strong><em>Az\u0259rbaycan tarixi kafedras\u0131n\u0131n b\u00f6y\u00fck laborant\u0131&nbsp;&nbsp;&nbsp;&nbsp;&nbsp;&nbsp;&nbsp;&nbsp;&nbsp;<\/em><\/strong><strong><\/strong><\/p>\n\n\n\n<p><em>Tel: (+994 51) 456 51 44&nbsp;&nbsp;&nbsp;&nbsp;&nbsp;&nbsp;&nbsp;&nbsp;&nbsp;&nbsp;&nbsp;&nbsp;&nbsp;&nbsp;&nbsp;&nbsp;&nbsp;&nbsp;&nbsp;&nbsp;&nbsp;&nbsp;&nbsp;&nbsp;&nbsp;&nbsp;&nbsp;&nbsp;&nbsp;&nbsp;&nbsp;&nbsp;&nbsp;&nbsp;&nbsp;&nbsp;&nbsp;&nbsp;&nbsp;&nbsp;&nbsp;&nbsp;&nbsp;&nbsp;&nbsp;&nbsp;&nbsp;&nbsp;&nbsp;&nbsp;&nbsp;&nbsp;&nbsp;&nbsp;&nbsp;&nbsp;&nbsp;&nbsp;&nbsp;&nbsp;&nbsp;&nbsp;&nbsp;&nbsp;&nbsp;&nbsp;<\/em><\/p>\n\n\n\n<p><em>E-mail:&nbsp;<\/em><a href=\"mailto:hamayilferzeliyeva@gmail.com\"><em>hamayilferzeliyeva@gmail.com<\/em><\/a><em><\/em><\/p>\n\n\n\n<p><strong>QISA B\u0130OQRAF\u0130K M\u018fLUMAT<\/strong><\/p>\n\n\n\n<ul class=\"wp-block-list\">\n<li>F\u0259rzal\u0131yeva Hamay\u0131l Abdulla q\u0131z\u0131 9 yanvar 1996-c\u0131 ild\u0259 Az\u0259rbaycan Respublikas\u0131n\u0131n Goranboy rayonunun Goranl\u0131 k\u0259ndind\u0259 anadan olmu\u015fdur.<\/li>\n\n\n\n<li>2013-c\u00fc ild\u0259 G\u0259nc\u0259 \u015f\u0259h\u0259ri 24 sayl\u0131 orta m\u0259kt\u0259bini bitirmi\u015fdir.<\/li>\n<\/ul>\n\n\n\n<p><strong>T\u018fHS\u0130L\u0130 V\u018f ELM\u0130&nbsp; D\u018fR\u018fC\u018f V\u018f ELM\u0130 ADLARI<\/strong><\/p>\n\n\n\n<p><strong>&nbsp;&nbsp;&nbsp;&nbsp;&nbsp;&nbsp;&nbsp;&nbsp; <\/strong>2013-c\u00fc ild\u0259 G\u0259nc\u0259 D\u00f6vl\u0259t Universitetinin Tarix-Co\u011frafiya fakult\u0259sinin Tarix m\u00fc\u0259llimliyi ixtisas\u0131na q\u0259bul olmu\u015fdur.<\/p>\n\n\n\n<ul class=\"wp-block-list\">\n<li>2017-ci ild\u0259 G\u0259nc\u0259 D\u00f6vl\u0259t Universitetinin Tarix-Co\u011frafiya fak\u00fclt\u0259sinin Tarix m\u00fc\u0259llimliyi ixtisas\u0131n\u0131n bakalavr pill\u0259sini bitirmi\u015fdir.<\/li>\n\n\n\n<li>2019-ci ild\u0259 G\u0259nc\u0259 D\u00f6vl\u0259t Universitetinin \u0130btidai sinifd\u0259 t\u0259drisin metodikas\u0131 v\u0259 metodologiyas\u0131 ixtisas\u0131 \u00fczr\u0259 magistr pill\u0259sin\u0259 daxil olmu\u015fdur.<\/li>\n\n\n\n<li>2021-ci ild\u0259 G\u0259nc\u0259 D\u00f6vl\u0259t Universitetinin \u0130btidai sinifd\u0259 t\u0259drisin metodikas\u0131 v\u0259 metodologiyas\u0131 ixtisas\u0131 \u00fczr\u0259 magistr pill\u0259sini f\u0259rql\u0259nm\u0259 diploma il\u0259 bitirmi\u015fdir.<\/li>\n<\/ul>\n\n\n\n<p><strong>\u018fM\u018fK &nbsp;F\u018fAL\u0130YY\u018fT\u0130<\/strong><\/p>\n\n\n\n<ul class=\"wp-block-list\">\n<li>2023-c\u00fc ilin oktyabr ay\u0131ndan G\u0259nc\u0259 D\u00f6vl\u0259t Universitetinin Az\u0259rbaycan tarixi kafedras\u0131nda b\u00f6y\u00fck laborant v\u0259zif\u0259sind\u0259 \u00e7al\u0131\u015f\u0131r.<\/li>\n<\/ul>\n","protected":false},"excerpt":{"rendered":"<p>Cavadov Asif \u015e\u0259mil o\u011flu Tarix elml\u0259ri namiz\u0259di, dosent&nbsp; QISA B\u0130OQRAF\u0130K M\u018fLUMAT T\u018fHS\u0130L\u0130 V\u018f ELM\u0130 D\u018fR\u018fC\u018f ADLARI \u018fM\u018fK F\u018fAL\u0130YY\u018fT\u0130 T\u018fDQ\u0130QAT SAH\u018fS\u0130 BEYN\u018fLXALQ SEM\u0130NAR, S\u0130MPOZ\u0130UM V\u018f KONFRANSLARDA \u0130\u015eT\u0130RAKI \u2022&nbsp;&nbsp;&nbsp; 11-15 mart 1999-cu il \u201cQ\u0259dim tarix abid\u0259l\u0259rin t\u0259dqiqi v\u0259 qorunmas\u0131n\u0131n aktual probleml\u0259ri konfrans\u0131\u201d T\u0259briz, \u0130ran \u2022&nbsp;&nbsp;&nbsp; 24-26 may 2008-ci il Az\u0259rbaycan Xalq C\u00fcmhuriyy\u0259tinin 90 illiyi il\u0259 ba\u011fl\u0131 Beyn\u0259lxalq [&hellip;]<\/p>\n","protected":false},"author":5,"featured_media":0,"parent":0,"menu_order":0,"comment_status":"closed","ping_status":"closed","template":"","meta":{"footnotes":""},"categories":[22,16],"tags":[],"class_list":["post-3381","page","type-page","status-publish","hentry","category-azrbaycan-tarixi","category-kafedralar"],"_links":{"self":[{"href":"http:\/\/tcf.gdu.edu.az\/index.php?rest_route=\/wp\/v2\/pages\/3381","targetHints":{"allow":["GET"]}}],"collection":[{"href":"http:\/\/tcf.gdu.edu.az\/index.php?rest_route=\/wp\/v2\/pages"}],"about":[{"href":"http:\/\/tcf.gdu.edu.az\/index.php?rest_route=\/wp\/v2\/types\/page"}],"author":[{"embeddable":true,"href":"http:\/\/tcf.gdu.edu.az\/index.php?rest_route=\/wp\/v2\/users\/5"}],"replies":[{"embeddable":true,"href":"http:\/\/tcf.gdu.edu.az\/index.php?rest_route=%2Fwp%2Fv2%2Fcomments&post=3381"}],"version-history":[{"count":3,"href":"http:\/\/tcf.gdu.edu.az\/index.php?rest_route=\/wp\/v2\/pages\/3381\/revisions"}],"predecessor-version":[{"id":4055,"href":"http:\/\/tcf.gdu.edu.az\/index.php?rest_route=\/wp\/v2\/pages\/3381\/revisions\/4055"}],"wp:attachment":[{"href":"http:\/\/tcf.gdu.edu.az\/index.php?rest_route=%2Fwp%2Fv2%2Fmedia&parent=3381"}],"wp:term":[{"taxonomy":"category","embeddable":true,"href":"http:\/\/tcf.gdu.edu.az\/index.php?rest_route=%2Fwp%2Fv2%2Fcategories&post=3381"},{"taxonomy":"post_tag","embeddable":true,"href":"http:\/\/tcf.gdu.edu.az\/index.php?rest_route=%2Fwp%2Fv2%2Ftags&post=3381"}],"curies":[{"name":"wp","href":"https:\/\/api.w.org\/{rel}","templated":true}]}}