{"id":2963,"date":"2023-04-12T10:27:00","date_gmt":"2023-04-12T08:27:00","guid":{"rendered":"https:\/\/tcf.gdu.edu.az\/?page_id=2963"},"modified":"2023-04-12T10:28:18","modified_gmt":"2023-04-12T08:28:18","slug":"quliyev-s%c9%99hriyar-nizami-oglu","status":"publish","type":"page","link":"https:\/\/tcf.gdu.edu.az\/?page_id=2963","title":{"rendered":"QUL\u0130YEV \u015e\u018fHR\u0130YAR N\u0130ZAM\u0130 O\u011eLU"},"content":{"rendered":"\n<figure class=\"wp-block-image size-full\"><a href=\"https:\/\/tcf.gdu.edu.az\/wp-content\/uploads\/2023\/04\/Shehriyar-Quliyev.jpg\"><img loading=\"lazy\" decoding=\"async\" width=\"260\" height=\"346\" src=\"https:\/\/tcf.gdu.edu.az\/wp-content\/uploads\/2023\/04\/Shehriyar-Quliyev.jpg\" alt=\"\" class=\"wp-image-2964\" srcset=\"https:\/\/tcf.gdu.edu.az\/wp-content\/uploads\/2023\/04\/Shehriyar-Quliyev.jpg 260w, https:\/\/tcf.gdu.edu.az\/wp-content\/uploads\/2023\/04\/Shehriyar-Quliyev-225x300.jpg 225w\" sizes=\"auto, (max-width: 260px) 100vw, 260px\" \/><\/a><\/figure>\n\n\n\n<div class=\"wp-block-group has-black-color has-text-color\" style=\"font-size:14px\"><div class=\"wp-block-group__inner-container is-layout-constrained wp-block-group-is-layout-constrained\">\n<p>G\u0259nc\u0259 D\u00f6vl\u0259t Universitetin Sosial f\u0259nl\u0259r kafedras\u0131n\u0131n ba\u015f m\u00fc\u0259llimi<\/p>\n\n\n\n<p>Tel : (050) 403-69-71<\/p>\n\n\n\n<p>E-mail: shehriyarquliyev12@gmail.com<\/p>\n\n\n\n<p><strong>QISA B\u0130OQRAF\u0130K M\u018fLUMAT<\/strong><\/p>\n\n\n\n<ul class=\"wp-block-list\">\n<li>15.03.1973-c\u00fc ild\u0259 Goranboy&nbsp; rayonun Borsunlu k\u0259ndind\u0259 anadan olmu\u015fdur.<\/li>\n<\/ul>\n\n\n\n<p><strong>T\u018fHS\u0130L&nbsp; V\u018f ELM\u0130&nbsp; D\u018fR\u018fC\u018f V\u018f ELM\u0130 ADLARI<\/strong><\/p>\n\n\n\n<ul class=\"wp-block-list\">\n<li>1990-1995-ci ill\u0259rd\u0259 indiki G\u0259nc\u0259 D\u00f6vl\u0259t Universitetinin Tarix fak\u00fclt\u0259sini bitirmi\u015fdir.<\/li>\n<\/ul>\n\n\n\n<p><strong>\u018fM\u018fK&nbsp; F\u018fAL\u0130YY\u018fT\u0130<\/strong><\/p>\n\n\n\n<ul class=\"wp-block-list\">\n<li>1997-ci ild\u0259 Goranboy rayon Borsunlu k\u0259nd orta m\u0259kt\u0259bind\u0259 m\u00fc\u0259llim.<\/li>\n\n\n\n<li>2012-ci ild\u0259 Az\u0259rbaycan M\u00fc\u0259lliml\u0259r \u0130nstitutunun G\u0259nc\u0259 filial\u0131nda T\u0259bi\u0259t v\u0259 \u0130ctimai f\u0259nl\u0259r kafedras\u0131nda m\u00fc\u0259llim i\u015fl\u0259mi\u015fdir.<\/li>\n\n\n\n<li>2015-ci ild\u0259n hal-haz\u0131rad\u0259k&nbsp; G\u0259nc\u0259 D\u00f6vl\u0259t Universitetinin Sosial f\u0259nl\u0259r kafedras\u0131nda&nbsp; ba\u015f m\u00fc\u0259llim i\u015fl\u0259yir.<\/li>\n\n\n\n<li>Bakalavr&nbsp; pill\u0259sind\u0259 v\u0259 magistratura \u015f\u00f6b\u0259sind\u0259 m\u00fchazir\u0259 v\u0259 seminar m\u0259\u015f\u011f\u0259l\u0259l\u0259ri apar\u0131r.<\/li>\n\n\n\n<li>13 m\u0259qal\u0259nin m\u00fc\u0259llifidir.<\/li>\n<\/ul>\n\n\n\n<p><strong>M\u018fQAL\u018fL\u018fR\u0130<\/strong><\/p>\n\n\n\n<ul class=\"wp-block-list\">\n<li>\u0130nsan\u0131n m\u0259n\u015f\u0259yi \u201cCinsl\u0259rin m\u0259n\u015f\u0259yi\u201dnd\u0259, yaz\u0131ld\u0131\u011f\u0131 kimidirmi?. Az\u0259rbaycan Respublikas\u0131 T\u0259hsil Nazirliyi AM\u0130-nin G\u0259nc\u0259 filial\u0131n\u0131n \u018fs\u0259rl\u0259r toplusu. Buraxl\u0131\u015f 4. 2004<\/li>\n\n\n\n<li>D\u0259d\u0259 Qorqud dastan\u0131n\u0131n tarixi 1300 ildirmi?Az\u0259rbaycan Respublikas\u0131 T\u0259hsil Nazirliyi AM\u0130-nin G\u0259nc\u0259 filial\u0131n\u0131n&nbsp; Elmi m\u0259qal\u0259l\u0259r m\u0259cmu\u0259si. \u2116 2 2006<\/li>\n\n\n\n<li>Tarix d\u0259rsl\u0259rind\u0259 \u0259\u015fya \u0259yaniliyi. Az\u0259rbaycan Respublikas\u0131 T\u0259hsil Nazirliyi AM\u0130-nin G\u0259nc\u0259 filial\u0131n\u0131n professor-m\u00fc\u0259llim hey\u0259tinin Elmi m\u0259qal\u0259l\u0259r m\u0259cmu\u0259si. \u21163 2007<\/li>\n\n\n\n<li>Az\u0259rbaycan ilk orta \u0259sr abid\u0259l\u0259rinin&nbsp; tarixi arxeoloji t\u0259dqiqind\u0259 g\u00f6rk\u0259mli arxeoloq&nbsp; alim&nbsp; R\u0259him M\u0259cid o\u011flu&nbsp; Vahidovun f\u0259aliyy\u0259ti haqq\u0131nda .Az\u0259rbaycan Respublikas\u0131 T\u0259hsil Nazirliyi.G\u0259nc\u0259 D\u00f6vl\u0259t Universiteti Elmi x\u0259b\u0259rl\u0259r. Fundamental, Humanitar v\u0259 T\u0259bi\u0259t elml\u0259ri seriyas\u0131 \u2116 4. 2013<\/li>\n\n\n\n<li>Az\u0259rbaycan Qaraba\u011f b\u00f6lg\u0259sinin Da\u015f v\u0259 tunc d\u00f6vr\u00fc abid\u0259l\u0259rinin t\u0259dqiqi haqq\u0131nda. AMEA Arxeologiya v\u0259 Etnoqrafiya institutu.&nbsp; Beyn\u0259lxalq Elmi Konfrans materiallar\u0131 . 28-30 noyabr Bak\u0131 2016<\/li>\n\n\n\n<li>M\u00fcst\u0259qillik d\u00f6vr\u00fcnd\u0259&nbsp; Qaraba\u011f b\u00f6lg\u0259sinin ilk orta \u0259sr abid\u0259l\u0259rinin \u00f6yr\u0259nilm\u0259si m\u0259s\u0259l\u0259si haqq\u0131nda. G\u0259nc aliml\u0259rin I elmi konfrans\u0131. 17-18 oktyabr&nbsp; Bak\u0131 2016 I hiss\u0259<\/li>\n\n\n\n<li>Az\u0259rbaycan arxeoloji abid\u0259l\u0259rinin \u00f6yr\u0259nilm\u0259si tarixi v\u0259 AXC-nin bu sah\u0259d\u0259 h\u0259yata ke\u00e7irdiyi t\u0259dbirl\u0259r.Az\u0259rbaycan D\u00f6vl\u0259t Aqrar Universiteti. AXC-nin yaranmas\u0131n\u0131n 100 illiyin\u0259 h\u0259sr olunmu\u015f Elmi Konfrans\u0131n materiallar\u0131. 23-24 may 2018-ci il<\/li>\n\n\n\n<li>M\u00fcst\u0259qillik ill\u0259rind\u0259 Nax\u00e7\u0131van b\u00f6lg\u0259sinin orta \u0259sr k\u0259nd tipli ya\u015fay\u0131\u015f yerl\u0259ri. G\u0259nc\u0259 D\u00f6vl\u0259t Universiteti Elmi x\u0259b\u0259rl\u0259r.&nbsp; \u21161&nbsp; G\u0259nc\u0259 2018<\/li>\n\n\n\n<li>M\u00fcst\u0259qillik ill\u0259rind\u0259 Az\u0259rbaycan\u0131n \u015eirvan b\u00f6lg\u0259sinin Orta \u0259sr \u015f\u0259h\u0259r yerl\u0259rinin t\u0259dqiqi.AMEA Arxeologiya v\u0259 Etnoqrafiya institutu. \u21161 Bak\u0131 2018<\/li>\n\n\n\n<li>Az\u0259rbaycan\u0131n Orta \u0259sr q\u0259bir abid\u0259l\u0259ri haqq\u0131nda .Elmi M\u0259cmu\u0259. Moskva 2018<\/li>\n\n\n\n<li>M\u00fcst\u0259qillik ill\u0259rind\u0259 Az\u0259rbaycan\u0131n orta \u0259sr arxeoloji abid\u0259l\u0259rind\u0259 metali\u015fl\u0259m\u0259 v\u0259 \u015f\u00fc\u015f\u0259 m\u0259mulat\u0131 istehsal\u0131n\u0131n t\u0259tbiqi.Az\u0259rbaycan Texniki Universiteti.Bak\u0131 2019.\u2116 2<\/li>\n\n\n\n<li>M\u00fcst\u0259qillik ill\u0259rind\u0259 Az\u0259rbaycan\u0131n orta \u0259sr arxeoloji abid\u0259l\u0259rind\u0259 q\u0259bir abid\u0259l\u0259ri v\u0259 memorial abid\u0259l\u0259rin t\u0259dqiqi. Bak\u0131 D\u00f6vl\u0259t Universiteti.Tarix v\u0259 onun probleml\u0259ri. Bak\u0131 2019<\/li>\n<\/ul>\n\n\n\n<p>M\u00fcst\u0259qillik ill\u0259rind\u0259 Samux,Goranboy b\u00f6lg\u0259l\u0259rinin orta \u0259sr arxeoloji abid\u0259l\u0259rinin t\u0259dqiqi. G\u0259nc\u0259 D\u00f6vl\u0259t Universiteti. Elmi x\u0259b\u0259rl\u0259r 2022, \u2116 2<\/p>\n<\/div><\/div>\n","protected":false},"excerpt":{"rendered":"<p>G\u0259nc\u0259 D\u00f6vl\u0259t Universitetin Sosial f\u0259nl\u0259r kafedras\u0131n\u0131n ba\u015f m\u00fc\u0259llimi Tel : (050) 403-69-71 E-mail: shehriyarquliyev12@gmail.com QISA B\u0130OQRAF\u0130K M\u018fLUMAT T\u018fHS\u0130L&nbsp; V\u018f ELM\u0130&nbsp; D\u018fR\u018fC\u018f V\u018f ELM\u0130 ADLARI \u018fM\u018fK&nbsp; F\u018fAL\u0130YY\u018fT\u0130 M\u018fQAL\u018fL\u018fR\u0130 M\u00fcst\u0259qillik ill\u0259rind\u0259 Samux,Goranboy b\u00f6lg\u0259l\u0259rinin orta \u0259sr arxeoloji abid\u0259l\u0259rinin t\u0259dqiqi. G\u0259nc\u0259 D\u00f6vl\u0259t Universiteti. Elmi x\u0259b\u0259rl\u0259r 2022, \u2116 2<\/p>\n","protected":false},"author":1,"featured_media":2964,"parent":0,"menu_order":0,"comment_status":"closed","ping_status":"closed","template":"","meta":{"footnotes":""},"categories":[37],"tags":[],"class_list":["post-2963","page","type-page","status-publish","has-post-thumbnail","hentry","category-sosial-fnnlr-kadrlar"],"_links":{"self":[{"href":"https:\/\/tcf.gdu.edu.az\/index.php?rest_route=\/wp\/v2\/pages\/2963","targetHints":{"allow":["GET"]}}],"collection":[{"href":"https:\/\/tcf.gdu.edu.az\/index.php?rest_route=\/wp\/v2\/pages"}],"about":[{"href":"https:\/\/tcf.gdu.edu.az\/index.php?rest_route=\/wp\/v2\/types\/page"}],"author":[{"embeddable":true,"href":"https:\/\/tcf.gdu.edu.az\/index.php?rest_route=\/wp\/v2\/users\/1"}],"replies":[{"embeddable":true,"href":"https:\/\/tcf.gdu.edu.az\/index.php?rest_route=%2Fwp%2Fv2%2Fcomments&post=2963"}],"version-history":[{"count":1,"href":"https:\/\/tcf.gdu.edu.az\/index.php?rest_route=\/wp\/v2\/pages\/2963\/revisions"}],"predecessor-version":[{"id":2965,"href":"https:\/\/tcf.gdu.edu.az\/index.php?rest_route=\/wp\/v2\/pages\/2963\/revisions\/2965"}],"wp:featuredmedia":[{"embeddable":true,"href":"https:\/\/tcf.gdu.edu.az\/index.php?rest_route=\/wp\/v2\/media\/2964"}],"wp:attachment":[{"href":"https:\/\/tcf.gdu.edu.az\/index.php?rest_route=%2Fwp%2Fv2%2Fmedia&parent=2963"}],"wp:term":[{"taxonomy":"category","embeddable":true,"href":"https:\/\/tcf.gdu.edu.az\/index.php?rest_route=%2Fwp%2Fv2%2Fcategories&post=2963"},{"taxonomy":"post_tag","embeddable":true,"href":"https:\/\/tcf.gdu.edu.az\/index.php?rest_route=%2Fwp%2Fv2%2Ftags&post=2963"}],"curies":[{"name":"wp","href":"https:\/\/api.w.org\/{rel}","templated":true}]}}