{"id":3003,"date":"2023-04-12T09:52:25","date_gmt":"2023-04-12T07:52:25","guid":{"rendered":"https:\/\/tcf.gdu.edu.az\/?page_id=3003"},"modified":"2023-04-12T09:53:18","modified_gmt":"2023-04-12T07:53:18","slug":"f%c9%99rhadova-qumru-misir-qizi","status":"publish","type":"page","link":"https:\/\/tcf.gdu.edu.az\/?page_id=3003","title":{"rendered":"F\u018fRHADOVA QUMRU M\u0130S\u0130R QIZI"},"content":{"rendered":"\n<figure class=\"wp-block-image size-full\"><a href=\"https:\/\/tcf.gdu.edu.az\/wp-content\/uploads\/2023\/04\/Qumru-Farhadova.jpg\"><img loading=\"lazy\" decoding=\"async\" width=\"260\" height=\"415\" src=\"https:\/\/tcf.gdu.edu.az\/wp-content\/uploads\/2023\/04\/Qumru-Farhadova.jpg\" alt=\"\" class=\"wp-image-3004\" srcset=\"https:\/\/tcf.gdu.edu.az\/wp-content\/uploads\/2023\/04\/Qumru-Farhadova.jpg 260w, https:\/\/tcf.gdu.edu.az\/wp-content\/uploads\/2023\/04\/Qumru-Farhadova-188x300.jpg 188w\" sizes=\"auto, (max-width: 260px) 100vw, 260px\" \/><\/a><\/figure>\n\n\n\n<div class=\"wp-block-group has-black-color has-text-color\" style=\"font-size:14px\"><div class=\"wp-block-group__inner-container is-layout-constrained wp-block-group-is-layout-constrained\">\n<p>G\u0259nc\u0259 D\u00f6vl\u0259t Universitetin Sosial f\u0259nl\u0259r kafedras\u0131n\u0131n m\u00fc\u0259llimi<\/p>\n\n\n\n<p>Tel : (055) 464-89-61<\/p>\n\n\n\n<p>E-mail: <a href=\"mailto:qumru82@mail.ru\">qumru82@mail.ru<\/a><\/p>\n\n\n\n<p><strong>QISA B\u0130OQRAF\u0130K M\u018fLUMAT<\/strong><\/p>\n\n\n\n<p>17.07.1982-ci ild\u0259 G\u0259nc\u0259 \u015f\u0259h\u0259rind\u0259 anadan olmu\u015fdur.<\/p>\n\n\n\n<p><strong>T\u018fHS\u0130L V\u018f ELM\u0130 D\u018fR\u018fC\u018f V\u018f ELM\u0130 ADLARI<\/strong><\/p>\n\n\n\n<ul class=\"wp-block-list\">\n<li>2001-2006-c\u0131 ill\u0259rd\u0259 G\u00fcrc\u00fcstan Respublikas\u0131 \u0130. \u00c7avcavadze ad\u0131n\u0131 d\u00f6vl\u0259t Universitetinin tarix h\u00fcquq fakult\u0259sind\u0259 t\u0259hsil al\u0131b.<\/li>\n\n\n\n<li>2008-ci il tarixd\u0259 G\u0259nc\u0259 D\u00f6vl\u0259t Universitetinin Az\u0259rbaycan tarixi kafedras\u0131na dissertant kimi f\u0259aliyy\u0259t\u0259 ba\u015flay\u0131b.<\/li>\n<\/ul>\n\n\n\n<p><strong>\u018fM\u018fK F\u018fAL\u0130YY\u018fT\u0130<\/strong><\/p>\n\n\n\n<ul class=\"wp-block-list\">\n<li>2000-2001-ci ill\u0259rd\u0259 G\u0259nc\u0259 D\u00f6vl\u0259t Universitetinin Anatomiya, fiziolojiya v\u0259 zoologiya kafedras\u0131nda m\u00fcv\u0259qq\u0259ti ba\u015f preparator v\u0259zif\u0259sind\u0259 \u00e7al\u0131\u015fm\u0131\u015fd\u0131r.<\/li>\n\n\n\n<li>2005- 2019-cu ill\u0259rd\u0259 G\u0259nc\u0259 D\u00f6vl\u0259t Universitetinin T\u0259dris elektron m\u0259rk\u0259zin statistiki v\u0259zif\u0259sind\u0259 \u00e7al\u0131\u015f\u0131r.<\/li>\n\n\n\n<li>2016-ci ild\u0259n G\u0259nc\u0259 D\u00f6vl\u0259t Universitetinin Sosial f\u0259nl\u0259r kafedras\u0131nda m\u00fc\u0259llim i\u015fl\u0259yir.<\/li>\n\n\n\n<li>Bakalavr pill\u0259sind\u0259 sosiologiya, f\u0259ls\u0259f\u0259, foster aill\u0259r v\u0259 de &#8211; institutla\u015fma d\u00f6vl\u0259t siyas\u0259ti, sosial i\u015f t\u0259cr\u00fcb\u0259sind\u0259 etik prinsipl\u0259r, multikulturalizm\u0259 giri\u015f, f\u0259nnl\u0259rinin m\u00fchazir\u0259 v\u0259 seminar m\u0259\u015f\u011f\u0259l\u0259l\u0259ri apar\u0131r.<\/li>\n\n\n\n<li>10- dan yuxar\u0131 elmi m\u0259qal\u0259nin m\u00fc\u0259lifidir.<\/li>\n<\/ul>\n\n\n\n<p><strong>ELM\u0130 M\u018fQAL\u018fL\u018fR\u0130<\/strong><\/p>\n\n\n\n<ul class=\"wp-block-list\">\n<li>\u201cHunlar\u0131n q\u0259dim tarixi m\u0259qal\u0259\u201d\/\/ Bak\u0131 D\u00f6vl\u0259t Universiteti. Tarix v\u0259 onun probleml\u0259ri. Bak\u0131, 2011, s\u0259h. 9-13 5,0 s\u0259h.<\/li>\n\n\n\n<li>\u201cQ\u0259dim Bulqar tayfalar\u0131\u201d\/\/ &nbsp;G\u0259nc\u0259 D\u00f6vl\u0259t Universiteti &nbsp;Elmi X\u0259b\u0259rl\u0259r. G\u0259nc\u0259 2011, \u21163, s\u0259h.128-132 5.0 s\u0259h.<\/li>\n\n\n\n<li>\u201cAvarlar\u0131n Qafqaza ax\u0131n\u0131\u201d\/\/ G\u0259nc\u0259 D\u00f6vl\u0259t Universiteti. Elmi X\u0259b\u0259rl\u0259r, 2012 \u21161, s\u0259h.104-109 6,0 s\u0259h<\/li>\n\n\n\n<li>\u201cSavirl\u0259rin \u0421\u0259nubi Qafqaza y\u00fcr\u00fc\u015f\u00fc\u201d\/\/ Az\u0259rbaycan D\u00f6vl\u0259t Pedaqaoji Universitet X\u0259b\u0259rl\u0259ri. Humanitar elml\u0259r b\u00f6lm\u0259si; Bak\u0131, 2012, \u21162, s\u0259h.161-164.<\/li>\n\n\n\n<li>\u201cUtiqur v\u0259 kutriqurlar\u0131n Qafqaza g\u0259li\u015fi\u201d Bak\u0131 D\u00f6vl\u0259t Universiteti. Tarix v\u0259 onun probleml\u0259ri. Bak\u0131- 2013&nbsp;<\/li>\n\n\n\n<li>\u201cX\u0259z\u0259rl\u0259rin C\u0259nubi Qafqaza (Az\u0259rbaycana) y\u00fcr\u00fc\u015fl\u0259ri\u201d Az\u0259rbaycan D\u00f6vl\u0259t Pedaqaoji Universitet x\u0259b\u0259rl\u0259ri. Humanitar elml\u0259r b\u00f6lm\u0259si; Bak\u0131, 2013<\/li>\n\n\n\n<li>\u201c\u041f\u0435\u0440\u0435\u0441\u0435\u043b\u0435\u043d\u0438\u0435 \u0431\u043e\u043b\u0433\u0430\u0440 \u043d\u0430 \u042e\u0436\u043d\u044b\u0439 \u041a\u0430\u0432\u043a\u0430\u0437\u201d\/\/ \u041d\u0430\u0446\u0438\u043e\u043d\u0430\u043b\u044c\u043d\u044b\u0439 \u041f\u0435\u0434\u0430\u0433\u043e\u0433\u0438\u0447\u0435\u0441\u043a\u0438\u0439 \u0423\u043d\u0438\u0432\u0435\u0440\u0441\u0438\u0442\u0435\u0442, \u0413i\u043b\u0435\u044f, \u041a\u0438\u0435\u0432 2013, \u0432\u044b\u043f\u0443\u0441\u043a 71 (\u21164),\u0441\u0442. 322-325<\/li>\n\n\n\n<li>\u201cQ\u0131p\u00e7aq tayfalar\u0131 v\u0259 Az\u0259rbaycan\u201d \/\/ Qafqaz Universiteti, Az\u0259rbaycan xalq\u0131n\u0131n \u00dcmummilli Lider Heyd\u0259r \u018fliyevin 92 illik yubileyin\u0259 h\u0259sr edilmi\u015f G\u0259nc t\u0259dqiqat\u00e7\u0131lar\u0131n III Beyn\u0259lxalq Elmi Konfrans\u0131. II kitab, Bak\u0131, 17-18 aprel, 2015, s\u0259h.1487-1489<\/li>\n\n\n\n<li>\u201cYuxar\u0131 \u00c7iryurt Q\u0259bristanl\u0131\u011f\u0131\u201d\/\/ G\u0259nc\u0259 D\u00f6vl\u0259t Universiteti, Qafqaz Tarixinin Aktual m\u0259s\u0259l\u0259l\u0259rin\u0259 h\u0259sr olunmu\u015f Beyn\u0259lxalq Konfrans I hiss\u0259, 2015, &nbsp;\u21161<\/li>\n\n\n\n<li>\u201cS\u0259lcuqlar v\u0259 Az\u0259rbaycan\u201d\/\/ G\u0259nc\u0259 D\u00f6vl\u0259t Universiteti. Elmi x\u0259b\u0259rl\u0259r. 2016\/1<\/li>\n\n\n\n<li>&nbsp;\u201cIV-XII \u0259srl\u0259rd\u0259 Az\u0259rbaycana t\u00fcrk ax\u0131nlar\u0131\u201d\/\/ G\u0259nc\u0259 D\u00f6vl\u0259t Universiteti. G\u0259nc Aliml\u0259rin II Beyn\u0259lxalq elmi konfrans\u0131. 26-27 oktyabr 2017<\/li>\n\n\n\n<li>\u201cNarkomaniyaya yox dey\u0259k\u201d\/\/ Bak\u0131 D\u00f6vl\u0259t Universiteti. Tarix v\u0259 onun probleml\u0259ri. Bak\u0131, 2019<\/li>\n\n\n\n<li>\u201cZorak\u0131l\u0131\u011fa m\u0259ruz qalan qad\u0131nlar v\u0259 zora\u011f\u0131n n\u00f6vl\u0259ri, yaranma s\u0259b\u0259bl\u0259ri, f\u0259sadlar\u0131\u201d\/\/ G\u0259nc\u0259 D\u00f6vl\u0259t Universiteti. Elmi x\u0259b\u0259rl\u0259r. 2020<\/li>\n\n\n\n<li>\u201cQaraba\u011f h\u0259sr\u0259tin\u0259 son qoyun Az\u0259rbaycan q\u0259hr\u0259manlar\u0131\u201d\/\/ Bak\u0131 D\u00f6vl\u0259t Universiteti. Tarix v\u0259 onun probleml\u0259ri. Bak\u0131, 2021 &nbsp;6,0s\u0259h.<\/li>\n<\/ul>\n<\/div><\/div>\n","protected":false},"excerpt":{"rendered":"<p>G\u0259nc\u0259 D\u00f6vl\u0259t Universitetin Sosial f\u0259nl\u0259r kafedras\u0131n\u0131n m\u00fc\u0259llimi Tel : (055) 464-89-61 E-mail: qumru82@mail.ru QISA B\u0130OQRAF\u0130K M\u018fLUMAT 17.07.1982-ci ild\u0259 G\u0259nc\u0259 \u015f\u0259h\u0259rind\u0259 anadan olmu\u015fdur. T\u018fHS\u0130L V\u018f ELM\u0130 D\u018fR\u018fC\u018f V\u018f ELM\u0130 ADLARI \u018fM\u018fK F\u018fAL\u0130YY\u018fT\u0130 ELM\u0130 M\u018fQAL\u018fL\u018fR\u0130<\/p>\n","protected":false},"author":1,"featured_media":3004,"parent":0,"menu_order":0,"comment_status":"closed","ping_status":"closed","template":"","meta":{"footnotes":""},"categories":[37],"tags":[],"class_list":["post-3003","page","type-page","status-publish","has-post-thumbnail","hentry","category-sosial-fnnlr-kadrlar"],"_links":{"self":[{"href":"https:\/\/tcf.gdu.edu.az\/index.php?rest_route=\/wp\/v2\/pages\/3003","targetHints":{"allow":["GET"]}}],"collection":[{"href":"https:\/\/tcf.gdu.edu.az\/index.php?rest_route=\/wp\/v2\/pages"}],"about":[{"href":"https:\/\/tcf.gdu.edu.az\/index.php?rest_route=\/wp\/v2\/types\/page"}],"author":[{"embeddable":true,"href":"https:\/\/tcf.gdu.edu.az\/index.php?rest_route=\/wp\/v2\/users\/1"}],"replies":[{"embeddable":true,"href":"https:\/\/tcf.gdu.edu.az\/index.php?rest_route=%2Fwp%2Fv2%2Fcomments&post=3003"}],"version-history":[{"count":1,"href":"https:\/\/tcf.gdu.edu.az\/index.php?rest_route=\/wp\/v2\/pages\/3003\/revisions"}],"predecessor-version":[{"id":3005,"href":"https:\/\/tcf.gdu.edu.az\/index.php?rest_route=\/wp\/v2\/pages\/3003\/revisions\/3005"}],"wp:featuredmedia":[{"embeddable":true,"href":"https:\/\/tcf.gdu.edu.az\/index.php?rest_route=\/wp\/v2\/media\/3004"}],"wp:attachment":[{"href":"https:\/\/tcf.gdu.edu.az\/index.php?rest_route=%2Fwp%2Fv2%2Fmedia&parent=3003"}],"wp:term":[{"taxonomy":"category","embeddable":true,"href":"https:\/\/tcf.gdu.edu.az\/index.php?rest_route=%2Fwp%2Fv2%2Fcategories&post=3003"},{"taxonomy":"post_tag","embeddable":true,"href":"https:\/\/tcf.gdu.edu.az\/index.php?rest_route=%2Fwp%2Fv2%2Ftags&post=3003"}],"curies":[{"name":"wp","href":"https:\/\/api.w.org\/{rel}","templated":true}]}}